{"id":977,"date":"2024-10-29T15:40:54","date_gmt":"2024-10-29T14:40:54","guid":{"rendered":"https:\/\/informatoo.com\/?page_id=977"},"modified":"2025-10-30T10:15:12","modified_gmt":"2025-10-30T09:15:12","slug":"datenschutz","status":"publish","type":"page","link":"https:\/\/informatoo.com\/en\/datenschutz\/","title":{"rendered":"Daten\u00adschutz"},"content":{"rendered":"\n<h2 class=\"wp-block-heading\">Daten\u00adschutz\u00ader\u00adkl\u00e4rung<\/h2>\n\n\n\n<h3 class=\"wp-block-heading\" id=\"m716\">Pr\u00e4ambel<\/h3>\n\n\n\n<p>Mit der folgenden Daten\u00adschutz\u00ader\u00adkl\u00e4rung m\u00f6chten wir Sie dar\u00fcber aufkl\u00e4ren, welche Arten Ihrer perso\u00adnen\u00adbe\u00adzo\u00adgenen Daten (nachfolgend auch kurz als \u201cDaten\u201d bezeichnet) wir zu welchen Zwecken und in welchem Umfang verar\u00adbeiten. Die Daten\u00adschutz\u00ader\u00adkl\u00e4rung gilt f\u00fcr alle von uns durch\u00adge\u00adf\u00fchrten Verar\u00adbei\u00adtungen perso\u00adnen\u00adbe\u00adzo\u00adgener Daten, sowohl im Rahmen der Erbringung unserer Leistungen als auch insbe\u00adsondere auf unseren Webseiten, in mobilen Appli\u00adka\u00adtionen sowie innerhalb externer Online\u00adpr\u00e4\u00adsenzen, wie z.&nbsp;B. unserer Social-Media-Profile (nachfolgend zusam\u00admen\u00adfassend bezeichnet als \u201cOnline\u00adan\u00adgebot\u201d).<\/p>\n\n\n\n<p>Die verwen\u00addeten Begriffe sind nicht geschlechts\u00adspe\u00adzi\u00adfisch.<\/p>\n\n\n\n<p>Stand: 14. Oktober 2025<\/p>\n\n\n\n<h3 class=\"wp-block-heading\">Inhalts\u00ad\u00fcber\u00adsicht<\/h3>\n\n\n\n<ul class=\"wp-block-list\">\n<li><a href=\"#m716\">Pr\u00e4ambel<\/a><\/li>\n\n\n\n<li><a href=\"#m3\">Verant\u00adwort\u00adlicher<\/a><\/li>\n\n\n\n<li><a href=\"#mOverview\">\u00dcbersicht der Verar\u00adbei\u00adtungen<\/a><\/li>\n\n\n\n<li><a href=\"#m2427\">Ma\u00dfgeb\u00adliche Rechts\u00adgrund\u00adlagen<\/a><\/li>\n\n\n\n<li><a href=\"#m27\">Sicher\u00adheits\u00adma\u00df\u00adnahmen<\/a><\/li>\n\n\n\n<li><a href=\"#m25\">\u00dcbermittlung von perso\u00adnen\u00adbe\u00adzo\u00adgenen Daten<\/a><\/li>\n\n\n\n<li><a href=\"#m24\">Inter\u00adna\u00adtionale Daten\u00adtransfers<\/a><\/li>\n\n\n\n<li><a href=\"#m12\">Allge\u00admeine Infor\u00adma\u00adtionen zur Daten\u00adspei\u00adcherung und L\u00f6schung<\/a><\/li>\n\n\n\n<li><a href=\"#m10\">Rechte der betrof\u00adfenen Personen<\/a><\/li>\n\n\n\n<li><a href=\"#m317\">Gesch\u00e4ft\u00adliche Leistungen<\/a><\/li>\n\n\n\n<li><a href=\"#m326\">Zahlungs\u00adver\u00adfahren<\/a><\/li>\n\n\n\n<li><a href=\"#m225\">Bereit\u00adstellung des Online\u00adan\u00adgebots und Webhosting<\/a><\/li>\n\n\n\n<li><a href=\"#m134\">Einsatz von Cookies<\/a><\/li>\n\n\n\n<li><a href=\"#m367\">Regis\u00adtrierung, Anmeldung und Nutzer\u00adkonto<\/a><\/li>\n\n\n\n<li><a href=\"#m104\">Blogs und Publi\u00adka\u00adti\u00adons\u00admedien<\/a><\/li>\n\n\n\n<li><a href=\"#m182\">Kontakt- und Anfra\u00adge\u00adver\u00adwaltung<\/a><\/li>\n\n\n\n<li><a href=\"#m638\">Werbliche Kommu\u00adni\u00adkation via E\u2011Mail, Post, Fax oder Telefon<\/a><\/li>\n\n\n\n<li><a href=\"#m237\">Gewinn\u00adspiele und Wettbe\u00adwerbe<\/a><\/li>\n\n\n\n<li><a href=\"#m408\">Umfragen und Befra\u00adgungen<\/a><\/li>\n\n\n\n<li><a href=\"#m263\">Webanalyse, Monitoring und Optimierung<\/a><\/li>\n\n\n\n<li><a href=\"#m264\">Online\u00admar\u00adketing<\/a><\/li>\n\n\n\n<li><a href=\"#m135\">Affiliate-Programme und Affiliate-Links<\/a><\/li>\n\n\n\n<li><a href=\"#m627\">Angebot eines Affiliate-Programms<\/a><\/li>\n\n\n\n<li><a href=\"#m299\">Kunden\u00adre\u00adzen\u00adsionen und Bewer\u00adtungs\u00adver\u00adfahren<\/a><\/li>\n\n\n\n<li><a href=\"#m136\">Pr\u00e4senzen in sozialen Netzwerken (Social Media)<\/a><\/li>\n\n\n\n<li><a href=\"#m328\">Plug-ins und einge\u00adbettete Funktionen sowie Inhalte<\/a><\/li>\n<\/ul>\n\n\n\n<h3 class=\"wp-block-heading\" id=\"m3\">Verant\u00adwort\u00adlicher<\/h3>\n\n\n\n<p>Werner Noske<br>Itzen\u00adb\u00fcttler Str. 38a<br>21266 Jesteburg<br>Deutschland<\/p>\n\n\n\n<p>E\u2011Mail-Adresse: <a href=\"mailto:solidara@kontaktoo.com\">solidara@kontaktoo.com<\/a><\/p>\n\n\n\n<p>Telefon: +49 1590 615 86 73<\/p>\n\n\n\n<p>Impressum: <a href=\"\/impressum\" target=\"_blank\" rel=\"noreferrer noopener\">Werner Noske<\/a><\/p>\n\n\n\n<h3 class=\"wp-block-heading\" id=\"mOverview\">\u00dcbersicht der Verar\u00adbei\u00adtungen<\/h3>\n\n\n\n<p>Die nachfol\u00adgende \u00dcbersicht fasst die Arten der verar\u00adbei\u00adteten Daten und die Zwecke ihrer Verar\u00adbeitung zusammen und verweist auf die betrof\u00adfenen Personen.<\/p>\n\n\n\n<h4 class=\"wp-block-heading\">Arten der verar\u00adbei\u00adteten Daten<\/h4>\n\n\n\n<ul class=\"wp-block-list\">\n<li>Bestands\u00addaten.<\/li>\n\n\n\n<li>Zahlungs\u00addaten.<\/li>\n\n\n\n<li>Kontakt\u00addaten.<\/li>\n\n\n\n<li>Inhalts\u00addaten.<\/li>\n\n\n\n<li>Vertrags\u00addaten.<\/li>\n\n\n\n<li>Nutzungs\u00addaten.<\/li>\n\n\n\n<li>Meta\u2011, Kommu\u00adni\u00adka\u00adtions- und Verfah\u00adrens\u00addaten.<\/li>\n\n\n\n<li>Event-Daten (Facebook).<\/li>\n\n\n\n<li>Proto\u00adkoll\u00addaten.<\/li>\n<\/ul>\n\n\n\n<h4 class=\"wp-block-heading\">Kategorien betrof\u00adfener Personen<\/h4>\n\n\n\n<ul class=\"wp-block-list\">\n<li>Leistungs\u00ademp\u00adf\u00e4nger und Auftrag\u00adgeber.<\/li>\n\n\n\n<li>Inter\u00ades\u00adsenten.<\/li>\n\n\n\n<li>Kommu\u00adni\u00adka\u00adti\u00adons\u00adpartner.<\/li>\n\n\n\n<li>Nutzer.<\/li>\n\n\n\n<li>Gewinn\u00adspiel- und Wettbe\u00adwerbs\u00adteil\u00adnehmer.<\/li>\n\n\n\n<li>Gesch\u00e4fts- und Vertrags\u00adpartner.<\/li>\n\n\n\n<li>Teilnehmer.<\/li>\n<\/ul>\n\n\n\n<h4 class=\"wp-block-heading\">Zwecke der Verar\u00adbeitung<\/h4>\n\n\n\n<ul class=\"wp-block-list\">\n<li>Erbringung vertrag\u00adlicher Leistungen und Erf\u00fcllung vertrag\u00adlicher Pflichten.<\/li>\n\n\n\n<li>Kommu\u00adni\u00adkation.<\/li>\n\n\n\n<li>Sicher\u00adheits\u00adma\u00df\u00adnahmen.<\/li>\n\n\n\n<li>Direkt\u00admar\u00adketing.<\/li>\n\n\n\n<li>Reich\u00adwei\u00adten\u00admessung.<\/li>\n\n\n\n<li>Tracking.<\/li>\n\n\n\n<li>B\u00fcro- und Organi\u00adsa\u00adti\u00adons\u00adver\u00adfahren.<\/li>\n\n\n\n<li>Konver\u00adsi\u00adons\u00admessung.<\/li>\n\n\n\n<li>Zielgrup\u00adpen\u00adbildung.<\/li>\n\n\n\n<li>Affiliate-Nachver\u00adfolgung.<\/li>\n\n\n\n<li>Organi\u00adsa\u00adtions- und Verwal\u00adtungs\u00adver\u00adfahren.<\/li>\n\n\n\n<li>Durch\u00adf\u00fchrung von Gewinn\u00adspielen und Wettbe\u00adwerben.<\/li>\n\n\n\n<li>Feedback.<\/li>\n\n\n\n<li>Umfragen und Frage\u00adb\u00f6gen.<\/li>\n\n\n\n<li>Marketing.<\/li>\n\n\n\n<li>Profile mit nutzer\u00adbe\u00adzo\u00adgenen Infor\u00adma\u00adtionen.<\/li>\n\n\n\n<li>Bereit\u00adstellung unseres Online\u00adan\u00adge\u00adbotes und Nutzer\u00adfreund\u00adlichkeit.<\/li>\n\n\n\n<li>Infor\u00adma\u00adti\u00adons\u00adtech\u00adnische Infra\u00adstruktur.<\/li>\n\n\n\n<li>\u00d6ffent\u00adlich\u00adkeits\u00adarbeit.<\/li>\n\n\n\n<li>Absatz\u00adf\u00f6r\u00adderung.<\/li>\n\n\n\n<li>Gesch\u00e4fts\u00adpro\u00adzesse und betriebs\u00adwirt\u00adschaft\u00adliche Verfahren.<\/li>\n<\/ul>\n\n\n\n<h3 class=\"wp-block-heading\" id=\"m2427\">Ma\u00dfgeb\u00adliche Rechts\u00adgrund\u00adlagen<\/h3>\n\n\n\n<p><strong>Ma\u00dfgeb\u00adliche Rechts\u00adgrund\u00adlagen nach der DSGVO: <\/strong>Im Folgenden erhalten Sie eine \u00dcbersicht der Rechts\u00adgrund\u00adlagen der DSGVO, auf deren Basis wir perso\u00adnen\u00adbe\u00adzogene Daten verar\u00adbeiten. Bitte nehmen Sie zur Kenntnis, dass neben den Regelungen der DSGVO nationale Daten\u00adschutz\u00advor\u00adgaben in Ihrem bzw. unserem Wohn- oder Sitzland gelten k\u00f6nnen. Sollten ferner im Einzelfall spezi\u00adellere Rechts\u00adgrund\u00adlagen ma\u00dfgeblich sein, teilen wir Ihnen diese in der Daten\u00adschutz\u00ader\u00adkl\u00e4rung mit.<\/p>\n\n\n\n<ul class=\"wp-block-list\">\n<li><strong>Einwil\u00adligung (Art. 6 Abs. 1 S. 1 lit. a) DSGVO)<\/strong> \u2014 Die betroffene Person hat ihre Einwil\u00adligung in die Verar\u00adbeitung der sie betref\u00adfenden perso\u00adnen\u00adbe\u00adzo\u00adgenen Daten f\u00fcr einen spezi\u00adfi\u00adschen Zweck oder mehrere bestimmte Zwecke gegeben.<\/li>\n\n\n\n<li><strong>Vertrags\u00ader\u00adf\u00fcllung und vorver\u00adtrag\u00adliche Anfragen (Art. 6 Abs. 1 S. 1 lit. b) DSGVO)<\/strong> \u2014 Die Verar\u00adbeitung ist f\u00fcr die Erf\u00fcllung eines Vertrags, dessen Vertrags\u00adpartei die betroffene Person ist, oder zur Durch\u00adf\u00fchrung vorver\u00adtrag\u00adlicher Ma\u00dfnahmen erfor\u00adderlich, die auf Anfrage der betrof\u00adfenen Person erfolgen.<\/li>\n\n\n\n<li><strong>Recht\u00adliche Verpflichtung (Art. 6 Abs. 1 S. 1 lit. c) DSGVO)<\/strong> \u2014 Die Verar\u00adbeitung ist zur Erf\u00fcllung einer recht\u00adlichen Verpflichtung erfor\u00adderlich, der der Verant\u00adwort\u00adliche unter\u00adliegt.<\/li>\n\n\n\n<li><strong>Berech\u00adtigte Inter\u00adessen (Art. 6 Abs. 1 S. 1 lit. f) DSGVO)<\/strong> \u2014 die Verar\u00adbeitung ist zur Wahrung der berech\u00adtigten Inter\u00adessen des Verant\u00adwort\u00adlichen oder eines Dritten notwendig, voraus\u00adge\u00adsetzt, dass die Inter\u00adessen, Grund\u00adrechte und Grund\u00adfrei\u00adheiten der betrof\u00adfenen Person, die den Schutz perso\u00adnen\u00adbe\u00adzo\u00adgener Daten verlangen, nicht \u00fcberwiegen.<\/li>\n<\/ul>\n\n\n\n<p><strong>Nationale Daten\u00adschutz\u00adre\u00adge\u00adlungen in Deutschland: <\/strong>Zus\u00e4tzlich zu den Daten\u00adschutz\u00adre\u00adge\u00adlungen der DSGVO gelten nationale Regelungen zum Daten\u00adschutz in Deutschland. Hierzu geh\u00f6rt insbe\u00adsondere das Gesetz zum Schutz vor Missbrauch perso\u00adnen\u00adbe\u00adzo\u00adgener Daten bei der Daten\u00adver\u00adar\u00adbeitung (Bundes\u00adda\u00adten\u00adschutz\u00adgesetz \u2013 BDSG). Das BDSG enth\u00e4lt insbe\u00adsondere Spezi\u00adal\u00adre\u00adge\u00adlungen zum Recht auf Auskunft, zum Recht auf L\u00f6schung, zum Wider\u00adspruchs\u00adrecht, zur Verar\u00adbeitung beson\u00adderer Kategorien perso\u00adnen\u00adbe\u00adzo\u00adgener Daten, zur Verar\u00adbeitung f\u00fcr andere Zwecke und zur \u00dcbermittlung sowie automa\u00adti\u00adsierten Entschei\u00addungs\u00adfindung im Einzelfall einschlie\u00dflich Profiling. Ferner k\u00f6nnen Landes\u00adda\u00adten\u00adschutz\u00adge\u00adsetze der einzelnen Bundes\u00adl\u00e4nder zur Anwendung gelangen.<\/p>\n\n\n\n<h3 class=\"wp-block-heading\" id=\"m27\">Sicher\u00adheits\u00adma\u00df\u00adnahmen<\/h3>\n\n\n\n<p>Wir treffen nach Ma\u00dfgabe der gesetz\u00adlichen Vorgaben unter Ber\u00fcck\u00adsich\u00adtigung des Stands der Technik, der Imple\u00admen\u00adtie\u00adrungs\u00adkosten und der Art, des Umfangs, der Umst\u00e4nde und der Zwecke der Verar\u00adbeitung sowie der unter\u00adschied\u00adlichen Eintritts\u00adwahr\u00adschein\u00adlich\u00adkeiten und des Ausma\u00dfes der Bedrohung der Rechte und Freiheiten nat\u00fcr\u00adlicher Personen geeignete technische und organi\u00adsa\u00adto\u00adrische Ma\u00dfnahmen, um ein dem Risiko angemes\u00adsenes Schutz\u00adniveau zu gew\u00e4hr\u00adleisten.<\/p>\n\n\n\n<p>Zu den Ma\u00dfnahmen geh\u00f6ren insbe\u00adsondere die Sicherung der Vertrau\u00adlichkeit, Integrit\u00e4t und Verf\u00fcg\u00adbarkeit von Daten durch Kontrolle des physi\u00adschen und elektro\u00adni\u00adschen Zugangs zu den Daten als auch des sie betref\u00adfenden Zugriffs, der Eingabe, der Weitergabe, der Sicherung der Verf\u00fcg\u00adbarkeit und ihrer Trennung. Des Weiteren haben wir Verfahren einge\u00adrichtet, die eine Wahrnehmung von Betrof\u00adfe\u00adnen\u00adrechten, die L\u00f6schung von Daten und Reaktionen auf die Gef\u00e4hrdung der Daten gew\u00e4hr\u00adleisten. Ferner ber\u00fcck\u00adsich\u00adtigen wir den Schutz perso\u00adnen\u00adbe\u00adzo\u00adgener Daten bereits bei der Entwicklung bzw. Auswahl von Hardware, Software sowie Verfahren entspre\u00adchend dem Prinzip des Daten\u00adschutzes, durch Technik\u00adge\u00adstaltung und durch daten\u00adschutz\u00adfreund\u00adliche Vorein\u00adstel\u00adlungen.<\/p>\n\n\n\n<h3 class=\"wp-block-heading\" id=\"m25\">\u00dcbermittlung von perso\u00adnen\u00adbe\u00adzo\u00adgenen Daten<\/h3>\n\n\n\n<p>Im Rahmen unserer Verar\u00adbeitung von perso\u00adnen\u00adbe\u00adzo\u00adgenen Daten kommt es vor, dass diese an andere Stellen, Unter\u00adnehmen, rechtlich selbst\u00adst\u00e4ndige Organi\u00adsa\u00adti\u00adons\u00adein\u00adheiten oder Personen \u00fcbermittelt bezie\u00adhungs\u00adweise ihnen gegen\u00fcber offen\u00adgelegt werden. Zu den Empf\u00e4ngern dieser Daten k\u00f6nnen z.&nbsp;B. mit IT-Aufgaben beauf\u00adtragte Dienst\u00adleister geh\u00f6ren oder Anbieter von Diensten und Inhalten, die in eine Website einge\u00adbunden sind. In solchen F\u00e4llen beachten wir die gesetz\u00adlichen Vorgaben und schlie\u00dfen insbe\u00adsondere entspre\u00adchende Vertr\u00e4ge bzw. Verein\u00adba\u00adrungen, die dem Schutz Ihrer Daten dienen, mit den Empf\u00e4ngern Ihrer Daten ab.<\/p>\n\n\n\n<h3 class=\"wp-block-heading\" id=\"m24\">Inter\u00adna\u00adtionale Daten\u00adtransfers<\/h3>\n\n\n\n<p>Daten\u00adver\u00adar\u00adbeitung in Dritt\u00adl\u00e4ndern: Sofern wir Daten in ein Drittland (d. h. au\u00dferhalb der Europ\u00e4i\u00adschen Union (EU) oder des Europ\u00e4i\u00adschen Wirtschafts\u00adraums (EWR)) \u00fcbermitteln oder dies im Rahmen der Nutzung von Diensten Dritter oder der Offen\u00adlegung bzw. \u00dcbermittlung von Daten an andere Personen, Stellen oder Unter\u00adnehmen geschieht (was erkennbar wird anhand der Postadresse des jewei\u00adligen Anbieters oder wenn in der Daten\u00adschutz\u00ader\u00adkl\u00e4rung ausdr\u00fccklich auf den Daten\u00adtransfer in Dritt\u00adl\u00e4nder hinge\u00adwiesen wird), erfolgt dies stets im Einklang mit den gesetz\u00adlichen Vorgaben.<\/p>\n\n\n\n<p>F\u00fcr Daten\u00ad\u00fcber\u00admitt\u00adlungen in die USA st\u00fctzen wir uns vorrangig auf das Data Privacy Framework (DPF), welches durch einen Angemes\u00adsen\u00adheits\u00adbe\u00adschluss der EU-Kommission vom 10.07.2023 als sicherer Rechts\u00adrahmen anerkannt wurde. Zus\u00e4tzlich haben wir mit den jewei\u00adligen Anbietern Standard\u00adver\u00adtrags\u00adklauseln abgeschlossen, die den Vorgaben der EU-Kommission entsprechen und vertrag\u00adliche Verpflich\u00adtungen zum Schutz Ihrer Daten festlegen.<\/p>\n\n\n\n<p>Diese zweifache Absicherung gew\u00e4hr\u00adleistet einen umfas\u00adsenden Schutz Ihrer Daten: Das DPF bildet die prim\u00e4re Schutz\u00adebene, w\u00e4hrend die Standard\u00adver\u00adtrags\u00adklauseln als zus\u00e4tz\u00adliche Sicherheit dienen. Sollten sich \u00c4nderungen im Rahmen des DPF ergeben, greifen die Standard\u00adver\u00adtrags\u00adklauseln als zuver\u00adl\u00e4ssige R\u00fcckfall\u00adoption ein. So stellen wir sicher, dass Ihre Daten auch bei etwaigen politi\u00adschen oder recht\u00adlichen Ver\u00e4n\u00adde\u00adrungen stets angemessen gesch\u00fctzt bleiben.<\/p>\n\n\n\n<p>Bei den einzelnen Diens\u00adte\u00adan\u00adbietern infor\u00admieren wir Sie dar\u00fcber, ob sie nach dem DPF zerti\u00adfi\u00adziert sind und ob Standard\u00adver\u00adtrags\u00adklauseln vorliegen. Weitere Infor\u00adma\u00adtionen zum DPF und eine Liste der zerti\u00adfi\u00adzierten Unter\u00adnehmen finden Sie auf der Website des US-Handels\u00admi\u00adnis\u00adte\u00adriums unter <a href=\"https:\/\/www.dataprivacyframework.gov\/\" target=\"_blank\" rel=\"noreferrer noopener\">https:\/\/www.dataprivacyframework.gov\/<\/a> (in engli\u00adscher Sprache).<\/p>\n\n\n\n<p>F\u00fcr Daten\u00ad\u00fcber\u00admitt\u00adlungen in andere Dritt\u00adl\u00e4nder gelten entspre\u00adchende Sicher\u00adheits\u00adma\u00df\u00adnahmen, insbe\u00adsondere Standard\u00adver\u00adtrags\u00adklauseln, ausdr\u00fcck\u00adliche Einwil\u00adli\u00adgungen oder gesetzlich erfor\u00adder\u00adliche \u00dcbermitt\u00adlungen. Infor\u00adma\u00adtionen zu Dritt\u00adland\u00adtransfers und geltenden Angemes\u00adsen\u00adheits\u00adbe\u00adschl\u00fcssen k\u00f6nnen Sie dem Infor\u00adma\u00adti\u00adons\u00adan\u00adgebot der EU-Kommission entnehmen: <a href=\"https:\/\/commission.europa.eu\/law\/law-topic\/data-protection\/international-dimension-data-protection_en?prefLang=de\" target=\"_blank\" rel=\"noreferrer noopener\">https:\/\/commission.europa.eu\/law\/law-topic\/data-protection\/international-dimension-data-protection_en?prefLang=de.<\/a><\/p>\n\n\n\n<h3 class=\"wp-block-heading\" id=\"m12\">Allge\u00admeine Infor\u00adma\u00adtionen zur Daten\u00adspei\u00adcherung und L\u00f6schung<\/h3>\n\n\n\n<p>Wir l\u00f6schen perso\u00adnen\u00adbe\u00adzogene Daten, die wir verar\u00adbeiten, gem\u00e4\u00df den gesetz\u00adlichen Bestim\u00admungen, sobald die zugrun\u00adde\u00adlie\u00adgenden Einwil\u00adli\u00adgungen wider\u00adrufen werden oder keine weiteren recht\u00adlichen Grund\u00adlagen f\u00fcr die Verar\u00adbeitung bestehen. Dies betrifft F\u00e4lle, in denen der urspr\u00fcng\u00adliche Verar\u00adbei\u00adtungs\u00adzweck entf\u00e4llt oder die Daten nicht mehr ben\u00f6tigt werden. Ausnahmen von dieser Regelung bestehen, wenn gesetz\u00adliche Pflichten oder besondere Inter\u00adessen eine l\u00e4ngere Aufbe\u00adwahrung oder Archi\u00advierung der Daten erfordern.<\/p>\n\n\n\n<p>Insbe\u00adsondere m\u00fcssen Daten, die aus handels- oder steuer\u00adrecht\u00adlichen Gr\u00fcnden aufbe\u00adwahrt werden m\u00fcssen oder deren Speicherung notwendig ist zur Rechts\u00adver\u00adfolgung oder zum Schutz der Rechte anderer nat\u00fcr\u00adlicher oder juris\u00adti\u00adscher Personen, entspre\u00adchend archi\u00adviert werden.<\/p>\n\n\n\n<p>Unsere Daten\u00adschutz\u00adhin\u00adweise enthalten zus\u00e4tz\u00adliche Infor\u00adma\u00adtionen zur Aufbe\u00adwahrung und L\u00f6schung von Daten, die speziell f\u00fcr bestimmte Verar\u00adbei\u00adtungs\u00adpro\u00adzesse gelten.<\/p>\n\n\n\n<p>Bei mehreren Angaben zur Aufbe\u00adwah\u00adrungs\u00addauer oder L\u00f6schungs\u00adfristen eines Datums, ist stets die l\u00e4ngste Frist ma\u00dfgeblich. Daten, die nicht mehr f\u00fcr den urspr\u00fcnglich vorge\u00adse\u00adhenen Zweck, sondern aufgrund gesetz\u00adlicher Vorgaben oder anderer Gr\u00fcnde aufbe\u00adwahrt werden, verar\u00adbeiten wir ausschlie\u00dflich zu den Gr\u00fcnden, die ihre Aufbe\u00adwahrung recht\u00adfer\u00adtigen.<\/p>\n\n\n\n<p>Aufbe\u00adwahrung und L\u00f6schung von Daten: Die folgenden allge\u00admeinen Fristen gelten f\u00fcr die Aufbe\u00adwahrung und Archi\u00advierung nach deutschem Recht:<\/p>\n\n\n\n<ul class=\"wp-block-list\">\n<li>10 Jahre \u2014 Aufbe\u00adwah\u00adrungs\u00adfrist f\u00fcr B\u00fccher und Aufzeich\u00adnungen, Jahres\u00adab\u00adschl\u00fcsse, Inventare, Lagebe\u00adrichte, Er\u00f6ff\u00adnungs\u00adbilanz sowie die zu ihrem Verst\u00e4ndnis erfor\u00adder\u00adlichen Arbeits\u00adan\u00adwei\u00adsungen und sonstigen Organi\u00adsa\u00adti\u00adons\u00adun\u00adter\u00adlagen (\u00a7 147 Abs. 1 Nr. 1 i.V.m. Abs. 3 AO, \u00a7 14b Abs. 1 UStG, \u00a7 257 Abs. 1 Nr. 1 i.V.m. Abs. 4 HGB).<\/li>\n\n\n\n<li>8 Jahre \u2014 Buchungs\u00adbelege, wie z.&nbsp;B. Rechnungen und Kosten\u00adbelege (\u00a7 147 Abs. 1 Nr. 4 und 4a i.V.m. Abs. 3 Satz 1 AO sowie \u00a7 257 Abs. 1 Nr. 4 i.V.m. Abs. 4 HGB).<\/li>\n\n\n\n<li>6 Jahre \u2014 \u00dcbrige Gesch\u00e4fts\u00adun\u00adter\u00adlagen: empfangene Handels- oder Gesch\u00e4fts\u00adbriefe, Wieder\u00adgaben der abgesandten Handels- oder Gesch\u00e4fts\u00adbriefe, sonstige Unter\u00adlagen, soweit sie f\u00fcr die Besteuerung von Bedeutung sind, z.&nbsp;B. Stunden\u00adlohn\u00adzettel, Betriebs\u00adab\u00adrech\u00adnungs\u00adb\u00f6gen, Kalku\u00adla\u00adti\u00adons\u00adun\u00adter\u00adlagen, Preis\u00adaus\u00adzeich\u00adnungen, aber auch Lohnab\u00adrech\u00adnungs\u00adun\u00adter\u00adlagen, soweit sie nicht bereits Buchungs\u00adbelege sind und Kassen\u00adstreifen (\u00a7 147 Abs. 1 Nr. 2, 3, 5 i.V.m. Abs. 3 AO, \u00a7 257 Abs. 1 Nr. 2 u. 3 i.V.m. Abs. 4 HGB).<\/li>\n\n\n\n<li>3 Jahre \u2014 Daten, die erfor\u00adderlich sind, um poten\u00adzielle Gew\u00e4hr\u00adleis\u00adtungs- und Schadens\u00ader\u00adsatz\u00adan\u00adspr\u00fcche oder \u00e4hnliche vertrag\u00adliche Anspr\u00fcche und Rechte zu ber\u00fcck\u00adsich\u00adtigen sowie damit verbundene Anfragen zu bearbeiten, basierend auf fr\u00fcheren Gesch\u00e4fts\u00ader\u00adfah\u00adrungen und \u00fcblichen Branchen\u00adprak\u00adtiken, werden f\u00fcr die Dauer der regul\u00e4ren gesetz\u00adlichen Verj\u00e4h\u00adrungs\u00adfrist von drei Jahren gespei\u00adchert (\u00a7\u00a7 195, 199 BGB).<\/li>\n<\/ul>\n\n\n\n<h3 class=\"wp-block-heading\" id=\"m10\">Rechte der betrof\u00adfenen Personen<\/h3>\n\n\n\n<p>Rechte der betrof\u00adfenen Personen aus der DSGVO: Ihnen stehen als Betroffene nach der DSGVO verschiedene Rechte zu, die sich insbe\u00adsondere aus Art. 15 bis 21 DSGVO ergeben:<\/p>\n\n\n\n<ul class=\"wp-block-list\">\n<li><strong>Wider\u00adspruchs\u00adrecht: Sie haben das Recht, aus Gr\u00fcnden, die sich aus Ihrer beson\u00adderen Situation ergeben, jederzeit gegen die Verar\u00adbeitung der Sie betref\u00adfenden perso\u00adnen\u00adbe\u00adzo\u00adgenen Daten, die aufgrund von Art. 6 Abs. 1 lit. e oder f DSGVO erfolgt, Wider\u00adspruch einzu\u00adlegen; dies gilt auch f\u00fcr ein auf diese Bestim\u00admungen gest\u00fctztes Profiling. Werden die Sie betref\u00adfenden perso\u00adnen\u00adbe\u00adzo\u00adgenen Daten verar\u00adbeitet, um Direkt\u00adwerbung zu betreiben, haben Sie das Recht, jederzeit Wider\u00adspruch gegen die Verar\u00adbeitung der Sie betref\u00adfenden perso\u00adnen\u00adbe\u00adzo\u00adgenen Daten zum Zwecke derar\u00adtiger Werbung einzu\u00adlegen; dies gilt auch f\u00fcr das Profiling, soweit es mit solcher Direkt\u00adwerbung in Verbindung steht.<\/strong><\/li>\n\n\n\n<li><strong>Wider\u00adrufs\u00adrecht bei Einwil\u00adli\u00adgungen:<\/strong> Sie haben das Recht, erteilte Einwil\u00adli\u00adgungen jederzeit zu wider\u00adrufen.<\/li>\n\n\n\n<li><strong>Auskunfts\u00adrecht:<\/strong> Sie haben das Recht, eine Best\u00e4\u00adtigung dar\u00fcber zu verlangen, ob betref\u00adfende Daten verar\u00adbeitet werden und auf Auskunft \u00fcber diese Daten sowie auf weitere Infor\u00adma\u00adtionen und Kopie der Daten entspre\u00adchend den gesetz\u00adlichen Vorgaben.<\/li>\n\n\n\n<li><strong>Recht auf Berich\u00adtigung:<\/strong> Sie haben entspre\u00adchend den gesetz\u00adlichen Vorgaben das Recht, die Vervoll\u00adst\u00e4n\u00addigung der Sie betref\u00adfenden Daten oder die Berich\u00adtigung der Sie betref\u00adfenden unrich\u00adtigen Daten zu verlangen.<\/li>\n\n\n\n<li><strong>Recht auf L\u00f6schung und Einschr\u00e4nkung der Verar\u00adbeitung:<\/strong> Sie haben nach Ma\u00dfgabe der gesetz\u00adlichen Vorgaben das Recht, zu verlangen, dass Sie betref\u00adfende Daten unver\u00adz\u00fcglich gel\u00f6scht werden, bzw. alter\u00adnativ nach Ma\u00dfgabe der gesetz\u00adlichen Vorgaben eine Einschr\u00e4nkung der Verar\u00adbeitung der Daten zu verlangen.<\/li>\n\n\n\n<li><strong>Recht auf Daten\u00ad\u00fcber\u00adtrag\u00adbarkeit:<\/strong> Sie haben das Recht, Sie betref\u00adfende Daten, die Sie uns bereit\u00adge\u00adstellt haben, nach Ma\u00dfgabe der gesetz\u00adlichen Vorgaben in einem struk\u00adtu\u00adrierten, g\u00e4ngigen und maschi\u00adnen\u00adles\u00adbaren Format zu erhalten oder deren \u00dcbermittlung an einen anderen Verant\u00adwort\u00adlichen zu fordern.<\/li>\n\n\n\n<li><strong>Beschwerde bei Aufsichts\u00adbe\u00adh\u00f6rde:<\/strong> Sie haben unbeschadet eines ander\u00adwei\u00adtigen verwal\u00adtungs\u00adrecht\u00adlichen oder gericht\u00adlichen Rechts\u00adbe\u00adhelfs das Recht auf Beschwerde bei einer Aufsichts\u00adbe\u00adh\u00f6rde, insbe\u00adsondere in dem Mitglied\u00adstaat ihres gew\u00f6hn\u00adlichen Aufent\u00adhaltsorts, ihres Arbeits\u00adplatzes oder des Orts des mutma\u00df\u00adlichen Versto\u00dfes, wenn Sie der Ansicht sind, dass die Verar\u00adbeitung der Sie betref\u00adfenden perso\u00adnen\u00adbe\u00adzo\u00adgenen Daten gegen die Vorgaben der DSGVO verst\u00f6\u00dft.<\/li>\n<\/ul>\n\n\n\n<h3 class=\"wp-block-heading\" id=\"m317\">Gesch\u00e4ft\u00adliche Leistungen<\/h3>\n\n\n\n<p>Wir verar\u00adbeiten Daten unserer Vertrags- und Gesch\u00e4fts\u00adpartner, z.&nbsp;B. Kunden und Inter\u00ades\u00adsenten (zusam\u00admen\u00adfassend als \u201eVertrags\u00adpartner\u201d bezeichnet), im Rahmen von vertrag\u00adlichen und vergleich\u00adbaren Rechts\u00adver\u00adh\u00e4lt\u00adnissen sowie damit verbun\u00addenen Ma\u00dfnahmen und im Hinblick auf die Kommu\u00adni\u00adkation mit den Vertrags\u00adpartnern (oder vorver\u00adtraglich), etwa zur Beant\u00adwortung von Anfragen.<\/p>\n\n\n\n<p>Wir verwenden diese Daten, um unsere vertrag\u00adlichen Verpflich\u00adtungen zu erf\u00fcllen. Dazu geh\u00f6ren insbe\u00adsondere die Pflichten zur Erbringung der verein\u00adbarten Leistungen, etwaige Aktua\u00adli\u00adsie\u00adrungs\u00adpflichten und Abhilfe bei Gew\u00e4hr\u00adleis\u00adtungs- und sonstigen Leistungs\u00adst\u00f6\u00adrungen. Dar\u00fcber hinaus verwenden wir die Daten zur Wahrung unserer Rechte und zum Zwecke der mit diesen Pflichten verbun\u00addenen Verwal\u00adtungs\u00adauf\u00adgaben sowie der Unter\u00adneh\u00admens\u00ador\u00adga\u00adni\u00adsation. Zudem verar\u00adbeiten wir die Daten auf Grundlage unserer berech\u00adtigten Inter\u00adessen sowohl an einer ordnungs\u00adge\u00adm\u00e4\u00dfen und betriebs\u00adwirt\u00adschaft\u00adlichen Gesch\u00e4fts\u00adf\u00fchrung als auch an Sicher\u00adheits\u00adma\u00df\u00adnahmen zum Schutz unserer Vertrags\u00adpartner und unseres Gesch\u00e4fts\u00adbe\u00adtriebs vor Missbrauch, Gef\u00e4hrdung ihrer Daten, Geheim\u00adnisse, Infor\u00adma\u00adtionen und Rechte (z.&nbsp;B. zur Betei\u00adligung von Telekommunikations\u2011, Transport- und sonstigen Hilfs\u00addiensten sowie Subun\u00adter\u00adnehmern, Banken, Steuer- und Rechts\u00adbe\u00adratern, Zahlungs\u00addienst\u00adleistern oder Finanz\u00adbe\u00adh\u00f6rden). Im Rahmen des geltenden Rechts geben wir die Daten von Vertrags\u00adpartnern nur insoweit an Dritte weiter, als dies f\u00fcr die vorge\u00adnannten Zwecke oder zur Erf\u00fcllung gesetz\u00adlicher Pflichten erfor\u00adderlich ist. \u00dcber weitere Formen der Verar\u00adbeitung, etwa zu Marke\u00adting\u00adzwecken, werden die Vertrags\u00adpartner im Rahmen dieser Daten\u00adschutz\u00ader\u00adkl\u00e4rung infor\u00admiert.<\/p>\n\n\n\n<p>Welche Daten f\u00fcr die vorge\u00adnannten Zwecke erfor\u00adderlich sind, teilen wir den Vertrags\u00adpartnern vor oder im Rahmen der Daten\u00ader\u00adhebung, z.&nbsp;B. in Online\u00adfor\u00admu\u00adlaren, durch besondere Kennzeichnung (z.&nbsp;B. Farben) bzw. Symbole (z.&nbsp;B. Sternchen o. \u00c4.), oder pers\u00f6nlich mit.<\/p>\n\n\n\n<p>Wir l\u00f6schen die Daten nach Ablauf gesetz\u00adlicher Gew\u00e4hr\u00adleis\u00adtungs- und vergleich\u00adbarer Pflichten, d. h. grund\u00ads\u00e4tzlich nach vier Jahren, es sei denn, dass die Daten in einem Kunden\u00adkonto gespei\u00adchert werden, z.&nbsp;B., solange sie aus gesetz\u00adlichen Gr\u00fcnden der Archi\u00advierung aufbe\u00adwahrt werden m\u00fcssen (etwa f\u00fcr Steuer\u00adzwecke im Regelfall zehn Jahre). Daten, die uns im Rahmen eines Auftrags durch den Vertrags\u00adpartner offen\u00adgelegt wurden, l\u00f6schen wir entspre\u00adchend den Vorgaben und grund\u00ads\u00e4tzlich nach Ende des Auftrags.<\/p>\n\n\n\n<ul class=\"wp-block-list\">\n<li><strong>Verar\u00adbeitete Daten\u00adarten:<\/strong> Bestands\u00addaten (z.&nbsp;B. der vollst\u00e4ndige Name, Wohnadresse, Kontakt\u00adin\u00adfor\u00adma\u00adtionen, Kunden\u00adnummer, etc.); Zahlungs\u00addaten (z.&nbsp;B. Bankver\u00adbin\u00addungen, Rechnungen, Zahlungs\u00adhis\u00adtorie); Kontakt\u00addaten (z.&nbsp;B. Post- und E\u2011Mail-Adressen oder Telefon\u00adnummern). Vertrags\u00addaten (z.&nbsp;B. Vertrags\u00adge\u00adgen\u00adstand, Laufzeit, Kunden\u00adka\u00adte\u00adgorie).<\/li>\n\n\n\n<li><strong>Betroffene Personen:<\/strong> Leistungs\u00ademp\u00adf\u00e4nger und Auftrag\u00adgeber; Inter\u00ades\u00adsenten. Gesch\u00e4fts- und Vertrags\u00adpartner.<\/li>\n\n\n\n<li><strong>Zwecke der Verar\u00adbeitung:<\/strong> Erbringung vertrag\u00adlicher Leistungen und Erf\u00fcllung vertrag\u00adlicher Pflichten; Kommu\u00adni\u00adkation; B\u00fcro- und Organi\u00adsa\u00adti\u00adons\u00adver\u00adfahren; Organi\u00adsa\u00adtions- und Verwal\u00adtungs\u00adver\u00adfahren. Gesch\u00e4fts\u00adpro\u00adzesse und betriebs\u00adwirt\u00adschaft\u00adliche Verfahren.<\/li>\n\n\n\n<li><strong>Aufbe\u00adwahrung und L\u00f6schung:<\/strong> L\u00f6schung entspre\u00adchend Angaben im Abschnitt \u201cAllge\u00admeine Infor\u00adma\u00adtionen zur Daten\u00adspei\u00adcherung und L\u00f6schung\u201d.<\/li>\n\n\n\n<li><strong>Rechts\u00adgrund\u00adlagen:<\/strong> Vertrags\u00ader\u00adf\u00fcllung und vorver\u00adtrag\u00adliche Anfragen (Art. 6 Abs. 1 S. 1 lit. b) DSGVO); Recht\u00adliche Verpflichtung (Art. 6 Abs. 1 S. 1 lit. c) DSGVO). Berech\u00adtigte Inter\u00adessen (Art. 6 Abs. 1 S. 1 lit. f) DSGVO).<\/li>\n<\/ul>\n\n\n\n<h3 class=\"wp-block-heading\" id=\"m326\">Zahlungs\u00adver\u00adfahren<\/h3>\n\n\n\n<p>Im Rahmen von Vertrags- und sonstigen Rechts\u00adbe\u00adzie\u00adhungen, aufgrund gesetz\u00adlicher Pflichten oder sonst auf Grundlage unserer berech\u00adtigten Inter\u00adessen bieten wir den betrof\u00adfenen Personen effiziente und sichere Zahlungs\u00adm\u00f6g\u00adlich\u00adkeiten an und setzen hierzu neben Banken und Kredit\u00adin\u00adsti\u00adtuten weitere Dienst\u00adleister ein (zusam\u00admen\u00adfassend \u201cZahlungs\u00addienst\u00adleister\u201d).<\/p>\n\n\n\n<p>Zu den durch die Zahlungs\u00addienst\u00adleister verar\u00adbei\u00adteten Daten geh\u00f6ren Bestands\u00addaten, wie z.&nbsp;B. der Name und die Adresse, Bankdaten, wie z.&nbsp;B. Konto\u00adnummern oder Kredit\u00adkar\u00adten\u00adnummern, Passw\u00f6rter, TANs und Pr\u00fcfsummen sowie die Vertrags\u2011, Summen- und empf\u00e4n\u00adger\u00adbe\u00adzo\u00adgenen Angaben. Die Angaben sind erfor\u00adderlich, um die Trans\u00adak\u00adtionen durch\u00adzu\u00adf\u00fchren. Die einge\u00adge\u00adbenen Daten werden jedoch nur durch die Zahlungs\u00addienst\u00adleister verar\u00adbeitet und bei diesen gespei\u00adchert. D.&nbsp;h., wir erhalten keine konto- oder kredit\u00adkar\u00adten\u00adbe\u00adzo\u00adgenen Infor\u00adma\u00adtionen, sondern lediglich Infor\u00adma\u00adtionen mit Best\u00e4\u00adtigung oder Negativ\u00adbe\u00adaus\u00adkunftung der Zahlung. Unter Umst\u00e4nden werden die Daten seitens der Zahlungs\u00addienst\u00adleister an Wirtschafts\u00adaus\u00adkunfteien \u00fcbermittelt. Diese \u00dcbermittlung bezweckt die Identit\u00e4ts- und Bonit\u00e4ts\u00adpr\u00fcfung. Hierzu verweisen wir auf die AGB und die Daten\u00adschutz\u00adhin\u00adweise der Zahlungs\u00addienst\u00adleister.<\/p>\n\n\n\n<p>F\u00fcr die Zahlungs\u00adge\u00adsch\u00e4fte gelten die Gesch\u00e4fts\u00adbe\u00addin\u00adgungen und die Daten\u00adschutz\u00adhin\u00adweise der jewei\u00adligen Zahlungs\u00addienst\u00adleister, welche innerhalb der jewei\u00adligen Webseiten bzw. Trans\u00adak\u00adti\u00adons\u00adap\u00adpli\u00adka\u00adtionen abrufbar sind. Wir verweisen auf diese ebenfalls zwecks weiterer Infor\u00adma\u00adtionen und Geltend\u00adma\u00adchung von Widerrufs\u2011, Auskunfts- und anderen Betrof\u00adfe\u00adnen\u00adrechten.<\/p>\n\n\n\n<ul class=\"wp-block-list\">\n<li><strong>Verar\u00adbeitete Daten\u00adarten:<\/strong> Bestands\u00addaten (z.&nbsp;B. der vollst\u00e4ndige Name, Wohnadresse, Kontakt\u00adin\u00adfor\u00adma\u00adtionen, Kunden\u00adnummer, etc.); Zahlungs\u00addaten (z.&nbsp;B. Bankver\u00adbin\u00addungen, Rechnungen, Zahlungs\u00adhis\u00adtorie); Vertrags\u00addaten (z.&nbsp;B. Vertrags\u00adge\u00adgen\u00adstand, Laufzeit, Kunden\u00adka\u00adte\u00adgorie); Nutzungs\u00addaten (z. B. Seiten\u00adaufrufe und Verweil\u00addauer, Klick\u00adpfade, Nutzungs\u00adin\u00adten\u00adsit\u00e4t und \u2011frequenz, verwendete Ger\u00e4te\u00adtypen und Betriebs\u00adsysteme, Inter\u00adak\u00adtionen mit Inhalten und Funktionen). Meta\u2011, Kommu\u00adni\u00adka\u00adtions- und Verfah\u00adrens\u00addaten (z. B. IP-Adressen, Zeitan\u00adgaben, Identi\u00adfi\u00adka\u00adti\u00adons\u00adnummern, betei\u00adligte Personen).<\/li>\n\n\n\n<li><strong>Betroffene Personen:<\/strong> Leistungs\u00ademp\u00adf\u00e4nger und Auftrag\u00adgeber; Gesch\u00e4fts- und Vertrags\u00adpartner. Inter\u00ades\u00adsenten.<\/li>\n\n\n\n<li><strong>Zwecke der Verar\u00adbeitung:<\/strong> Erbringung vertrag\u00adlicher Leistungen und Erf\u00fcllung vertrag\u00adlicher Pflichten. Gesch\u00e4fts\u00adpro\u00adzesse und betriebs\u00adwirt\u00adschaft\u00adliche Verfahren.<\/li>\n\n\n\n<li><strong>Aufbe\u00adwahrung und L\u00f6schung:<\/strong> L\u00f6schung entspre\u00adchend Angaben im Abschnitt \u201cAllge\u00admeine Infor\u00adma\u00adtionen zur Daten\u00adspei\u00adcherung und L\u00f6schung\u201d.<\/li>\n\n\n\n<li><strong>Rechts\u00adgrund\u00adlagen:<\/strong> Vertrags\u00ader\u00adf\u00fcllung und vorver\u00adtrag\u00adliche Anfragen (Art. 6 Abs. 1 S. 1 lit. b) DSGVO). Berech\u00adtigte Inter\u00adessen (Art. 6 Abs. 1 S. 1 lit. f) DSGVO).<\/li>\n<\/ul>\n\n\n\n<p><strong>Weitere Hinweise zu Verar\u00adbei\u00adtungs\u00adpro\u00adzessen, Verfahren und Diensten:<\/strong><\/p>\n\n\n\n<ul class=\"wp-block-list\">\n<li><strong>PayPal: <\/strong>Zahlungs\u00addienst\u00adleis\u00adtungen (technische Anbindung von Online-Bezahl\u00adme\u00adthoden) (z.&nbsp;B. PayPal, PayPal Plus, Braintree); <strong>Dienst\u00adan\u00adbieter:<\/strong> PayPal (Europe) S.\u00e0 r.l. et Cie, S.C.A., 22\u201324 Boulevard Royal, L\u20112449 Luxemburg; <strong>Rechts\u00adgrund\u00adlagen:<\/strong> Vertrags\u00ader\u00adf\u00fcllung und vorver\u00adtrag\u00adliche Anfragen (Art. 6 Abs. 1 S. 1 lit. b) DSGVO); <strong>Website:<\/strong> <a href=\"https:\/\/www.paypal.com\/de\" target=\"_blank\" rel=\"noreferrer noopener\">https:\/\/www.paypal.com\/de<\/a>. <strong>Daten\u00adschutz\u00ader\u00adkl\u00e4rung:<\/strong> <a href=\"https:\/\/www.paypal.com\/de\/legalhub\/paypal\/privacy-full\" target=\"_blank\" rel=\"noreferrer noopener\">https:\/\/www.paypal.com\/de\/legalhub\/paypal\/privacy-full<\/a>.<\/li>\n\n\n\n<li><strong>Stripe: <\/strong>Zahlungs\u00addienst\u00adleis\u00adtungen (technische Anbindung von Online-Bezahl\u00adme\u00adthoden); <strong>Dienst\u00adan\u00adbieter:<\/strong> Stripe, Inc., 510 Townsend Street, San Francisco, CA 94103, USA; <strong>Rechts\u00adgrund\u00adlagen:<\/strong> Vertrags\u00ader\u00adf\u00fcllung und vorver\u00adtrag\u00adliche Anfragen (Art. 6 Abs. 1 S. 1 lit. b) DSGVO); <strong>Website:<\/strong> <a href=\"https:\/\/stripe.com\" target=\"_blank\" rel=\"noreferrer noopener\">https:\/\/stripe.com<\/a>; <strong>Daten\u00adschutz\u00ader\u00adkl\u00e4rung:<\/strong> <a href=\"https:\/\/stripe.com\/de\/privacy\" target=\"_blank\" rel=\"noreferrer noopener\">https:\/\/stripe.com\/de\/privacy<\/a>. <strong>Grundlage Dritt\u00adland\u00adtransfers:<\/strong> Data Privacy Framework (DPF).<\/li>\n<\/ul>\n\n\n\n<h3 class=\"wp-block-heading\" id=\"m225\">Bereit\u00adstellung des Online\u00adan\u00adgebots und Webhosting<\/h3>\n\n\n\n<p>Wir verar\u00adbeiten die Daten der Nutzer, um ihnen unsere Online-Dienste zur Verf\u00fcgung stellen zu k\u00f6nnen. Zu diesem Zweck verar\u00adbeiten wir die IP-Adresse des Nutzers, die notwendig ist, um die Inhalte und Funktionen unserer Online-Dienste an den Browser oder das Endger\u00e4t der Nutzer zu \u00fcbermitteln.<\/p>\n\n\n\n<ul class=\"wp-block-list\">\n<li><strong>Verar\u00adbeitete Daten\u00adarten:<\/strong> Nutzungs\u00addaten (z. B. Seiten\u00adaufrufe und Verweil\u00addauer, Klick\u00adpfade, Nutzungs\u00adin\u00adten\u00adsit\u00e4t und \u2011frequenz, verwendete Ger\u00e4te\u00adtypen und Betriebs\u00adsysteme, Inter\u00adak\u00adtionen mit Inhalten und Funktionen); Meta\u2011, Kommu\u00adni\u00adka\u00adtions- und Verfah\u00adrens\u00addaten (z. B. IP-Adressen, Zeitan\u00adgaben, Identi\u00adfi\u00adka\u00adti\u00adons\u00adnummern, betei\u00adligte Personen); Proto\u00adkoll\u00addaten (z.&nbsp;B. Logfiles betreffend Logins oder den Abruf von Daten oder Zugriffs\u00adzeiten.). Inhalts\u00addaten (z. B. textliche oder bildliche Nachrichten und Beitr\u00e4ge sowie die sie betref\u00adfenden Infor\u00adma\u00adtionen, wie z. B. Angaben zur Autoren\u00adschaft oder Zeitpunkt der Erstellung).<\/li>\n\n\n\n<li><strong>Betroffene Personen:<\/strong> Nutzer (z.&nbsp;B. Websei\u00adten\u00adbe\u00adsucher, Nutzer von Online\u00addiensten).<\/li>\n\n\n\n<li><strong>Zwecke der Verar\u00adbeitung:<\/strong> Bereit\u00adstellung unseres Online\u00adan\u00adge\u00adbotes und Nutzer\u00adfreund\u00adlichkeit; Infor\u00adma\u00adti\u00adons\u00adtech\u00adnische Infra\u00adstruktur (Betrieb und Bereit\u00adstellung von Infor\u00adma\u00adti\u00adons\u00adsys\u00adtemen und techni\u00adschen Ger\u00e4ten (Computer, Server etc.)). Sicher\u00adheits\u00adma\u00df\u00adnahmen.<\/li>\n\n\n\n<li><strong>Aufbe\u00adwahrung und L\u00f6schung:<\/strong> L\u00f6schung entspre\u00adchend Angaben im Abschnitt \u201cAllge\u00admeine Infor\u00adma\u00adtionen zur Daten\u00adspei\u00adcherung und L\u00f6schung\u201d.<\/li>\n\n\n\n<li><strong>Rechts\u00adgrund\u00adlagen:<\/strong> Berech\u00adtigte Inter\u00adessen (Art. 6 Abs. 1 S. 1 lit. f) DSGVO).<\/li>\n<\/ul>\n\n\n\n<p><strong>Weitere Hinweise zu Verar\u00adbei\u00adtungs\u00adpro\u00adzessen, Verfahren und Diensten:<\/strong><\/p>\n\n\n\n<ul class=\"wp-block-list\">\n<li><strong>Bereit\u00adstellung Online\u00adan\u00adgebot auf gemie\u00adtetem Speicher\u00adplatz: <\/strong>F\u00fcr die Bereit\u00adstellung unseres Online\u00adan\u00adge\u00adbotes nutzen wir Speicher\u00adplatz, Rechen\u00adka\u00adpa\u00adzit\u00e4t und Software, die wir von einem entspre\u00adchenden Server\u00adan\u00adbieter (auch \u201cWebhoster\u201d genannt) mieten oder ander\u00adweitig beziehen; <strong>Rechts\u00adgrund\u00adlagen:<\/strong> Berech\u00adtigte Inter\u00adessen (Art. 6 Abs. 1 S. 1 lit. f) DSGVO).<\/li>\n\n\n\n<li><strong>Erhebung von Zugriffs\u00addaten und Logfiles: <\/strong>Der Zugriff auf unser Online\u00adan\u00adgebot wird in Form von sogenannten \u201cServer-Logfiles\u201d proto\u00adkol\u00adliert. Zu den Server\u00adlog\u00adfiles k\u00f6nnen die Adresse und der Name der abgeru\u00adfenen Webseiten und Dateien, Datum und Uhrzeit des Abrufs, \u00fcbertragene Daten\u00admengen, Meldung \u00fcber erfolg\u00adreichen Abruf, Browsertyp nebst Version, das Betriebs\u00adsystem des Nutzers, Referrer URL (die zuvor besuchte Seite) und im Regelfall IP-Adressen und der anfra\u00adgende Provider geh\u00f6ren. Die Server\u00adlog\u00adfiles k\u00f6nnen zum einen zu Sicher\u00adheits\u00adzwecken einge\u00adsetzt werden, z.&nbsp;B. um eine \u00dcberlastung der Server zu vermeiden (insbe\u00adsondere im Fall von missbr\u00e4uch\u00adlichen Angriffen, sogenannten DDoS-Attacken), und zum anderen, um die Auslastung der Server und ihre Stabi\u00adlit\u00e4t sicher\u00adzu\u00adstellen; <strong>Rechts\u00adgrund\u00adlagen:<\/strong> Berech\u00adtigte Inter\u00adessen (Art. 6 Abs. 1 S. 1 lit. f) DSGVO). <strong>L\u00f6schung von Daten:<\/strong> Logfile-Infor\u00adma\u00adtionen werden f\u00fcr die Dauer von maximal 30 Tagen gespei\u00adchert und danach gel\u00f6scht oder anony\u00admi\u00adsiert. Daten, deren weitere Aufbe\u00adwahrung zu Beweis\u00adzwecken erfor\u00adderlich ist, sind bis zur endg\u00fcl\u00adtigen Kl\u00e4rung des jewei\u00adligen Vorfalls von der L\u00f6schung ausge\u00adnommen.<\/li>\n\n\n\n<li><strong>E\u2011Mail-Versand und \u2011Hosting: <\/strong>Die von uns in Anspruch genom\u00admenen Webhosting-Leistungen umfassen ebenfalls den Versand, den Empfang sowie die Speicherung von E\u2011Mails. Zu diesen Zwecken werden die Adressen der Empf\u00e4nger sowie Absender als auch weitere Infor\u00adma\u00adtionen betreffend den E\u2011Mailversand (z.&nbsp;B. die betei\u00adligten Provider) sowie die Inhalte der jewei\u00adligen E\u2011Mails verar\u00adbeitet. Die vorge\u00adnannten Daten k\u00f6nnen ferner zu Zwecken der Erkennung von SPAM verar\u00adbeitet werden. Wir bitten darum, zu beachten, dass E\u2011Mails im Internet grund\u00ads\u00e4tzlich nicht verschl\u00fcsselt versendet werden. Im Regelfall werden E\u2011Mails zwar auf dem Trans\u00adportweg verschl\u00fcsselt, aber (sofern kein sogenanntes Ende-zu-Ende-Verschl\u00fcs\u00adse\u00adlungs\u00adver\u00adfahren einge\u00adsetzt wird) nicht auf den Servern, von denen sie abgesendet und empfangen werden. Wir k\u00f6nnen daher f\u00fcr den \u00dcbertra\u00adgungsweg der E\u2011Mails zwischen dem Absender und dem Empfang auf unserem Server keine Verant\u00adwortung \u00fcbernehmen; <strong>Rechts\u00adgrund\u00adlagen:<\/strong> Berech\u00adtigte Inter\u00adessen (Art. 6 Abs. 1 S. 1 lit. f) DSGVO).<\/li>\n\n\n\n<li><strong>ALL-INKL: <\/strong>Leistungen auf dem Gebiet der Bereit\u00adstellung von infor\u00adma\u00adti\u00adons\u00adtech\u00adni\u00adscher Infra\u00adstruktur und verbun\u00addenen Dienst\u00adleis\u00adtungen (z.&nbsp;B. Speicher\u00adplatz und\/oder Rechen\u00adka\u00adpa\u00adzi\u00adt\u00e4ten); <strong>Dienst\u00adan\u00adbieter:<\/strong> ALL-INKL.COM \u2014 Neue Medien M\u00fcnnich, Inhaber: Ren\u00e9 M\u00fcnnich, Haupt\u00adstra\u00dfe 68, 02742 Friedersdorf, Deutschland; <strong>Rechts\u00adgrund\u00adlagen:<\/strong> Berech\u00adtigte Inter\u00adessen (Art. 6 Abs. 1 S. 1 lit. f) DSGVO); <strong>Website:<\/strong> <a href=\"https:\/\/all-inkl.com\/\" target=\"_blank\" rel=\"noreferrer noopener\">https:\/\/all-inkl.com\/<\/a>; <strong>Daten\u00adschutz\u00ader\u00adkl\u00e4rung:<\/strong> <a href=\"https:\/\/all-inkl.com\/datenschutzinformationen\/\" target=\"_blank\" rel=\"noreferrer noopener\">https:\/\/all-inkl.com\/datenschutzinformationen\/<\/a>. <strong>Auftrags\u00adver\u00adar\u00adbei\u00adtungs\u00advertrag:<\/strong> Wird vom Dienst\u00adan\u00adbieter bereit\u00adge\u00adstellt.<\/li>\n\n\n\n<li><strong>Hetzner: <\/strong>Leistungen auf dem Gebiet der Bereit\u00adstellung von infor\u00adma\u00adti\u00adons\u00adtech\u00adni\u00adscher Infra\u00adstruktur und verbun\u00addenen Dienst\u00adleis\u00adtungen (z.&nbsp;B. Speicher\u00adplatz und\/oder Rechen\u00adka\u00adpa\u00adzi\u00adt\u00e4ten); <strong>Dienst\u00adan\u00adbieter:<\/strong> Hetzner Online GmbH, Indus\u00adtriestr. 25, 91710 Gunzen\u00adhausen, Deutschland; <strong>Rechts\u00adgrund\u00adlagen:<\/strong> Berech\u00adtigte Inter\u00adessen (Art. 6 Abs. 1 S. 1 lit. f) DSGVO); <strong>Website:<\/strong> <a href=\"https:\/\/www.hetzner.com\" target=\"_blank\" rel=\"noreferrer noopener\">https:\/\/www.hetzner.com<\/a>; <strong>Daten\u00adschutz\u00ader\u00adkl\u00e4rung:<\/strong> <a href=\"https:\/\/www.hetzner.com\/de\/rechtliches\/datenschutz\" target=\"_blank\" rel=\"noreferrer noopener\">https:\/\/www.hetzner.com\/de\/rechtliches\/datenschutz<\/a>. <strong>Auftrags\u00adver\u00adar\u00adbei\u00adtungs\u00advertrag:<\/strong> <a href=\"https:\/\/docs.hetzner.com\/de\/general\/general-terms-and-conditions\/data-privacy-faq\/\" target=\"_blank\" rel=\"noreferrer noopener\">https:\/\/docs.hetzner.com\/de\/general\/general-terms-and-conditions\/data-privacy-faq\/<\/a>.<\/li>\n<\/ul>\n\n\n\n<h3 class=\"wp-block-heading\" id=\"m134\">Einsatz von Cookies<\/h3>\n\n\n\n<p>Unter dem Begriff \u201eCookies\u201d werden Funktionen, die Infor\u00adma\u00adtionen auf Endge\u00adr\u00e4ten der Nutzer speichern und aus ihnen auslesen, verstanden. Cookies k\u00f6nnen ferner in Bezug auf unter\u00adschied\u00adliche Anliegen Einsatz finden, etwa zu Zwecken der Funkti\u00adons\u00adf\u00e4\u00adhigkeit, der Sicherheit und des Komforts von Online\u00adan\u00adge\u00adboten sowie der Erstellung von Analysen der Besucher\u00adstr\u00f6me. Wir verwenden Cookies gem\u00e4\u00df den gesetz\u00adlichen Vorschriften. Dazu holen wir, wenn erfor\u00adderlich, vorab die Zustimmung der Nutzer ein. Ist eine Zustimmung nicht notwendig, setzen wir auf unsere berech\u00adtigten Inter\u00adessen. Dies gilt, wenn das Speichern und Auslesen von Infor\u00adma\u00adtionen unerl\u00e4sslich ist, um ausdr\u00fccklich angefor\u00adderte Inhalte und Funktionen bereit\u00adstellen zu k\u00f6nnen. Dazu z\u00e4hlen etwa die Speicherung von Einstel\u00adlungen sowie die Sicher\u00adstellung der Funktio\u00adna\u00adlit\u00e4t und Sicherheit unseres Online\u00adan\u00adgebots. Die Einwil\u00adligung kann jederzeit wider\u00adrufen werden. Wir infor\u00admieren klar \u00fcber deren Umfang und welche Cookies genutzt werden.<\/p>\n\n\n\n<p><strong>Hinweise zu daten\u00adschutz\u00adrecht\u00adlichen Rechts\u00adgrund\u00adlagen: <\/strong>Ob wir perso\u00adnen\u00adbe\u00adzogene Daten mithilfe von Cookies verar\u00adbeiten, h\u00e4ngt von einer Einwil\u00adligung ab. Liegt eine Einwil\u00adligung vor, dient sie als Rechts\u00adgrundlage. Ohne Einwil\u00adligung st\u00fctzen wir uns auf unsere berech\u00adtigten Inter\u00adessen, die vorstehend in diesem Abschnitt und im Kontext der jewei\u00adligen Dienste und Verfahren erl\u00e4utert sind.<\/p>\n\n\n\n<p><strong>Speicher\u00addauer:&nbsp;<\/strong>Im Hinblick auf die Speicher\u00addauer werden die folgenden Arten von Cookies unter\u00adschieden:<\/p>\n\n\n\n<ul class=\"wp-block-list\">\n<li><strong>Tempor\u00e4re Cookies (auch: Session- oder Sitzungs\u00adcookies):<\/strong> Tempor\u00e4re Cookies werden sp\u00e4testens gel\u00f6scht, nachdem ein Nutzer ein Online\u00adan\u00adgebot verlassen und sein Endger\u00e4t (z.&nbsp;B. Browser oder mobile Appli\u00adkation) geschlossen hat.<\/li>\n\n\n\n<li><strong>Perma\u00adnente Cookies:<\/strong> Perma\u00adnente Cookies bleiben auch nach dem Schlie\u00dfen des Endger\u00e4ts gespei\u00adchert. So k\u00f6nnen beispiels\u00adweise der Log-in-Status gespei\u00adchert und bevor\u00adzugte Inhalte direkt angezeigt werden, wenn der Nutzer eine Website erneut besucht. Ebenso k\u00f6nnen die mithilfe von Cookies erhobenen Nutzer\u00addaten zur Reich\u00adwei\u00adten\u00admessung Verwendung finden. Sofern wir Nutzern keine expli\u00adziten Angaben zur Art und Speicher\u00addauer von Cookies mitteilen (z.&nbsp;B. im Rahmen der Einholung der Einwil\u00adligung), sollten sie davon ausgehen, dass diese permanent sind und die Speicher\u00addauer bis zu zwei Jahre betragen kann.<\/li>\n<\/ul>\n\n\n\n<p><strong>Allge\u00admeine Hinweise zum Widerruf und Wider\u00adspruch (Opt-out):&nbsp;<\/strong>Nutzer k\u00f6nnen die von ihnen abgege\u00adbenen Einwil\u00adli\u00adgungen jederzeit wider\u00adrufen und zudem einen Wider\u00adspruch gegen die Verar\u00adbeitung entspre\u00adchend den gesetz\u00adlichen Vorgaben, auch mittels der Privat\u00adsph\u00e4re-Einstel\u00adlungen ihres Browsers, erkl\u00e4ren.<\/p>\n\n\n\n<ul class=\"wp-block-list\">\n<li><strong>Verar\u00adbeitete Daten\u00adarten:<\/strong> Meta\u2011, Kommu\u00adni\u00adka\u00adtions- und Verfah\u00adrens\u00addaten (z. B. IP-Adressen, Zeitan\u00adgaben, Identi\u00adfi\u00adka\u00adti\u00adons\u00adnummern, betei\u00adligte Personen).<\/li>\n\n\n\n<li><strong>Betroffene Personen:<\/strong> Nutzer (z.&nbsp;B. Websei\u00adten\u00adbe\u00adsucher, Nutzer von Online\u00addiensten).<\/li>\n\n\n\n<li><strong>Rechts\u00adgrund\u00adlagen:<\/strong> Berech\u00adtigte Inter\u00adessen (Art. 6 Abs. 1 S. 1 lit. f) DSGVO). Einwil\u00adligung (Art. 6 Abs. 1 S. 1 lit. a) DSGVO).<\/li>\n<\/ul>\n\n\n\n<p><strong>Weitere Hinweise zu Verar\u00adbei\u00adtungs\u00adpro\u00adzessen, Verfahren und Diensten:<\/strong><\/p>\n\n\n\n<ul class=\"wp-block-list\">\n<li><strong>Verar\u00adbeitung von Cookie-Daten auf Grundlage einer Einwil\u00adligung: <\/strong>Wir setzen eine Einwil\u00adli\u00adgungs-Management-L\u00f6sung ein, bei der die Einwil\u00adligung der Nutzer zur Verwendung von Cookies oder zu den im Rahmen der Einwil\u00adli\u00adgungs-Management-L\u00f6sung genannten Verfahren und Anbietern eingeholt wird. Dieses Verfahren dient der Einholung, Proto\u00adkol\u00adlierung, Verwaltung und dem Widerruf von Einwil\u00adli\u00adgungen, insbe\u00adsondere bezogen auf den Einsatz von Cookies und vergleich\u00adbaren Techno\u00adlogien, die zur Speicherung, zum Auslesen und zur Verar\u00adbeitung von Infor\u00adma\u00adtionen auf den Endge\u00adr\u00e4ten der Nutzer einge\u00adsetzt werden. Im Rahmen dieses Verfahrens werden die Einwil\u00adli\u00adgungen der Nutzer f\u00fcr die Nutzung von Cookies und die damit verbun\u00addenen Verar\u00adbei\u00adtungen von Infor\u00adma\u00adtionen, einschlie\u00dflich der im Einwil\u00adli\u00adgungs-Management-Verfahren genannten spezi\u00adfi\u00adschen Verar\u00adbei\u00adtungen und Anbieter, eingeholt. Die Nutzer haben zudem die M\u00f6glichkeit, ihre Einwil\u00adli\u00adgungen zu verwalten und zu wider\u00adrufen. Die Einwil\u00adli\u00adgungs\u00ader\u00adkl\u00e4\u00adrungen werden gespei\u00adchert, um eine erneute Abfrage zu vermeiden und den Nachweis der Einwil\u00adligung gem\u00e4\u00df der gesetz\u00adlichen Anfor\u00adde\u00adrungen f\u00fchren zu k\u00f6nnen. Die Speicherung erfolgt server\u00adseitig und\/oder in einem Cookie (sogenanntes Opt-In-Cookie) oder mittels vergleich\u00adbarer Techno\u00adlogien, um die Einwil\u00adligung einem spezi\u00adfi\u00adschen Nutzer oder dessen Ger\u00e4t zuordnen zu k\u00f6nnen. Sofern keine spezi\u00adfi\u00adschen Angaben zu den Anbietern von Einwil\u00adli\u00adgungs-Management-Diensten vorliegen, gelten folgende allge\u00admeine Hinweise: Die Dauer der Speicherung der Einwil\u00adligung betr\u00e4gt bis zu zwei Jahre. Dabei wird ein pseud\u00adonymer Nutzer-Identi\u00adfi\u00adkator erstellt, der zusammen mit dem Zeitpunkt der Einwil\u00adligung, den Angaben zum Umfang der Einwil\u00adligung (z.&nbsp;B. betref\u00adfende Kategorien von Cookies und\/oder Diens\u00adte\u00adan\u00adbieter) sowie Infor\u00adma\u00adtionen \u00fcber den Browser, das System und das verwendete Endger\u00e4t gespei\u00adchert wird; <strong>Rechts\u00adgrund\u00adlagen:<\/strong> Einwil\u00adligung (Art. 6 Abs. 1 S. 1 lit. a) DSGVO).<\/li>\n<\/ul>\n\n\n\n<h3 class=\"wp-block-heading\" id=\"m367\">Regis\u00adtrierung, Anmeldung und Nutzer\u00adkonto<\/h3>\n\n\n\n<p>Nutzer k\u00f6nnen ein Nutzer\u00adkonto anlegen. Im Rahmen der Regis\u00adtrierung werden den Nutzern die erfor\u00adder\u00adlichen Pflicht\u00adan\u00adgaben mitge\u00adteilt und zu Zwecken der Bereit\u00adstellung des Nutzer\u00adkontos auf Grundlage vertrag\u00adlicher Pflicht\u00ader\u00adf\u00fcllung verar\u00adbeitet. Zu den verar\u00adbei\u00adteten Daten geh\u00f6ren insbe\u00adsondere die Login-Infor\u00adma\u00adtionen (Nutzername, Passwort sowie eine E\u2011Mail-Adresse).<\/p>\n\n\n\n<p>Im Rahmen der Inanspruch\u00adnahme unserer Regis\u00adtrie\u00adrungs- und Anmel\u00adde\u00adfunk\u00adtionen sowie der Nutzung des Nutzer\u00adkontos speichern wir die IP-Adresse und den Zeitpunkt der jewei\u00adligen Nutzer\u00adhandlung. Die Speicherung erfolgt auf Grundlage unserer berech\u00adtigten Inter\u00adessen als auch jener der Nutzer an einem Schutz vor Missbrauch und sonstiger unbefugter Nutzung. Eine Weitergabe dieser Daten an Dritte erfolgt grund\u00ads\u00e4tzlich nicht, es sei denn, sie ist zur Verfolgung unserer Anspr\u00fcche erfor\u00adderlich oder es besteht eine gesetz\u00adliche Verpflichtung hierzu.<\/p>\n\n\n\n<p>Die Nutzer k\u00f6nnen \u00fcber Vorg\u00e4nge, die f\u00fcr deren Nutzer\u00adkonto relevant sind, wie z.&nbsp;B. technische \u00c4nderungen, per E\u2011Mail infor\u00admiert werden.<\/p>\n\n\n\n<ul class=\"wp-block-list\">\n<li><strong>Verar\u00adbeitete Daten\u00adarten:<\/strong> Bestands\u00addaten (z.&nbsp;B. der vollst\u00e4ndige Name, Wohnadresse, Kontakt\u00adin\u00adfor\u00adma\u00adtionen, Kunden\u00adnummer, etc.); Kontakt\u00addaten (z.&nbsp;B. Post- und E\u2011Mail-Adressen oder Telefon\u00adnummern); Inhalts\u00addaten (z. B. textliche oder bildliche Nachrichten und Beitr\u00e4ge sowie die sie betref\u00adfenden Infor\u00adma\u00adtionen, wie z. B. Angaben zur Autoren\u00adschaft oder Zeitpunkt der Erstellung); Nutzungs\u00addaten (z. B. Seiten\u00adaufrufe und Verweil\u00addauer, Klick\u00adpfade, Nutzungs\u00adin\u00adten\u00adsit\u00e4t und \u2011frequenz, verwendete Ger\u00e4te\u00adtypen und Betriebs\u00adsysteme, Inter\u00adak\u00adtionen mit Inhalten und Funktionen). Proto\u00adkoll\u00addaten (z.&nbsp;B. Logfiles betreffend Logins oder den Abruf von Daten oder Zugriffs\u00adzeiten.).<\/li>\n\n\n\n<li><strong>Betroffene Personen:<\/strong> Nutzer (z.&nbsp;B. Websei\u00adten\u00adbe\u00adsucher, Nutzer von Online\u00addiensten).<\/li>\n\n\n\n<li><strong>Zwecke der Verar\u00adbeitung:<\/strong> Erbringung vertrag\u00adlicher Leistungen und Erf\u00fcllung vertrag\u00adlicher Pflichten; Sicher\u00adheits\u00adma\u00df\u00adnahmen; Organi\u00adsa\u00adtions- und Verwal\u00adtungs\u00adver\u00adfahren. Bereit\u00adstellung unseres Online\u00adan\u00adge\u00adbotes und Nutzer\u00adfreund\u00adlichkeit.<\/li>\n\n\n\n<li><strong>Aufbe\u00adwahrung und L\u00f6schung:<\/strong> L\u00f6schung entspre\u00adchend Angaben im Abschnitt \u201cAllge\u00admeine Infor\u00adma\u00adtionen zur Daten\u00adspei\u00adcherung und L\u00f6schung\u201d. L\u00f6schung nach K\u00fcndigung.<\/li>\n\n\n\n<li><strong>Rechts\u00adgrund\u00adlagen:<\/strong> Vertrags\u00ader\u00adf\u00fcllung und vorver\u00adtrag\u00adliche Anfragen (Art. 6 Abs. 1 S. 1 lit. b) DSGVO). Berech\u00adtigte Inter\u00adessen (Art. 6 Abs. 1 S. 1 lit. f) DSGVO).<\/li>\n<\/ul>\n\n\n\n<p><strong>Weitere Hinweise zu Verar\u00adbei\u00adtungs\u00adpro\u00adzessen, Verfahren und Diensten:<\/strong><\/p>\n\n\n\n<ul class=\"wp-block-list\">\n<li><strong>Einstellung der Sicht\u00adbarkeit von Profilen: <\/strong>Die Nutzer k\u00f6nnen mittels Einstel\u00adlungen bestimmen, in welchem Umfang ihre Profile f\u00fcr die \u00d6ffent\u00adlichkeit oder nur f\u00fcr bestimmte Perso\u00adnen\u00adgruppen sichtbar, bzw. zug\u00e4nglich sind; <strong>Rechts\u00adgrund\u00adlagen:<\/strong> Vertrags\u00ader\u00adf\u00fcllung und vorver\u00adtrag\u00adliche Anfragen (Art. 6 Abs. 1 S. 1 lit. b) DSGVO).<\/li>\n<\/ul>\n\n\n\n<h3 class=\"wp-block-heading\" id=\"m104\">Blogs und Publi\u00adka\u00adti\u00adons\u00admedien<\/h3>\n\n\n\n<p>Wir nutzen Blogs oder vergleichbare Mittel der Online\u00adkom\u00admu\u00adni\u00adkation und Publi\u00adkation (nachfolgend \u201cPubli\u00adka\u00adti\u00adons\u00admedium\u201d). Die Daten der Leser werden f\u00fcr die Zwecke des Publi\u00adka\u00adti\u00adons\u00adme\u00addiums nur insoweit verar\u00adbeitet, als es f\u00fcr dessen Darstellung und die Kommu\u00adni\u00adkation zwischen Autoren und Lesern oder aus Gr\u00fcnden der Sicherheit erfor\u00adderlich ist. Im \u00dcbrigen verweisen wir auf die Infor\u00adma\u00adtionen zur Verar\u00adbeitung der Besucher unseres Publi\u00adka\u00adti\u00adons\u00adme\u00addiums im Rahmen dieser Daten\u00adschutz\u00adhin\u00adweise.<\/p>\n\n\n\n<ul class=\"wp-block-list\">\n<li><strong>Verar\u00adbeitete Daten\u00adarten:<\/strong> Bestands\u00addaten (z.&nbsp;B. der vollst\u00e4ndige Name, Wohnadresse, Kontakt\u00adin\u00adfor\u00adma\u00adtionen, Kunden\u00adnummer, etc.); Kontakt\u00addaten (z.&nbsp;B. Post- und E\u2011Mail-Adressen oder Telefon\u00adnummern); Inhalts\u00addaten (z. B. textliche oder bildliche Nachrichten und Beitr\u00e4ge sowie die sie betref\u00adfenden Infor\u00adma\u00adtionen, wie z. B. Angaben zur Autoren\u00adschaft oder Zeitpunkt der Erstellung); Nutzungs\u00addaten (z. B. Seiten\u00adaufrufe und Verweil\u00addauer, Klick\u00adpfade, Nutzungs\u00adin\u00adten\u00adsit\u00e4t und \u2011frequenz, verwendete Ger\u00e4te\u00adtypen und Betriebs\u00adsysteme, Inter\u00adak\u00adtionen mit Inhalten und Funktionen). Meta\u2011, Kommu\u00adni\u00adka\u00adtions- und Verfah\u00adrens\u00addaten (z. B. IP-Adressen, Zeitan\u00adgaben, Identi\u00adfi\u00adka\u00adti\u00adons\u00adnummern, betei\u00adligte Personen).<\/li>\n\n\n\n<li><strong>Betroffene Personen:<\/strong> Nutzer (z.&nbsp;B. Websei\u00adten\u00adbe\u00adsucher, Nutzer von Online\u00addiensten).<\/li>\n\n\n\n<li><strong>Zwecke der Verar\u00adbeitung:<\/strong> Feedback (z.&nbsp;B. Sammeln von Feedback via Online-Formular); Bereit\u00adstellung unseres Online\u00adan\u00adge\u00adbotes und Nutzer\u00adfreund\u00adlichkeit; Sicher\u00adheits\u00adma\u00df\u00adnahmen. Organi\u00adsa\u00adtions- und Verwal\u00adtungs\u00adver\u00adfahren.<\/li>\n\n\n\n<li><strong>Aufbe\u00adwahrung und L\u00f6schung:<\/strong> L\u00f6schung entspre\u00adchend Angaben im Abschnitt \u201cAllge\u00admeine Infor\u00adma\u00adtionen zur Daten\u00adspei\u00adcherung und L\u00f6schung\u201d.<\/li>\n\n\n\n<li><strong>Rechts\u00adgrund\u00adlagen:<\/strong> Berech\u00adtigte Inter\u00adessen (Art. 6 Abs. 1 S. 1 lit. f) DSGVO).<\/li>\n<\/ul>\n\n\n\n<p><strong>Weitere Hinweise zu Verar\u00adbei\u00adtungs\u00adpro\u00adzessen, Verfahren und Diensten:<\/strong><\/p>\n\n\n\n<ul class=\"wp-block-list\">\n<li><strong>Kommentare und Beitr\u00e4ge: <\/strong>Wenn Nutzer Kommentare oder sonstige Beitr\u00e4ge hinter\u00adlassen, k\u00f6nnen ihre IP-Adressen auf Grundlage unserer berech\u00adtigten Inter\u00adessen gespei\u00adchert werden. Das erfolgt zu unserer Sicherheit, falls jemand in Kommen\u00adtaren und Beitr\u00e4gen wider\u00adrecht\u00adliche Inhalte hinter\u00adl\u00e4sst (Belei\u00addi\u00adgungen, verbotene politische Propa\u00adganda etc.). In diesem Fall k\u00f6nnen wir selbst f\u00fcr den Kommentar oder Beitrag belangt werden und sind daher an der Identit\u00e4t des Verfassers inter\u00ades\u00adsiert.<br><br>Des Weiteren behalten wir uns vor, auf Grundlage unserer berech\u00adtigten Inter\u00adessen die Angaben der Nutzer zwecks Spamer\u00adkennung zu verar\u00adbeiten.<br><br>Auf derselben Rechts\u00adgrundlage behalten wir uns vor, im Fall von Umfragen die IP-Adressen der Nutzer f\u00fcr deren Dauer zu speichern und Cookies zu verwenden, um Mehrfach\u00adab\u00adstim\u00admungen zu vermeiden.<br><br>Die im Rahmen der Kommentare und Beitr\u00e4ge mitge\u00adteilten Infor\u00adma\u00adtionen zur Person, etwaige Kontakt- sowie Websei\u00adten\u00adin\u00adfor\u00adma\u00adtionen als auch die inhalt\u00adlichen Angaben werden von uns bis zum Wider\u00adspruch der Nutzer dauerhaft gespei\u00adchert; <strong>Rechts\u00adgrund\u00adlagen:<\/strong> Berech\u00adtigte Inter\u00adessen (Art. 6 Abs. 1 S. 1 lit. f) DSGVO).<\/li>\n\n\n\n<li><strong>Abruf von WordPress-Emojis und \u2011Smilies: <\/strong>Abruf von WordPress-Emojis und \u2011Smilies \u2014 Innerhalb unseres WordPress-Blogs werden zu Zwecken der effizi\u00adenten Einbindung von Inhalts\u00adele\u00admenten grafische Emojis (bzw. Smilies), d.&nbsp;h., kleine grafische Dateien, die Gef\u00fchle ausdr\u00fccken, einge\u00adsetzt, bezogen von externen Servern. Die Anbieter der Server erheben die IP-Adressen der Nutzer. Dies ist notwendig, damit die Emoji-Dateien an die Browser der Nutzer \u00fcbermittelt werden k\u00f6nnen; <strong>Dienst\u00adan\u00adbieter:<\/strong> Aut O\u2019Mattic A8C Irland Ltd., Grand Canal Dock, 25 Herbert Pl, Dublin, D02 AY86, Irland; <strong>Rechts\u00adgrund\u00adlagen:<\/strong> Berech\u00adtigte Inter\u00adessen (Art. 6 Abs. 1 S. 1 lit. f) DSGVO); <strong>Website:<\/strong> <a href=\"https:\/\/automattic.com\" target=\"_blank\" rel=\"noreferrer noopener\">https:\/\/automattic.com<\/a>; <strong>Daten\u00adschutz\u00ader\u00adkl\u00e4rung:<\/strong> <a href=\"https:\/\/automattic.com\/privacy\" target=\"_blank\" rel=\"noreferrer noopener\">https:\/\/automattic.com\/privacy<\/a>; <strong>Auftrags\u00adver\u00adar\u00adbei\u00adtungs\u00advertrag:<\/strong> Wird vom Dienst\u00adan\u00adbieter bereit\u00adge\u00adstellt. <strong>Grundlage Dritt\u00adland\u00adtransfers:<\/strong> Data Privacy Framework (DPF), Standard\u00adver\u00adtrags\u00adklauseln (Werden vom Dienst\u00adan\u00adbieter bereit\u00adge\u00adstellt).<\/li>\n\n\n\n<li><strong>UpdraftPlus: <\/strong>Backup-Software und Backup-Speicherung; <strong>Dienst\u00adan\u00adbieter:<\/strong> Simba Hosting Ltd., 11, Barringer Way, St. Neots, Cambs., PE19 1LW, GB; <strong>Rechts\u00adgrund\u00adlagen:<\/strong> Berech\u00adtigte Inter\u00adessen (Art. 6 Abs. 1 S. 1 lit. f) DSGVO); <strong>Website:<\/strong> <a href=\"https:\/\/updraftplus.com\/\" target=\"_blank\" rel=\"noreferrer noopener\">https:\/\/updraftplus.com\/<\/a>. <strong>Daten\u00adschutz\u00ader\u00adkl\u00e4rung:<\/strong> <a href=\"https:\/\/updraftplus.com\/data-protection-and-privacy-centre\/\" target=\"_blank\" rel=\"noreferrer noopener\">https:\/\/updraftplus.com\/data-protection-and-privacy-centre\/<\/a>.<\/li>\n<\/ul>\n\n\n\n<h3 class=\"wp-block-heading\" id=\"m182\">Kontakt- und Anfra\u00adge\u00adver\u00adwaltung<\/h3>\n\n\n\n<p>Bei der Kontakt\u00adauf\u00adnahme mit uns (z.&nbsp;B. per Post, Kontakt\u00adfor\u00admular, E\u2011Mail, Telefon oder via soziale Medien) sowie im Rahmen bestehender Nutzer- und Gesch\u00e4fts\u00adbe\u00adzie\u00adhungen werden die Angaben der anfra\u00adgenden Personen verar\u00adbeitet, soweit dies zur Beant\u00adwortung der Kontakt\u00adan\u00adfragen und etwaiger angefragter Ma\u00dfnahmen erfor\u00adderlich ist.<\/p>\n\n\n\n<ul class=\"wp-block-list\">\n<li><strong>Verar\u00adbeitete Daten\u00adarten:<\/strong> Bestands\u00addaten (z.&nbsp;B. der vollst\u00e4ndige Name, Wohnadresse, Kontakt\u00adin\u00adfor\u00adma\u00adtionen, Kunden\u00adnummer, etc.); Kontakt\u00addaten (z.&nbsp;B. Post- und E\u2011Mail-Adressen oder Telefon\u00adnummern); Inhalts\u00addaten (z. B. textliche oder bildliche Nachrichten und Beitr\u00e4ge sowie die sie betref\u00adfenden Infor\u00adma\u00adtionen, wie z. B. Angaben zur Autoren\u00adschaft oder Zeitpunkt der Erstellung); Nutzungs\u00addaten (z. B. Seiten\u00adaufrufe und Verweil\u00addauer, Klick\u00adpfade, Nutzungs\u00adin\u00adten\u00adsit\u00e4t und \u2011frequenz, verwendete Ger\u00e4te\u00adtypen und Betriebs\u00adsysteme, Inter\u00adak\u00adtionen mit Inhalten und Funktionen). Meta\u2011, Kommu\u00adni\u00adka\u00adtions- und Verfah\u00adrens\u00addaten (z. B. IP-Adressen, Zeitan\u00adgaben, Identi\u00adfi\u00adka\u00adti\u00adons\u00adnummern, betei\u00adligte Personen).<\/li>\n\n\n\n<li><strong>Betroffene Personen:<\/strong> Kommu\u00adni\u00adka\u00adti\u00adons\u00adpartner.<\/li>\n\n\n\n<li><strong>Zwecke der Verar\u00adbeitung:<\/strong> Kommu\u00adni\u00adkation; Organi\u00adsa\u00adtions- und Verwal\u00adtungs\u00adver\u00adfahren; Feedback (z.&nbsp;B. Sammeln von Feedback via Online-Formular). Bereit\u00adstellung unseres Online\u00adan\u00adge\u00adbotes und Nutzer\u00adfreund\u00adlichkeit.<\/li>\n\n\n\n<li><strong>Aufbe\u00adwahrung und L\u00f6schung:<\/strong> L\u00f6schung entspre\u00adchend Angaben im Abschnitt \u201cAllge\u00admeine Infor\u00adma\u00adtionen zur Daten\u00adspei\u00adcherung und L\u00f6schung\u201d.<\/li>\n\n\n\n<li><strong>Rechts\u00adgrund\u00adlagen:<\/strong> Berech\u00adtigte Inter\u00adessen (Art. 6 Abs. 1 S. 1 lit. f) DSGVO). Vertrags\u00ader\u00adf\u00fcllung und vorver\u00adtrag\u00adliche Anfragen (Art. 6 Abs. 1 S. 1 lit. b) DSGVO).<\/li>\n<\/ul>\n\n\n\n<p><strong>Weitere Hinweise zu Verar\u00adbei\u00adtungs\u00adpro\u00adzessen, Verfahren und Diensten:<\/strong><\/p>\n\n\n\n<ul class=\"wp-block-list\">\n<li><strong>Kontakt\u00adfor\u00admular: <\/strong>Bei Kontakt\u00adauf\u00adnahme \u00fcber unser Kontakt\u00adfor\u00admular, per E\u2011Mail oder anderen Kommu\u00adni\u00adka\u00adti\u00adons\u00adwegen, verar\u00adbeiten wir die uns \u00fcbermit\u00adtelten perso\u00adnen\u00adbe\u00adzo\u00adgenen Daten zur Beant\u00adwortung und Bearbeitung des jewei\u00adligen Anliegens. Dies umfasst in der Regel Angaben wie Name, Kontakt\u00adin\u00adfor\u00adma\u00adtionen und gegebe\u00adnen\u00adfalls weitere Infor\u00adma\u00adtionen, die uns mitge\u00adteilt werden und zur angemes\u00adsenen Bearbeitung erfor\u00adderlich sind. Wir nutzen diese Daten ausschlie\u00dflich f\u00fcr den angege\u00adbenen Zweck der Kontakt\u00adauf\u00adnahme und Kommu\u00adni\u00adkation; <strong>Rechts\u00adgrund\u00adlagen:<\/strong> Vertrags\u00ader\u00adf\u00fcllung und vorver\u00adtrag\u00adliche Anfragen (Art. 6 Abs. 1 S. 1 lit. b) DSGVO), Berech\u00adtigte Inter\u00adessen (Art. 6 Abs. 1 S. 1 lit. f) DSGVO).<\/li>\n<\/ul>\n\n\n\n<h3 class=\"wp-block-heading\" id=\"m638\">Werbliche Kommu\u00adni\u00adkation via E\u2011Mail, Post, Fax oder Telefon<\/h3>\n\n\n\n<p>Wir verar\u00adbeiten perso\u00adnen\u00adbe\u00adzogene Daten zu Zwecken der werblichen Kommu\u00adni\u00adkation, die \u00fcber diverse Kan\u00e4le, wie z.&nbsp;B. E\u2011Mail, Telefon, Post oder Fax, entspre\u00adchend den gesetz\u00adlichen Vorgaben erfolgen kann.<\/p>\n\n\n\n<p>Die Empf\u00e4nger haben das Recht, erteilte Einwil\u00adli\u00adgungen jederzeit zu wider\u00adrufen oder der werblichen Kommu\u00adni\u00adkation jederzeit zu wider\u00adsprechen.<\/p>\n\n\n\n<p>Nach Widerruf oder Wider\u00adspruch speichern wir die zum Nachweis der bishe\u00adrigen Berech\u00adtigung erfor\u00adder\u00adlichen Daten zur Kontakt\u00adauf\u00adnahme oder Zusendung bis zu drei Jahre nach Ablauf des Jahres des Widerrufs oder Wider\u00adspruchs auf der Grundlage unserer berech\u00adtigten Inter\u00adessen. Die Verar\u00adbeitung dieser Daten ist auf den Zweck einer m\u00f6glichen Abwehr von Anspr\u00fcchen beschr\u00e4nkt. Auf der Grundlage des berech\u00adtigten Inter\u00adesses, den Widerruf bzw. Wider\u00adspruch der Nutzer dauerhaft zu beachten, speichern wir ferner die zur Vermeidung einer erneuten Kontakt\u00adauf\u00adnahme erfor\u00adder\u00adlichen Daten (z.&nbsp;B. je nach Kommu\u00adni\u00adka\u00adti\u00adons\u00adkanal die E\u2011Mail-Adresse, Telefon\u00adnummer, Name).<\/p>\n\n\n\n<ul class=\"wp-block-list\">\n<li><strong>Verar\u00adbeitete Daten\u00adarten:<\/strong> Bestands\u00addaten (z.&nbsp;B. der vollst\u00e4ndige Name, Wohnadresse, Kontakt\u00adin\u00adfor\u00adma\u00adtionen, Kunden\u00adnummer, etc.); Kontakt\u00addaten (z.&nbsp;B. Post- und E\u2011Mail-Adressen oder Telefon\u00adnummern). Inhalts\u00addaten (z. B. textliche oder bildliche Nachrichten und Beitr\u00e4ge sowie die sie betref\u00adfenden Infor\u00adma\u00adtionen, wie z. B. Angaben zur Autoren\u00adschaft oder Zeitpunkt der Erstellung).<\/li>\n\n\n\n<li><strong>Betroffene Personen:<\/strong> Kommu\u00adni\u00adka\u00adti\u00adons\u00adpartner.<\/li>\n\n\n\n<li><strong>Zwecke der Verar\u00adbeitung:<\/strong> Direkt\u00admar\u00adketing (z.&nbsp;B. per E\u2011Mail oder posta\u00adlisch); Marketing. Absatz\u00adf\u00f6r\u00adderung.<\/li>\n\n\n\n<li><strong>Aufbe\u00adwahrung und L\u00f6schung:<\/strong> L\u00f6schung entspre\u00adchend Angaben im Abschnitt \u201cAllge\u00admeine Infor\u00adma\u00adtionen zur Daten\u00adspei\u00adcherung und L\u00f6schung\u201d.<\/li>\n\n\n\n<li><strong>Rechts\u00adgrund\u00adlagen:<\/strong> Einwil\u00adligung (Art. 6 Abs. 1 S. 1 lit. a) DSGVO). Berech\u00adtigte Inter\u00adessen (Art. 6 Abs. 1 S. 1 lit. f) DSGVO).<\/li>\n<\/ul>\n\n\n\n<h3 class=\"wp-block-heading\" id=\"m237\">Gewinn\u00adspiele und Wettbe\u00adwerbe<\/h3>\n\n\n\n<p>Wir verar\u00adbeiten perso\u00adnen\u00adbe\u00adzogene Daten der Teilnehmer von Gewinn\u00adspielen und Wettbe\u00adwerben nur unter Einhaltung der einschl\u00e4\u00adgigen Daten\u00adschutz\u00adbe\u00adstim\u00admungen, soweit die Verar\u00adbeitung zur Bereit\u00adstellung, Durch\u00adf\u00fchrung und Abwicklung des Gewinn\u00adspiels vertraglich erfor\u00adderlich ist, die Teilnehmer in die Verar\u00adbeitung einge\u00adwilligt haben oder die Verar\u00adbeitung unseren berech\u00adtigten Inter\u00adessen dient (z.&nbsp;B. an der Sicherheit des Gewinn\u00adspiels oder dem Schutz unserer Inter\u00adessen vor Missbrauch durch m\u00f6gliche Erfassung von IP-Adressen bei Einrei\u00adchung von Gewinn\u00adspiel\u00adbei\u00adtr\u00e4gen).<\/p>\n\n\n\n<p>Falls im Rahmen der Gewinn\u00adspiele Beitr\u00e4ge der Teilnehmer ver\u00f6f\u00adfent\u00adlicht werden (z.&nbsp;B. im Rahmen einer Abstimmung oder Pr\u00e4sen\u00adtation der Gewinn\u00adspiel\u00adbei\u00adtr\u00e4ge bzw. der Gewinner oder der Bericht\u00aderstattung zum Gewinn\u00adspiel), weisen wir darauf hin, dass die Namen der Teilnehmer in diesem Zusam\u00admenhang ebenfalls ver\u00f6f\u00adfent\u00adlicht werden k\u00f6nnen. Die Teilnehmer k\u00f6nnen dem jederzeit wider\u00adsprechen.<\/p>\n\n\n\n<p>Findet das Gewinn\u00adspiel innerhalb einer Online-Plattform oder eines sozialen Netzwerks (z.&nbsp;B. Facebook oder Instagram, nachfolgend bezeichnet als \u201cOnline-Plattform\u201d) statt, gelten zus\u00e4tzlich die Nutzungs- und Daten\u00adschutz\u00adbe\u00adstim\u00admungen der jewei\u00adligen Platt\u00adformen. In diesen F\u00e4llen weisen wir darauf hin, dass wir f\u00fcr die im Rahmen des Gewinn\u00adspiels mitge\u00adteilten Angaben der Teilnehmer verant\u00adwortlich sind und Anfragen im Hinblick auf das Gewinn\u00adspiel an uns zu richten sind.<\/p>\n\n\n\n<p>Die Daten der Teilnehmer werden gel\u00f6scht, sobald das Gewinn\u00adspiel oder der Wettbewerb beendet sind und die Daten nicht mehr erfor\u00adderlich sind, um die Gewinner zu infor\u00admieren oder weil nicht mehr mit R\u00fcckfragen zum Gewinn\u00adspiel zu rechnen ist. Grund\u00ads\u00e4tzlich werden die Daten der Teilnehmer sp\u00e4testens 6 Monate nach Ende des Gewinn\u00adspiels gel\u00f6scht. Daten der Gewinner k\u00f6nnen l\u00e4nger einbe\u00adhalten werden, um z.&nbsp;B. R\u00fcckfragen zu den Gewinnen beant\u00adworten oder die Gewinn\u00adleis\u00adtungen erf\u00fcllen zu k\u00f6nnen; in diesem Fall richtet sich die Aufbe\u00adwah\u00adrungs\u00addauer nach der Art des Gewinns und betr\u00e4gt z.&nbsp;B. bei Sachen oder Leistungen bis zu drei Jahre, um z.&nbsp;B. Gew\u00e4hr\u00adleis\u00adtungs\u00adf\u00e4lle bearbeiten zu k\u00f6nnen. Ferner k\u00f6nnen die Daten der Teilnehmer l\u00e4nger gespei\u00adchert werden, z.&nbsp;B. in Form der Bericht\u00aderstattung zum Gewinn\u00adspiel in Online- und Offline-Medien.<\/p>\n\n\n\n<p>Sofern Daten im Rahmen des Gewinn\u00adspiels auch zu anderen Zwecken erhoben wurden, richten sich deren Verar\u00adbeitung und die Aufbe\u00adwah\u00adrungs\u00addauer nach den Daten\u00adschutz\u00adhin\u00adweisen zu dieser Nutzung (z.&nbsp;B. im Fall einer Anmeldung zum Newsletter im Rahmen eines Gewinn\u00adspiels).<\/p>\n\n\n\n<ul class=\"wp-block-list\">\n<li><strong>Verar\u00adbeitete Daten\u00adarten:<\/strong> Bestands\u00addaten (z.&nbsp;B. der vollst\u00e4ndige Name, Wohnadresse, Kontakt\u00adin\u00adfor\u00adma\u00adtionen, Kunden\u00adnummer, etc.); Kontakt\u00addaten (z.&nbsp;B. Post- und E\u2011Mail-Adressen oder Telefon\u00adnummern). Inhalts\u00addaten (z. B. textliche oder bildliche Nachrichten und Beitr\u00e4ge sowie die sie betref\u00adfenden Infor\u00adma\u00adtionen, wie z. B. Angaben zur Autoren\u00adschaft oder Zeitpunkt der Erstellung).<\/li>\n\n\n\n<li><strong>Betroffene Personen:<\/strong> Gewinn\u00adspiel- und Wettbe\u00adwerbs\u00adteil\u00adnehmer.<\/li>\n\n\n\n<li><strong>Zwecke der Verar\u00adbeitung:<\/strong> Durch\u00adf\u00fchrung von Gewinn\u00adspielen und Wettbe\u00adwerben.<\/li>\n\n\n\n<li><strong>Aufbe\u00adwahrung und L\u00f6schung:<\/strong> L\u00f6schung entspre\u00adchend Angaben im Abschnitt \u201cAllge\u00admeine Infor\u00adma\u00adtionen zur Daten\u00adspei\u00adcherung und L\u00f6schung\u201d.<\/li>\n\n\n\n<li><strong>Rechts\u00adgrund\u00adlagen:<\/strong> Vertrags\u00ader\u00adf\u00fcllung und vorver\u00adtrag\u00adliche Anfragen (Art. 6 Abs. 1 S. 1 lit. b) DSGVO). Berech\u00adtigte Inter\u00adessen (Art. 6 Abs. 1 S. 1 lit. f) DSGVO).<\/li>\n<\/ul>\n\n\n\n<h3 class=\"wp-block-heading\" id=\"m408\">Umfragen und Befra\u00adgungen<\/h3>\n\n\n\n<p>Wir f\u00fchren Umfragen und Befra\u00adgungen durch, um Infor\u00adma\u00adtionen f\u00fcr den jeweils kommu\u00adni\u00adzierten Umfrage- bzw. Befra\u00adgungs\u00adzweck, zu sammeln. Die von uns durch\u00adge\u00adf\u00fchrten Umfragen und Befra\u00adgungen (nachfolgend \u201cBefra\u00adgungen\u201d) werden anonym ausge\u00adwertet. Eine Verar\u00adbeitung perso\u00adnen\u00adbe\u00adzo\u00adgener Daten erfolgt nur insoweit, als dies zu Bereit\u00adstellung und techni\u00adschen Durch\u00adf\u00fchrung der Umfragen erfor\u00adderlich ist (z.&nbsp;B. Verar\u00adbeitung der IP-Adresse, um die Umfrage im Browser des Nutzers darzu\u00adstellen oder mithilfe eines Cookies eine Wieder\u00adauf\u00adnahme der Umfrage zu erm\u00f6g\u00adlichen).<\/p>\n\n\n\n<ul class=\"wp-block-list\">\n<li><strong>Verar\u00adbeitete Daten\u00adarten:<\/strong> Bestands\u00addaten (z.&nbsp;B. der vollst\u00e4ndige Name, Wohnadresse, Kontakt\u00adin\u00adfor\u00adma\u00adtionen, Kunden\u00adnummer, etc.); Kontakt\u00addaten (z.&nbsp;B. Post- und E\u2011Mail-Adressen oder Telefon\u00adnummern); Inhalts\u00addaten (z. B. textliche oder bildliche Nachrichten und Beitr\u00e4ge sowie die sie betref\u00adfenden Infor\u00adma\u00adtionen, wie z. B. Angaben zur Autoren\u00adschaft oder Zeitpunkt der Erstellung). Nutzungs\u00addaten (z. B. Seiten\u00adaufrufe und Verweil\u00addauer, Klick\u00adpfade, Nutzungs\u00adin\u00adten\u00adsit\u00e4t und \u2011frequenz, verwendete Ger\u00e4te\u00adtypen und Betriebs\u00adsysteme, Inter\u00adak\u00adtionen mit Inhalten und Funktionen).<\/li>\n\n\n\n<li><strong>Betroffene Personen:<\/strong> Teilnehmer.<\/li>\n\n\n\n<li><strong>Zwecke der Verar\u00adbeitung:<\/strong> Feedback (z.&nbsp;B. Sammeln von Feedback via Online-Formular). Umfragen und Frage\u00adb\u00f6gen (z.&nbsp;B. Umfragen mit Einga\u00adbe\u00adm\u00f6g\u00adlich\u00adkeiten, Multiple-Choice-Fragen).<\/li>\n\n\n\n<li><strong>Aufbe\u00adwahrung und L\u00f6schung:<\/strong> L\u00f6schung entspre\u00adchend Angaben im Abschnitt \u201cAllge\u00admeine Infor\u00adma\u00adtionen zur Daten\u00adspei\u00adcherung und L\u00f6schung\u201d.<\/li>\n\n\n\n<li><strong>Rechts\u00adgrund\u00adlagen:<\/strong> Berech\u00adtigte Inter\u00adessen (Art. 6 Abs. 1 S. 1 lit. f) DSGVO).<\/li>\n<\/ul>\n\n\n\n<h3 class=\"wp-block-heading\" id=\"m263\">Webanalyse, Monitoring und Optimierung<\/h3>\n\n\n\n<p>Die Webanalyse (auch als \u201eReich\u00adwei\u00adten\u00admessung\u201d bezeichnet) dient der Auswertung der Besucher\u00adstr\u00f6me unseres Online\u00adan\u00adgebots und kann Verhalten, Inter\u00adessen oder demogra\u00adfische Infor\u00adma\u00adtionen zu den Besuchern, wie beispiels\u00adweise Alter oder Geschlecht, als pseud\u00adonyme Werte umfassen. Mithilfe der Reich\u00adwei\u00adten\u00adanalyse k\u00f6nnen wir zum Beispiel erkennen, zu welcher Zeit unser Online\u00adan\u00adgebot oder dessen Funktionen bezie\u00adhungs\u00adweise Inhalte am h\u00e4ufigsten genutzt werden, oder zur Wieder\u00adver\u00adwendung einladen. Ebenso ist es uns m\u00f6glich, nachzu\u00advoll\u00adziehen, welche Bereiche der Optimierung bed\u00fcrfen.<\/p>\n\n\n\n<p>Neben der Webanalyse k\u00f6nnen wir auch Testver\u00adfahren einsetzen, um etwa unter\u00adschied\u00adliche Versionen unseres Online\u00adan\u00adgebots oder seiner Bestand\u00adteile zu testen und zu optimieren.<\/p>\n\n\n\n<p>Sofern nachfolgend nicht anders angegeben, k\u00f6nnen zu diesen Zwecken Profile, also zu einem Nutzungs\u00advorgang zusam\u00admen\u00adge\u00adfasste Daten, angelegt und Infor\u00adma\u00adtionen in einem Browser bzw. in einem Endger\u00e4t gespei\u00adchert und dann ausge\u00adlesen werden. Zu den erhobenen Angaben geh\u00f6ren insbe\u00adsondere besuchte Websites und dort genutzte Elemente sowie technische Ausk\u00fcnfte, wie etwa der verwendete Browser, das benutzte Compu\u00adter\u00adsystem sowie Angaben zu Nutzungs\u00adzeiten. Sofern sich Nutzer in die Erhebung ihrer Stand\u00adort\u00addaten uns gegen\u00fcber oder gegen\u00fcber den Anbietern der von uns einge\u00adsetzten Dienste einver\u00adstanden erkl\u00e4rt haben, ist auch die Verar\u00adbeitung von Stand\u00adort\u00addaten m\u00f6glich.<\/p>\n\n\n\n<p>Dar\u00fcber hinaus werden die IP-Adressen der Nutzer gespei\u00adchert. Jedoch nutzen wir ein IP-Masking-Verfahren (d. h. Pseud\u00adony\u00admi\u00adsierung durch K\u00fcrzung der IP-Adresse) zum Schutz der Nutzer. Generell werden die im Rahmen von Webanalyse, A\/B\u2011Testings und Optimierung keine Klardaten der Nutzer (wie z.&nbsp;B. E\u2011Mail-Adressen oder Namen) gespei\u00adchert, sondern Pseud\u00adonyme. Das hei\u00dft, wir als auch die Anbieter der einge\u00adsetzten Software kennen nicht die tats\u00e4ch\u00adliche Identit\u00e4t der Nutzer, sondern nur die zum Zweck der jewei\u00adligen Verfahren in deren Profilen gespei\u00adcherten Angaben.<\/p>\n\n\n\n<p>Hinweise zu Rechts\u00adgrund\u00adlagen: Sofern wir die Nutzer um deren Einwil\u00adligung in den Einsatz der Dritt\u00adan\u00adbieter bitten, stellt die Rechts\u00adgrundlage der Daten\u00adver\u00adar\u00adbeitung die Einwil\u00adligung dar. Ansonsten werden die Nutzer\u00addaten auf Grundlage unserer berech\u00adtigten Inter\u00adessen (d. h. Interesse an effizi\u00adenten, wirtschaft\u00adlichen und empf\u00e4n\u00adger\u00adfreund\u00adlichen Leistungen) verar\u00adbeitet. In diesem Zusam\u00admenhang m\u00f6chten wir Sie auch auf die Infor\u00adma\u00adtionen zur Verwendung von Cookies in dieser Daten\u00adschutz\u00ader\u00adkl\u00e4rung hinweisen.<\/p>\n\n\n\n<ul class=\"wp-block-list\">\n<li><strong>Verar\u00adbeitete Daten\u00adarten:<\/strong> Nutzungs\u00addaten (z. B. Seiten\u00adaufrufe und Verweil\u00addauer, Klick\u00adpfade, Nutzungs\u00adin\u00adten\u00adsit\u00e4t und \u2011frequenz, verwendete Ger\u00e4te\u00adtypen und Betriebs\u00adsysteme, Inter\u00adak\u00adtionen mit Inhalten und Funktionen). Meta\u2011, Kommu\u00adni\u00adka\u00adtions- und Verfah\u00adrens\u00addaten (z. B. IP-Adressen, Zeitan\u00adgaben, Identi\u00adfi\u00adka\u00adti\u00adons\u00adnummern, betei\u00adligte Personen).<\/li>\n\n\n\n<li><strong>Betroffene Personen:<\/strong> Nutzer (z.&nbsp;B. Websei\u00adten\u00adbe\u00adsucher, Nutzer von Online\u00addiensten).<\/li>\n\n\n\n<li><strong>Zwecke der Verar\u00adbeitung:<\/strong> Reich\u00adwei\u00adten\u00admessung (z.&nbsp;B. Zugriffs\u00adsta\u00adtis\u00adtiken, Erkennung wieder\u00adkeh\u00adrender Besucher). Profile mit nutzer\u00adbe\u00adzo\u00adgenen Infor\u00adma\u00adtionen (Erstellen von Nutzer\u00adpro\u00adfilen).<\/li>\n\n\n\n<li><strong>Aufbe\u00adwahrung und L\u00f6schung:<\/strong> L\u00f6schung entspre\u00adchend Angaben im Abschnitt \u201cAllge\u00admeine Infor\u00adma\u00adtionen zur Daten\u00adspei\u00adcherung und L\u00f6schung\u201d. Speicherung von Cookies von bis zu 2 Jahren (Sofern nicht anders angegeben, k\u00f6nnen Cookies und \u00e4hnliche Speicher\u00adme\u00adthoden f\u00fcr einen Zeitraum von zwei Jahren auf den Ger\u00e4ten der Nutzer gespei\u00adchert werden.).<\/li>\n\n\n\n<li><strong>Sicher\u00adheits\u00adma\u00df\u00adnahmen:<\/strong> IP-Masking (Pseud\u00adony\u00admi\u00adsierung der IP-Adresse).<\/li>\n\n\n\n<li><strong>Rechts\u00adgrund\u00adlagen:<\/strong> Einwil\u00adligung (Art. 6 Abs. 1 S. 1 lit. a) DSGVO). Berech\u00adtigte Inter\u00adessen (Art. 6 Abs. 1 S. 1 lit. f) DSGVO).<\/li>\n<\/ul>\n\n\n\n<p><strong>Weitere Hinweise zu Verar\u00adbei\u00adtungs\u00adpro\u00adzessen, Verfahren und Diensten:<\/strong><\/p>\n\n\n\n<ul class=\"wp-block-list\">\n<li><strong>Google Tag Manager: <\/strong>Wir verwenden den Google Tag Manager, eine Software von Google, das es uns erm\u00f6g\u00adlicht, sogenannte Website-Tags zentral \u00fcber eine Benut\u00adzer\u00adober\u00adfl\u00e4che zu verwalten. Tags sind kleine Code-Elemente auf unserer Webseite, die dazu dienen, Besucher\u00adak\u00adti\u00advi\u00adt\u00e4ten zu erfassen und zu analy\u00adsieren. Diese Techno\u00adlogie unter\u00adst\u00fctzt uns dabei, unsere Webseite und die darauf angebo\u00adtenen Inhalte zu verbessern. Der Google Tag Manager selbst erstellt keine Nutzer\u00adprofile, speichert keine Cookies mit Nutzer\u00adpro\u00adfilen und f\u00fchrt keine eigen\u00adst\u00e4n\u00addigen Analysen durch. Seine Funktion beschr\u00e4nkt sich darauf, die Einbindung und Verwaltung von Tools und Diensten, die wir auf unserer Webseite nutzen, zu verein\u00adfachen und effizi\u00adenter zu gestalten. Trotzdem wird bei der Nutzung des Google Tag Managers die IP-Adresse der Nutzer an Google \u00fcbermittelt, was aus techni\u00adschen Gr\u00fcnden erfor\u00adderlich ist, um die von uns verwen\u00addeten Dienste zu imple\u00admen\u00adtieren. Auch k\u00f6nnen dabei Cookies gesetzt werden. Diese Daten\u00adver\u00adar\u00adbeitung erfolgt jedoch nur, wenn \u00fcber den Tag Manager Dienste einge\u00adbunden werden. F\u00fcr genauere Infor\u00adma\u00adtionen zu diesen Diensten und ihrer Daten\u00adver\u00adar\u00adbeitung verweisen wir auf die weiter\u00adf\u00fch\u00adrenden Abschnitte dieser Daten\u00adschutz\u00ader\u00adkl\u00e4rung; <strong>Dienst\u00adan\u00adbieter:<\/strong> Google Ireland Limited, Gordon House, Barrow Street, Dublin 4, Irland; <strong>Rechts\u00adgrund\u00adlagen:<\/strong> Einwil\u00adligung (Art. 6 Abs. 1 S. 1 lit. a) DSGVO); <strong>Website:<\/strong> <a href=\"https:\/\/marketingplatform.google.com\" target=\"_blank\" rel=\"noreferrer noopener\">https:\/\/marketingplatform.google.com<\/a>; <strong>Daten\u00adschutz\u00ader\u00adkl\u00e4rung:<\/strong> <a href=\"https:\/\/policies.google.com\/privacy\" target=\"_blank\" rel=\"noreferrer noopener\">https:\/\/policies.google.com\/privacy<\/a>; <strong>Auftrags\u00adver\u00adar\u00adbei\u00adtungs\u00advertrag:<\/strong><br><a href=\"https:\/\/business.safety.google\/adsprocessorterms\" target=\"_blank\" rel=\"noreferrer noopener\">https:\/\/business.safety.google\/adsprocessorterms<\/a>. <strong>Grundlage Dritt\u00adland\u00adtransfers:<\/strong> Data Privacy Framework (DPF), Standard\u00adver\u00adtrags\u00adklauseln (<a href=\"https:\/\/business.safety.google\/adsprocessorterms\" target=\"_blank\" rel=\"noreferrer noopener\">https:\/\/business.safety.google\/adsprocessorterms<\/a>).<\/li>\n<\/ul>\n\n\n\n<h3 class=\"wp-block-heading\" id=\"m264\">Online\u00admar\u00adketing<\/h3>\n\n\n\n<p>Wir verar\u00adbeiten perso\u00adnen\u00adbe\u00adzogene Daten zum Zweck des Online\u00admar\u00adke\u00adtings, worunter insbe\u00adsondere die Vermarktung von Werbe\u00adfl\u00e4chen oder die Darstellung von werbenden und sonstigen Inhalten (zusam\u00admen\u00adfassend als \u201eInhalte\u201d bezeichnet) anhand poten\u00adzi\u00adeller Inter\u00adessen der Nutzer sowie die Messung ihrer Effek\u00adti\u00advit\u00e4t fallen k\u00f6nnen.<\/p>\n\n\n\n<p>Zu diesen Zwecken werden sogenannte Nutzer\u00adprofile angelegt und in einer Datei (der sogenannte \u201eCookie\u201d) gespei\u00adchert oder \u00e4hnliche Verfahren genutzt, mittels derer die f\u00fcr die Darstellung der vorge\u00adnannten Inhalte relevanten Angaben zum Nutzer gespei\u00adchert werden. Hierzu k\u00f6nnen beispiels\u00adweise betrachtete Inhalte, besuchte Websites, genutzte Online\u00adnetz\u00adwerke, aber auch Kommu\u00adni\u00adka\u00adti\u00adons\u00adpartner und technische Angaben geh\u00f6ren, wie etwa der verwendete Browser, das benutzte Compu\u00adter\u00adsystem sowie Ausk\u00fcnfte zu Nutzungs\u00adzeiten und genutzten Funktionen. Sofern Nutzer in die Erhebung ihrer Stand\u00adort\u00addaten einge\u00adwilligt haben, k\u00f6nnen auch diese verar\u00adbeitet werden.<\/p>\n\n\n\n<p>Zudem werden die IP-Adressen der Nutzer gespei\u00adchert. Jedoch nutzen wir zur Verf\u00fcgung stehende IP-Masking-Verfahren (d. h. Pseud\u00adony\u00admi\u00adsierung durch K\u00fcrzung der IP-Adresse) zum Nutzer\u00adschutz. Generell werden im Rahmen des Online\u00admar\u00adke\u00adting\u00adver\u00adfahrens keine Klardaten der Nutzer (wie z.&nbsp;B. E\u2011Mail-Adressen oder Namen) gespei\u00adchert, sondern Pseud\u00adonyme. Das hei\u00dft, wir als auch die Anbieter der Online\u00admar\u00adke\u00adting\u00adver\u00adfahren kennen nicht die tats\u00e4ch\u00adliche Nutzer\u00adiden\u00adtit\u00e4t, sondern nur die in deren Profilen gespei\u00adcherten Angaben.<\/p>\n\n\n\n<p>Die Aussagen in den Profilen werden im Regelfall in den Cookies oder mittels \u00e4hnlicher Verfahren gespei\u00adchert. Diese Cookies k\u00f6nnen sp\u00e4ter generell auch auf anderen Websites, die dasselbe Online\u00admar\u00adke\u00adting\u00adver\u00adfahren einsetzen, ausge\u00adlesen und zum Zweck der Darstellung von Inhalten analy\u00adsiert sowie mit weiteren Daten erg\u00e4nzt und auf dem Server des Online\u00admar\u00adke\u00adting\u00adver\u00adfah\u00adrens\u00adan\u00adbieters gespei\u00adchert werden.<\/p>\n\n\n\n<p>Ausnahms\u00adweise ist es m\u00f6glich, Klardaten den Profilen zuzuordnen, vornehmlich dann, wenn die Nutzer zum Beispiel Mitglieder eines sozialen Netzwerks sind, dessen Online\u00admar\u00adke\u00adting\u00adver\u00adfahren wir einsetzen und das Netzwerk die Nutzer\u00adprofile mit den vorge\u00adnannten Angaben verbindet. Wir bitten darum, zu beachten, dass Nutzer mit den Anbietern zus\u00e4tz\u00adliche Abreden treffen k\u00f6nnen, etwa durch Einwil\u00adligung im Rahmen der Regis\u00adtrierung.<\/p>\n\n\n\n<p>Wir erhalten grund\u00ads\u00e4tzlich nur Zugang zu zusam\u00admen\u00adge\u00adfassten Infor\u00adma\u00adtionen \u00fcber den Erfolg unserer Werbe\u00adan\u00adzeigen. Jedoch k\u00f6nnen wir im Rahmen sogenannter Konver\u00adsi\u00adons\u00admes\u00adsungen pr\u00fcfen, welche unserer Online\u00admar\u00adke\u00adting\u00adver\u00adfahren zu einer sogenannten Konversion gef\u00fchrt haben, d. h. beispiels\u00adweise zu einem Vertrags\u00adschluss mit uns. Die Konver\u00adsi\u00adons\u00admessung wird alleine zur Erfolgs\u00adanalyse unserer Marke\u00adting\u00adma\u00df\u00adnahmen verwendet.<\/p>\n\n\n\n<p>Solange nicht anders angegeben, bitten wir Sie, davon auszu\u00adgehen, dass einge\u00adsetzte Cookies f\u00fcr einen Zeitraum von zwei Jahren gespei\u00adchert werden.<\/p>\n\n\n\n<p><strong>Hinweise zu Rechts\u00adgrund\u00adlagen:<\/strong> Sofern wir die Nutzer um deren Einwil\u00adligung in den Einsatz der Dritt\u00adan\u00adbieter bitten, stellt die Rechts\u00adgrundlage der Daten\u00adver\u00adar\u00adbeitung die Erlaubnis dar. Ansonsten werden die Daten der Nutzer auf Grundlage unserer berech\u00adtigten Inter\u00adessen (d. h. Interesse an effizi\u00adenten, wirtschaft\u00adlichen und empf\u00e4n\u00adger\u00adfreund\u00adlichen Leistungen) verar\u00adbeitet. In diesem Zusam\u00admenhang m\u00f6chten wir Sie auch auf die Infor\u00adma\u00adtionen zur Verwendung von Cookies in dieser Daten\u00adschutz\u00ader\u00adkl\u00e4rung hinweisen.<\/p>\n\n\n\n<p><strong>Hinweise zum Widerruf und Wider\u00adspruch:<\/strong><\/p>\n\n\n\n<p>Wir verweisen auf die Daten\u00adschutz\u00adhin\u00adweise der jewei\u00adligen Anbieter und die zu den Anbietern angege\u00adbenen Wider\u00adspruchs\u00adm\u00f6g\u00adlich\u00adkeiten (sog. \u201cOpt-Out\u201d). Sofern keine explizite Opt-Out-M\u00f6glichkeit angegeben wurde, besteht zum einen die M\u00f6glichkeit, dass Sie Cookies in den Einstel\u00adlungen Ihres Browsers abschalten. Hierdurch k\u00f6nnen jedoch Funktionen unseres Online\u00adan\u00adge\u00adbotes einge\u00adschr\u00e4nkt werden. Wir empfehlen daher zus\u00e4tzlich die folgenden Opt-Out-M\u00f6glich\u00adkeiten, die zusam\u00admen\u00adfassend auf jeweilige Gebiete gerichtet angeboten werden:<\/p>\n\n\n\n<p>a) Europa: <a href=\"https:\/\/www.youronlinechoices.eu\" target=\"_blank\" rel=\"noreferrer noopener\">https:\/\/www.youronlinechoices.eu.<\/a><\/p>\n\n\n\n<p>b) Kanada: <a href=\"https:\/\/youradchoices.ca\/\" target=\"_blank\" rel=\"noreferrer noopener\">https:\/\/youradchoices.ca\/.<\/a><\/p>\n\n\n\n<p>c) USA: <a href=\"https:\/\/optout.aboutads.info\/\" target=\"_blank\" rel=\"noreferrer noopener\">https:\/\/optout.aboutads.info\/.<\/a><\/p>\n\n\n\n<p>d) Gebiets\u00ad\u00fcber\u00adgreifend: <a href=\"https:\/\/optout.aboutads.info\" target=\"_blank\" rel=\"noreferrer noopener\">https:\/\/optout.aboutads.info.<\/a><\/p>\n\n\n\n<ul class=\"wp-block-list\">\n<li><strong>Verar\u00adbeitete Daten\u00adarten:<\/strong> Nutzungs\u00addaten (z. B. Seiten\u00adaufrufe und Verweil\u00addauer, Klick\u00adpfade, Nutzungs\u00adin\u00adten\u00adsit\u00e4t und \u2011frequenz, verwendete Ger\u00e4te\u00adtypen und Betriebs\u00adsysteme, Inter\u00adak\u00adtionen mit Inhalten und Funktionen). Meta\u2011, Kommu\u00adni\u00adka\u00adtions- und Verfah\u00adrens\u00addaten (z. B. IP-Adressen, Zeitan\u00adgaben, Identi\u00adfi\u00adka\u00adti\u00adons\u00adnummern, betei\u00adligte Personen).<\/li>\n\n\n\n<li><strong>Betroffene Personen:<\/strong> Nutzer (z.&nbsp;B. Websei\u00adten\u00adbe\u00adsucher, Nutzer von Online\u00addiensten).<\/li>\n\n\n\n<li><strong>Zwecke der Verar\u00adbeitung:<\/strong> Reich\u00adwei\u00adten\u00admessung (z.&nbsp;B. Zugriffs\u00adsta\u00adtis\u00adtiken, Erkennung wieder\u00adkeh\u00adrender Besucher); Tracking (z.&nbsp;B. inter\u00adessens-\/verhal\u00adtens\u00adbe\u00adzo\u00adgenes Profiling, Nutzung von Cookies); Zielgrup\u00adpen\u00adbildung; Marketing; Profile mit nutzer\u00adbe\u00adzo\u00adgenen Infor\u00adma\u00adtionen (Erstellen von Nutzer\u00adpro\u00adfilen). Konver\u00adsi\u00adons\u00admessung (Messung der Effek\u00adti\u00advit\u00e4t von Marke\u00adting\u00adma\u00df\u00adnahmen).<\/li>\n\n\n\n<li><strong>Aufbe\u00adwahrung und L\u00f6schung:<\/strong> L\u00f6schung entspre\u00adchend Angaben im Abschnitt \u201cAllge\u00admeine Infor\u00adma\u00adtionen zur Daten\u00adspei\u00adcherung und L\u00f6schung\u201d. Speicherung von Cookies von bis zu 2 Jahren (Sofern nicht anders angegeben, k\u00f6nnen Cookies und \u00e4hnliche Speicher\u00adme\u00adthoden f\u00fcr einen Zeitraum von zwei Jahren auf den Ger\u00e4ten der Nutzer gespei\u00adchert werden.).<\/li>\n\n\n\n<li><strong>Sicher\u00adheits\u00adma\u00df\u00adnahmen:<\/strong> IP-Masking (Pseud\u00adony\u00admi\u00adsierung der IP-Adresse).<\/li>\n\n\n\n<li><strong>Rechts\u00adgrund\u00adlagen:<\/strong> Einwil\u00adligung (Art. 6 Abs. 1 S. 1 lit. a) DSGVO). Berech\u00adtigte Inter\u00adessen (Art. 6 Abs. 1 S. 1 lit. f) DSGVO).<\/li>\n<\/ul>\n\n\n\n<p><strong>Weitere Hinweise zu Verar\u00adbei\u00adtungs\u00adpro\u00adzessen, Verfahren und Diensten:<\/strong><\/p>\n\n\n\n<ul class=\"wp-block-list\">\n<li><strong>Google Ads und Konver\u00adsi\u00adons\u00admessung: <\/strong>Online-Marketing-Verfahren zum Zwecke der Platzierung von Inhalten und Anzeigen innerhalb des Werbe\u00adnetz\u00adwerks des Diens\u00adte\u00adan\u00adbieters (z.&nbsp;B. in Suchergeb\u00adnissen, in Videos, auf Webseiten usw.), so dass sie Nutzern angezeigt werden, die ein mutma\u00df\u00adliches Interesse an den Anzeigen haben. Dar\u00fcber hinaus messen wir die Konversion der Anzeigen, d.&nbsp;h. ob die Nutzer sie zum Anlass genommen haben, mit den Anzeigen zu inter\u00adagieren und die bewor\u00adbenen Angebote zu nutzen (sog. Konver\u00adsionen). Wir erhalten jedoch nur anonyme Infor\u00adma\u00adtionen und keine pers\u00f6n\u00adlichen Infor\u00adma\u00adtionen \u00fcber einzelne Nutzer; <strong>Dienst\u00adan\u00adbieter:<\/strong> Google Ireland Limited, Gordon House, Barrow Street, Dublin 4, Irland; <strong>Rechts\u00adgrund\u00adlagen:<\/strong> Einwil\u00adligung (Art. 6 Abs. 1 S. 1 lit. a) DSGVO), Berech\u00adtigte Inter\u00adessen (Art. 6 Abs. 1 S. 1 lit. f) DSGVO); <strong>Website:<\/strong> <a href=\"https:\/\/marketingplatform.google.com\" target=\"_blank\" rel=\"noreferrer noopener\">https:\/\/marketingplatform.google.com<\/a>; <strong>Daten\u00adschutz\u00ader\u00adkl\u00e4rung:<\/strong> <a href=\"https:\/\/policies.google.com\/privacy\" target=\"_blank\" rel=\"noreferrer noopener\">https:\/\/policies.google.com\/privacy<\/a>; <strong>Grundlage Dritt\u00adland\u00adtransfers:<\/strong> Data Privacy Framework (DPF); <strong>Weitere Infor\u00adma\u00adtionen:<\/strong> Arten der Verar\u00adbeitung sowie der verar\u00adbei\u00adteten Daten: <a href=\"https:\/\/business.safety.google\/adsservices\/\" target=\"_blank\" rel=\"noreferrer noopener\">https:\/\/business.safety.google\/adsservices\/<\/a>. Daten\u00adver\u00adar\u00adbei\u00adtungs\u00adbe\u00addin\u00adgungen zwischen Verant\u00adwort\u00adlichen und Standard\u00adver\u00adtrags\u00adklauseln f\u00fcr Dritt\u00adland\u00adtransfers von Daten: <a href=\"https:\/\/business.safety.google\/adscontrollerterms\" target=\"_blank\" rel=\"noreferrer noopener\">https:\/\/business.safety.google\/adscontrollerterms<\/a>.<\/li>\n<\/ul>\n\n\n\n<h3 class=\"wp-block-heading\" id=\"m135\">Affiliate-Programme und Affiliate-Links<\/h3>\n\n\n\n<p>In unser Online\u00adan\u00adgebot binden wir sogenannte Affiliate-Links oder andere Verweise (zu denen z.&nbsp;B. Suchmasken, Widgets oder Rabatt-Codes geh\u00f6ren k\u00f6nnen) auf die Angebote und Leistungen von Dritt\u00adan\u00adbietern ein (zusam\u00admen\u00adfassend bezeichnet als \u201cAffiliate-Links\u201d). Wenn Nutzer den Affiliate-Links folgen, bzw. anschlie\u00dfend die Angebote wahrnehmen, k\u00f6nnen wir von diesen Dritt\u00adan\u00adbietern eine Provision oder sonstige Vorteile erhalten (zusam\u00admen\u00adfassend bezeichnet als \u201cProvision\u201d).<\/p>\n\n\n\n<p>Um nachver\u00adfolgen zu k\u00f6nnen, ob die Nutzer die Angebote eines von uns einge\u00adsetzten Affiliate-Links wahrge\u00adnommen haben, ist es notwendig, dass die jewei\u00adligen Dritt\u00adan\u00adbieter erfahren, dass die Nutzer einem innerhalb unseres Online\u00adan\u00adge\u00adbotes einge\u00adsetzten Affiliate-Link gefolgt sind. Die Zuordnung der Affiliate-Links zu den jewei\u00adligen Gesch\u00e4fts\u00adab\u00adschl\u00fcssen oder zu sonstigen Aktionen (z.&nbsp;B. K\u00e4ufen) dient alleine dem Zweck der Provi\u00adsi\u00adons\u00adab\u00adrechnung und wird aufge\u00adhoben, sobald sie f\u00fcr den Zweck nicht mehr erfor\u00adderlich ist.<\/p>\n\n\n\n<p>F\u00fcr die Zwecke der vorge\u00adnannten Zuordnung der Affiliate-Links k\u00f6nnen die Affiliate-Links um bestimmte Werte erg\u00e4nzt werden, die ein Bestandteil des Links sind oder ander\u00adweitig, z.&nbsp;B. in einem Cookie, gespei\u00adchert werden k\u00f6nnen. Zu den Werten k\u00f6nnen insbe\u00adsondere die Ausgangs\u00adweb\u00adseite (Referrer), der Zeitpunkt, eine Online-Kennung der Betreiber der Webseite, auf der sich der Affiliate-Link befand, eine Online-Kennung des jewei\u00adligen Angebotes, die Art des verwen\u00addeten Links, die Art des Angebotes und eine Online-Kennung des Nutzers geh\u00f6ren.<\/p>\n\n\n\n<p><strong>Hinweise zu Rechts\u00adgrund\u00adlagen:<\/strong> Sofern wir die Nutzer um deren Einwil\u00adligung in den Einsatz der Dritt\u00adan\u00adbieter bitten, ist die Rechts\u00adgrundlage der Verar\u00adbeitung von Daten die Einwil\u00adligung. Ansonsten werden die Daten der Nutzer auf Grundlage unserer berech\u00adtigten Inter\u00adessen (d.&nbsp;h. Interesse an effizi\u00adenten, wirtschaft\u00adlichen und empf\u00e4n\u00adger\u00adfreund\u00adlichen Leistungen) verar\u00adbeitet. In diesem Zusam\u00admenhang m\u00f6chten wir Sie auch auf die Infor\u00adma\u00adtionen zur Verwendung von Cookies in dieser Daten\u00adschutz\u00ader\u00adkl\u00e4rung hinweisen.<\/p>\n\n\n\n<ul class=\"wp-block-list\">\n<li><strong>Verar\u00adbeitete Daten\u00adarten:<\/strong> Vertrags\u00addaten (z.&nbsp;B. Vertrags\u00adge\u00adgen\u00adstand, Laufzeit, Kunden\u00adka\u00adte\u00adgorie); Nutzungs\u00addaten (z. B. Seiten\u00adaufrufe und Verweil\u00addauer, Klick\u00adpfade, Nutzungs\u00adin\u00adten\u00adsit\u00e4t und \u2011frequenz, verwendete Ger\u00e4te\u00adtypen und Betriebs\u00adsysteme, Inter\u00adak\u00adtionen mit Inhalten und Funktionen). Meta\u2011, Kommu\u00adni\u00adka\u00adtions- und Verfah\u00adrens\u00addaten (z. B. IP-Adressen, Zeitan\u00adgaben, Identi\u00adfi\u00adka\u00adti\u00adons\u00adnummern, betei\u00adligte Personen).<\/li>\n\n\n\n<li><strong>Betroffene Personen:<\/strong> Inter\u00ades\u00adsenten. Nutzer (z.&nbsp;B. Websei\u00adten\u00adbe\u00adsucher, Nutzer von Online\u00addiensten).<\/li>\n\n\n\n<li><strong>Zwecke der Verar\u00adbeitung:<\/strong> Affiliate-Nachver\u00adfolgung.<\/li>\n\n\n\n<li><strong>Aufbe\u00adwahrung und L\u00f6schung:<\/strong> L\u00f6schung entspre\u00adchend Angaben im Abschnitt \u201cAllge\u00admeine Infor\u00adma\u00adtionen zur Daten\u00adspei\u00adcherung und L\u00f6schung\u201d.<\/li>\n\n\n\n<li><strong>Rechts\u00adgrund\u00adlagen:<\/strong> Einwil\u00adligung (Art. 6 Abs. 1 S. 1 lit. a) DSGVO). Berech\u00adtigte Inter\u00adessen (Art. 6 Abs. 1 S. 1 lit. f) DSGVO).<\/li>\n<\/ul>\n\n\n\n<p><strong>Weitere Hinweise zu Verar\u00adbei\u00adtungs\u00adpro\u00adzessen, Verfahren und Diensten:<\/strong><\/p>\n\n\n\n<ul class=\"wp-block-list\">\n<li><strong>Digis\u00adtore24-Partner\u00adpro\u00adgramm: <\/strong>Affilia\u00adte\u00admar\u00adketing-Partner\u00adpro\u00adgramm; <strong>Dienst\u00adan\u00adbieter:<\/strong> Digistore24 GmbH, St.-Godehard-Stra\u00dfe 32, 31139 Hildesheim, Deutschland; <strong>Rechts\u00adgrund\u00adlagen:<\/strong> Berech\u00adtigte Inter\u00adessen (Art. 6 Abs. 1 S. 1 lit. f) DSGVO); <strong>Website:<\/strong> <a href=\"https:\/\/www.digistore24.com\" target=\"_blank\" rel=\"noreferrer noopener\">https:\/\/www.digistore24.com<\/a>. <strong>Daten\u00adschutz\u00ader\u00adkl\u00e4rung:<\/strong> <a href=\"https:\/\/www.digistore24.com\/page\/privacy\" target=\"_blank\" rel=\"noreferrer noopener\">https:\/\/www.digistore24.com\/page\/privacy<\/a>.<\/li>\n<\/ul>\n\n\n\n<h3 class=\"wp-block-heading\" id=\"m627\">Angebot eines Affiliate-Programms<\/h3>\n\n\n\n<p>Wir bieten ein Affiliate-Programm an, d.&nbsp;h., Provi\u00adsionen oder sonstige Vorteile (zusam\u00admen\u00adfassend bezeichnet als \u201cProvision\u201d) f\u00fcr Nutzer (bezeichnet als \u201cAffiliates\u201d), die auf unsere Angebote und Leistungen verweisen. Der Verweis erfolgt mittels eines dem jewei\u00adligen Affiliate zugeord\u00adneten Links oder anderer Methoden (z.&nbsp;B. Rabatt-Codes), die es uns erlauben, zu erkennen, dass die Inanspruch\u00adnahme unserer Leistungen auf dem Verweis beruhte (zusam\u00admen\u00adfassend bezeichnet als \u201cAffiliate-Links\u201d).<\/p>\n\n\n\n<p>Um nachver\u00adfolgen zu k\u00f6nnen, ob die Nutzer unsere Leistungen aufgrund der von den Affiliates einge\u00adsetzten Affiliate-Links wahrge\u00adnommen haben, ist es notwendig, dass wir erfahren, dass die Nutzer einem Affiliate-Link gefolgt sind. Die Zuordnung der Affiliate-Links zu den jewei\u00adligen Gesch\u00e4fts\u00adab\u00adschl\u00fcssen oder zur sonstigen Inanspruch\u00adnahme unserer Leistungen dient alleine dem Zweck der Provi\u00adsi\u00adons\u00adab\u00adrechnung und wird aufge\u00adhoben, sobald sie f\u00fcr den Zweck nicht mehr erfor\u00adderlich ist.<\/p>\n\n\n\n<p>F\u00fcr die Zwecke der vorge\u00adnannten Zuordnung der Affiliate-Links k\u00f6nnen die Affiliate-Links um bestimmte Werte erg\u00e4nzt werden, die ein Bestandteil des Links sind oder ander\u00adweitig, z.&nbsp;B. in einem Cookie, gespei\u00adchert werden k\u00f6nnen. Zu den Werten k\u00f6nnen insbe\u00adsondere die Ausgangs\u00adweb\u00adseite (Referrer), der Zeitpunkt, eine Online-Kennung der Betreiber der Webseite, auf der sich der Affiliate-Link befand, eine Online-Kennung \u2014 Dieser Textbe\u00adreich muss mit einer Premium Lizenz freischaltet werden. \u2014 premi\u00adumtext premi\u00adumtext premi\u00adumtext premi\u00adumtext premi\u00adumtext premi\u00adumtext premi\u00adumtext premi\u00adumtext premi\u00adumtext premi\u00adumtext premi\u00adumtext premi\u00adumtext premi\u00adumtext premi\u00adumtext premi\u00adumtext premi\u00adumtext premi\u00adumtext premi\u00adumtext premi\u00adumtext premi\u00adumtext premi\u00adumtext premi\u00adumtext premi\u00adumtext premi\u00adumtext premi\u00adumtext premi\u00adumtext premi\u00adumtext premi\u00adumtext premi\u00adumtext premi\u00adumtext premi\u00adumtext premi\u00adumtext premi\u00adumtext premi\u00adumtext premi\u00adumtext premi\u00adumtext premi\u00adumtext premi\u00adumtext premi\u00adumtext premi\u00adumtext premi\u00adumtext premi\u00adumtext premi\u00adumtext premi\u00adumtext premi\u00adumtext premi\u00adumtext<\/p>\n\n\n\n<ul class=\"wp-block-list\">\n<li><strong>Verar\u00adbeitete Daten\u00adarten:<\/strong> Vertrags\u00addaten (z.&nbsp;B. Vertrags\u00adge\u00adgen\u00adstand, Laufzeit, Kunden\u00adka\u00adte\u00adgorie \u2014 Dieser Textbe\u00adreich muss mit einer Premium Lizenz freischaltet werden. \u2014 premi\u00adumtext premi\u00adumtext ); Nutzungs\u00addaten (z. B. Seiten\u00adaufrufe und Verweil\u00addauer, Klick\u00adpfade, Nutzungs\u00adin\u00adten\u00adsit\u00e4t und \u2011frequenz, verwendete Ger\u00e4te\u00adtypen und Betriebs\u00adsysteme, Inter\u00adak\u00adtionen mit \u2014 Dieser Textbe\u00adreich muss mit einer Premium Lizenz freischaltet werden. \u2014 premi\u00adumtext premi\u00adumtext premi\u00adumtext premi\u00adumtext premi\u00adumtext ). Proto\u00adkoll\u00addaten (z.&nbsp;B. Logfiles betreffend Logins oder den Abruf von Daten \u2014 Dieser Textbe\u00adreich muss mit einer Premium Lizenz freischaltet werden. \u2014 premi\u00adumtext premi\u00adumtext premi\u00adumtext premi\u00adumtext ).<\/li>\n\n\n\n<li><strong>Betroffene Personen:<\/strong> Nutzer (z.&nbsp;B. Websei\u00adten\u00adbe\u00adsucher, Nutzer von \u2014 Dieser Textbe\u00adreich muss mit einer Premium Lizenz freischaltet werden. \u2014 premi\u00adumtext premi\u00adumtext premi\u00adumtext ). Gesch\u00e4fts- und Vertrags\u00adpartner.<\/li>\n\n\n\n<li><strong>Zwecke der Verar\u00adbeitung:<\/strong> Erbringung vertrag\u00adlicher Leistungen und Erf\u00fcllung vertrag\u00adlicher Pflichten. Affiliate-Nachver\u00adfolgung.<\/li>\n\n\n\n<li><strong>Aufbe\u00adwahrung und L\u00f6schung:<\/strong> L\u00f6schung entspre\u00adchend Angaben im Abschnitt \u201cAllge\u00admeine Infor\u00adma\u00adtionen zur Daten\u00adspei\u00adcherung und L\u00f6schung\u201d.<\/li>\n\n\n\n<li><strong>Rechts\u00adgrund\u00adlagen:<\/strong> Berech\u00adtigte Inter\u00adessen (Art. 6 Abs. 1 S. 1 lit. f) DSGVO).<\/li>\n<\/ul>\n\n\n\n<h3 class=\"wp-block-heading\" id=\"m299\">Kunden\u00adre\u00adzen\u00adsionen und Bewer\u00adtungs\u00adver\u00adfahren<\/h3>\n\n\n\n<p>Wir nehmen an Rezen\u00adsions- und Bewer\u00adtungs\u00adver\u00adfahren teil, um unsere Leistungen zu evalu\u00adieren, zu optimieren und zu bewerben. Wenn Nutzer uns \u00fcber die betei\u00adligten Bewer\u00adtungs\u00adplatt\u00adformen oder \u2011verfahren bewerten oder ander\u00adweitig Feedback geben, gelten zus\u00e4tzlich die Allge\u00admeinen Gesch\u00e4fts- oder Nutzungs\u00adbe\u00addin\u00adgungen und die Daten\u00adschutz\u00adhin\u00adweise der Anbieter. Im Regelfall setzt die Bewertung zudem eine Regis\u00adtrierung bei den jewei\u00adligen Anbietern voraus.<\/p>\n\n\n\n<p>Um sicher\u00adzu\u00adstellen, dass die bewer\u00adtenden Personen tats\u00e4chlich unsere Leistungen in Anspruch genommen haben, \u00fcbermitteln wir mit Einwil\u00adligung der Kunden die hierzu erfor\u00adder\u00adlichen Daten im Hinblick auf den Kunden und die in Anspruch genommene Leistung an die jeweilige Bewer\u00adtungs\u00adplattform (einschlie\u00dflich Name, E\u2011Mail-Adresse und Bestell\u00adnummer bzw. Artikel\u00adnummer). Diese Daten werden alleine zur Verifi\u00adzierung der Authen\u00adti\u00adzit\u00e4t des Nutzers verwendet.<\/p>\n\n\n\n<ul class=\"wp-block-list\">\n<li><strong>Verar\u00adbeitete Daten\u00adarten:<\/strong> Vertrags\u00addaten (z.&nbsp;B. Vertrags\u00adge\u00adgen\u00adstand, Laufzeit, Kunden\u00adka\u00adte\u00adgorie); Nutzungs\u00addaten (z. B. Seiten\u00adaufrufe und Verweil\u00addauer, Klick\u00adpfade, Nutzungs\u00adin\u00adten\u00adsit\u00e4t und \u2011frequenz, verwendete Ger\u00e4te\u00adtypen und Betriebs\u00adsysteme, Inter\u00adak\u00adtionen mit Inhalten und Funktionen). Meta\u2011, Kommu\u00adni\u00adka\u00adtions- und Verfah\u00adrens\u00addaten (z. B. IP-Adressen, Zeitan\u00adgaben, Identi\u00adfi\u00adka\u00adti\u00adons\u00adnummern, betei\u00adligte Personen).<\/li>\n\n\n\n<li><strong>Betroffene Personen:<\/strong> Leistungs\u00ademp\u00adf\u00e4nger und Auftrag\u00adgeber. Nutzer (z.&nbsp;B. Websei\u00adten\u00adbe\u00adsucher, Nutzer von Online\u00addiensten).<\/li>\n\n\n\n<li><strong>Zwecke der Verar\u00adbeitung:<\/strong> Feedback (z.&nbsp;B. Sammeln von Feedback via Online-Formular). Marketing.<\/li>\n\n\n\n<li><strong>Rechts\u00adgrund\u00adlagen:<\/strong> Berech\u00adtigte Inter\u00adessen (Art. 6 Abs. 1 S. 1 lit. f) DSGVO). Einwil\u00adligung (Art. 6 Abs. 1 S. 1 lit. a) DSGVO).<\/li>\n<\/ul>\n\n\n\n<p><strong>Weitere Hinweise zu Verar\u00adbei\u00adtungs\u00adpro\u00adzessen, Verfahren und Diensten:<\/strong><\/p>\n\n\n\n<ul class=\"wp-block-list\">\n<li><strong>Bewer\u00adtungs-Widget: <\/strong>Wir binden in unser Online\u00adan\u00adgebot sogenannte \u201cBewer\u00adtungs-Widgets\u201d ein. Ein Widget ist ein in unser Online\u00adan\u00adgebot einge\u00adbun\u00addenes Funktions- und Inhalts\u00adelement, das ver\u00e4n\u00adder\u00adliche Infor\u00adma\u00adtionen anzeigt. Es kann z.&nbsp;B. in Form eines Siegels oder vergleich\u00adbaren Elements, zum Teil auch \u201cBadge\u201d genannt, darge\u00adstellt werden. Dabei wird der entspre\u00adchende Inhalt des Widgets zwar innerhalb unseres Online\u00adan\u00adge\u00adbotes darge\u00adstellt, er wird aber in diesem Moment von den Servern des jewei\u00adligen Widgets-Anbieters abgerufen. Nur so kann immer der aktuelle Inhalt gezeigt werden, vor allem die jeweils aktuelle Bewertung. Daf\u00fcr muss eine Daten\u00adver\u00adbindung von der innerhalb unseres Online\u00adan\u00adge\u00adbotes aufge\u00adru\u00adfenen Webseite zu dem Server des Widgets-Anbieters aufgebaut werden und der Widgets-Anbieter erh\u00e4lt gewisse technische Daten (Zugriffs\u00addaten, inklusive IP-Adresse), die n\u00f6tig sind, damit der Inhalt des Widgets an den Browser des Nutzers ausge\u00adliefert werden kann. Des Weiteren erh\u00e4lt der Widgets-Anbieter Infor\u00adma\u00adtionen dar\u00fcber, dass Nutzer unser Online\u00adan\u00adgebot besucht haben. Diese Infor\u00adma\u00adtionen k\u00f6nnen in einem Cookie gespei\u00adchert und von dem Widgets-Anbieter verwendet werden, um zu erkennen, welche Online\u00adan\u00adgebote, die am dem Bewer\u00adtungs\u00adver\u00adfahren teilnehmen, von dem Nutzer besucht worden sind. Die Infor\u00adma\u00adtionen k\u00f6nnen in einem Nutzer\u00adprofil gespei\u00adchert und f\u00fcr Werbe- oder Markt\u00adfor\u00adschungs\u00adzwecke verwendet werden; <strong>Rechts\u00adgrund\u00adlagen:<\/strong> Berech\u00adtigte Inter\u00adessen (Art. 6 Abs. 1 S. 1 lit. f) DSGVO).<\/li>\n\n\n\n<li><strong>bewertet.de: <\/strong>Bewer\u00adtungs\u00adplattform; <strong>Dienst\u00adan\u00adbieter:<\/strong> salesworker.com GmbH, Kattenbug 2, 50667 K\u00f6ln, Deutschland; <strong>Rechts\u00adgrund\u00adlagen:<\/strong> Berech\u00adtigte Inter\u00adessen (Art. 6 Abs. 1 S. 1 lit. f) DSGVO); <strong>Website:<\/strong> <a href=\"https:\/\/www.bewertet.de\" target=\"_blank\" rel=\"noreferrer noopener\">https:\/\/www.bewertet.de<\/a>. <strong>Daten\u00adschutz\u00ader\u00adkl\u00e4rung:<\/strong> <a href=\"https:\/\/www.bewertet.de\/datenschutz\" target=\"_blank\" rel=\"noreferrer noopener\">https:\/\/www.bewertet.de\/datenschutz<\/a>.<\/li>\n\n\n\n<li><strong>Proven\u00adExpert: <\/strong>Bewer\u00adtungs\u00adplattform; <strong>Dienst\u00adan\u00adbieter:<\/strong> Expert Systems AG, Quedlin\u00adburger Strasse 1, 10589 Berlin, Deutschland; <strong>Rechts\u00adgrund\u00adlagen:<\/strong> Berech\u00adtigte Inter\u00adessen (Art. 6 Abs. 1 S. 1 lit. f) DSGVO); <strong>Website:<\/strong> <a href=\"https:\/\/www.provenexpert.com\/de-de\/\" target=\"_blank\" rel=\"noreferrer noopener\">https:\/\/www.provenexpert.com\/de-de\/<\/a>. <strong>Daten\u00adschutz\u00ader\u00adkl\u00e4rung:<\/strong> <a href=\"https:\/\/www.provenexpert.com\/de-de\/datenschutzbestimmungen\/\" target=\"_blank\" rel=\"noreferrer noopener\">https:\/\/www.provenexpert.com\/de-de\/datenschutzbestimmungen\/<\/a>.<\/li>\n\n\n\n<li><strong>Trusted Shops (Trusted\u00adbadge): <\/strong>Bewer\u00adtungs\u00adplattform \u2014 Im Rahmen der zwischen uns und Trusted Shops bestehenden gemein\u00adsamen Verant\u00adwort\u00adlichkeit wenden Sie sich bei Daten\u00adschutz\u00adfragen und zur Geltend\u00adma\u00adchung Ihrer Rechte bitte bevorzugt an Trusted Shops unter Nutzung der in den Daten\u00adschutz\u00adin\u00adfor\u00adma\u00adtionen angege\u00adbenen Kontakt\u00adm\u00f6g\u00adlich\u00adkeiten. Unabh\u00e4ngig davon k\u00f6nnen Sie sich aber immer an den Verant\u00adwort\u00adlichen Ihrer Wahl wenden. Ihre Anfrage wird dann, falls erfor\u00adderlich, zur Beant\u00adwortung an den weiteren Verant\u00adwort\u00adlichen weiter\u00adge\u00adgeben.<br><br>Das Trust\u00adbadge wird durch einen US-ameri\u00adka\u00adni\u00adschen CDN-Anbieter (Content-Delivery-Network) zur Verf\u00fcgung gestellt. Ein angemes\u00adsenes Daten\u00adschutz\u00adniveau ist durch Standard\u00adda\u00adten\u00adschutz\u00adklauseln und weitere vertrag\u00adliche Ma\u00dfnahmen sicher\u00adge\u00adstellt.<br>Bei Aufruf des Trust\u00adbadges speichert der Webserver automa\u00adtisch ein sogenanntes Server-Logfile, das auch Ihre IP-Adresse, Datum und Uhrzeit des Abrufs, \u00fcbertragene Daten\u00admenge und den anfra\u00adgenden Provider (Zugriffs\u00addaten) enth\u00e4lt und den Abruf dokumen\u00adtiert. Die IP-Adresse wird unmit\u00adtelbar nach der Erhebung anony\u00admi\u00adsiert, sodass die gespei\u00adcherten Daten Ihrer Person nicht zugeordnet werden k\u00f6nnen. Die anony\u00admi\u00adsierten Daten werden insbe\u00adsondere f\u00fcr statis\u00adtische Zwecke und zur Fehler\u00adanalyse genutzt.<br><br>Sofern Sie Ihre Einwil\u00adligung erteilt haben, greift das Trust\u00adbadge nach Bestell\u00adab\u00adschluss auf in Ihrer Endein\u00adrichtung gespei\u00adcherte Bestell\u00adin\u00adfor\u00adma\u00adtionen (Bestell\u00adsumme, Bestell\u00adnummer, ggf. gekauftes Produkt) sowie E\u2011Mailadresse zu und Ihre E\u2011Mail-Adresse wird per krypto\u00adlo\u00adgi\u00adscher Einweg\u00adfunktion gehasht. Der Hash-Wert wird anschlie\u00dfend mit den Bestell\u00adin\u00adfor\u00adma\u00adtionen gem. Art. 6 Abs. 1 S. 1 lit. a DSGVO an Trusted Shops \u00fcbermittelt. Dies dient der \u00dcberpr\u00fcfung, ob Sie bereits f\u00fcr Dienste von Trusted Shops regis\u00adtriert sind. Ist dies der Fall, so erfolgt die weitere Verar\u00adbeitung gem\u00e4\u00df der zwischen Ihnen und Trusted Shops getrof\u00adfenen vertrag\u00adlichen Verein\u00adbarung. Sofern Sie noch nicht f\u00fcr die Services regis\u00adtriert sind oder Ihre Einwil\u00adligung zur automa\u00adti\u00adschen Erkennung \u00fcber das Trust\u00adbadge nicht erteilen, erhalten Sie im Anschluss die M\u00f6glichkeit, sich manuell f\u00fcr die Nutzung der Services zu regis\u00adtrieren bzw. die Absicherung im Rahmen Ihres ggf. bereits bestehenden Nutzungs\u00adver\u00adtrages abzuschlie\u00dfen.<br><br>Das Trust\u00adbadge greift zu diesem Zwecke nach Abschluss Ihrer Bestellung auf folgende Infor\u00adma\u00adtionen zu, die in der von Ihnen verwen\u00addeten Endein\u00adrichtung gespei\u00adchert sind: Bestell\u00adsumme, Bestell\u00adnummer und E\u2011Mail-Adresse. Dies ist erfor\u00adderlich, damit wir Ihnen den K\u00e4ufer\u00adschutz anbieten k\u00f6nnen. Eine \u00dcbermittlung der Daten an Trusted Shops erfolgt erst, wenn Sie sich aktiv f\u00fcr den Abschluss des K\u00e4ufer\u00adschutzes durch Klick auf den entspre\u00adchend bezeich\u00adneten Button in der sogenannten Trustcard entscheiden. Sofern Sie sich f\u00fcr die Nutzung der Services entscheiden, richtet sich die weitere Verar\u00adbeitung nach der vertrag\u00adlichen Verein\u00adbarung mit Trusted Shops gem. Art. 6 Abs. 1 lit. b DSGVO, um Ihre Regis\u00adtrierung f\u00fcr den K\u00e4ufer\u00adschutz abschlie\u00dfen und die Bestellung absichern zu k\u00f6nnen sowie Ihnen ggf. im Anschluss Bewer\u00adtungs\u00adein\u00adla\u00addungen per E\u2011Mail zusenden zu k\u00f6nnen.<br><br>Trusted Shops setzt Dienst\u00adleister in den Bereichen Hosting, Monitoring und Logging ein. Rechts\u00adgrundlage ist Art. 6 Abs. 1 lit. f DSGVO zum Zwecke der Sicher\u00adstellung eines st\u00f6rungs\u00adfreien Betriebs. Dabei kann eine Verar\u00adbeitung in Dritt\u00adl\u00e4ndern (USA und Israel) statt\u00adfinden. Ein angemes\u00adsenes Daten\u00adschutz\u00adniveau ist im Falle der USA durch Standard\u00adda\u00adten\u00adschutz\u00adklauseln und weitere vertrag\u00adliche Ma\u00dfnahmen sowie im Falle von Israel durch einen Angemes\u00adsen\u00adheits\u00adbe\u00adschluss sicher\u00adge\u00adstellt.<br>; <strong>Dienst\u00adan\u00adbieter:<\/strong> Trusted Shops GmbH, Subbel\u00adrather Str. 15C, 50823 K\u00f6ln, Deutschland; <strong>Rechts\u00adgrund\u00adlagen:<\/strong> Einwil\u00adligung (Art. 6 Abs. 1 S. 1 lit. a) DSGVO), Berech\u00adtigte Inter\u00adessen (Art. 6 Abs. 1 S. 1 lit. f) DSGVO); <strong>Website:<\/strong> <a href=\"https:\/\/www.trustedshops.de\" target=\"_blank\" rel=\"noreferrer noopener\">https:\/\/www.trustedshops.de<\/a>. <strong>Daten\u00adschutz\u00ader\u00adkl\u00e4rung:<\/strong> <a href=\"https:\/\/www.trustedshops.de\/impressum-datenschutz\/\" target=\"_blank\" rel=\"noreferrer noopener\">https:\/\/www.trustedshops.de\/impressum-datenschutz\/<\/a>.<\/li>\n\n\n\n<li><strong>wer kennt den BESTEN: <\/strong>Bewer\u00adtungs\u00adplattform; <strong>Dienst\u00adan\u00adbieter:<\/strong> 11880 Solutions AG and 11880 Internet Services AG:, each Hohen\u00adzol\u00adlernstr. 24, 45128 Essen, Deutschland; <strong>Rechts\u00adgrund\u00adlagen:<\/strong> Berech\u00adtigte Inter\u00adessen (Art. 6 Abs. 1 S. 1 lit. f) DSGVO); <strong>Website:<\/strong> <a href=\"https:\/\/www.werkenntdenbesten.de\/\" target=\"_blank\" rel=\"noreferrer noopener\">https:\/\/www.werkenntdenbesten.de\/<\/a>. <strong>Daten\u00adschutz\u00ader\u00adkl\u00e4rung:<\/strong> <a href=\"https:\/\/unternehmen.11880.com\/datenschutz\" target=\"_blank\" rel=\"noreferrer noopener\">https:\/\/unternehmen.11880.com\/datenschutz<\/a>.<\/li>\n<\/ul>\n\n\n\n<h3 class=\"wp-block-heading\" id=\"m136\">Pr\u00e4senzen in sozialen Netzwerken (Social Media)<\/h3>\n\n\n\n<p>Wir unter\u00adhalten Online\u00adpr\u00e4\u00adsenzen innerhalb sozialer Netzwerke und verar\u00adbeiten in diesem Rahmen Nutzer\u00addaten, um mit den dort aktiven Nutzern zu kommu\u00adni\u00adzieren oder Infor\u00adma\u00adtionen \u00fcber uns anzubieten.<\/p>\n\n\n\n<p>Wir weisen darauf hin, dass dabei Nutzer\u00addaten au\u00dferhalb des Raumes der Europ\u00e4i\u00adschen Union verar\u00adbeitet werden k\u00f6nnen. Hierdurch k\u00f6nnen sich f\u00fcr die Nutzer Risiken ergeben, weil so zum Beispiel die Durch\u00adsetzung der Nutzer\u00adrechte erschwert werden k\u00f6nnte.<\/p>\n\n\n\n<p>Ferner werden die Daten der Nutzer innerhalb sozialer Netzwerke im Regelfall f\u00fcr Markt\u00adfor\u00adschungs- und Werbe\u00adzwecke verar\u00adbeitet. So k\u00f6nnen beispiels\u00adweise anhand des Nutzungs\u00adver\u00adhaltens und sich daraus ergebender Inter\u00adessen der Nutzer Nutzungs\u00adprofile erstellt werden. Letztere finden m\u00f6gli\u00adcher\u00adweise wiederum Verwendung, um etwa Werbe\u00adan\u00adzeigen innerhalb und au\u00dferhalb der Netzwerke zu schalten, die mutma\u00dflich den Inter\u00adessen der Nutzer entsprechen. Daher werden im Regelfall Cookies auf den Rechnern der Nutzer gespei\u00adchert, in denen das Nutzungs\u00adver\u00adhalten und die Inter\u00adessen der Nutzer gespei\u00adchert werden. Zudem k\u00f6nnen in den Nutzungs\u00adpro\u00adfilen auch Daten unabh\u00e4ngig der von den Nutzern verwen\u00addeten Ger\u00e4ten gespei\u00adchert werden (insbe\u00adsondere, wenn sie Mitglieder der jewei\u00adligen Platt\u00adformen und dort einge\u00adloggt sind).<\/p>\n\n\n\n<p>F\u00fcr eine detail\u00adlierte Darstellung der jewei\u00adligen Verar\u00adbei\u00adtungs\u00adformen und der Wider\u00adspruchs\u00adm\u00f6g\u00adlich\u00adkeiten (Opt-out) verweisen wir auf die Daten\u00adschutz\u00ader\u00adkl\u00e4\u00adrungen und Angaben der Betreiber der jewei\u00adligen Netzwerke.<\/p>\n\n\n\n<p>Auch im Fall von Auskunfts\u00adan\u00adfragen und der Geltend\u00adma\u00adchung von Betrof\u00adfe\u00adnen\u00adrechten weisen wir darauf hin, dass diese am effek\u00adtivsten bei den Anbietern geltend gemacht werden k\u00f6nnen. Nur Letztere haben jeweils Zugriff auf die Nutzer\u00addaten und k\u00f6nnen direkt entspre\u00adchende Ma\u00dfnahmen ergreifen und Ausk\u00fcnfte geben. Sollten Sie dennoch Hilfe ben\u00f6tigen, dann k\u00f6nnen Sie sich an uns wenden.<\/p>\n\n\n\n<ul class=\"wp-block-list\">\n<li><strong>Verar\u00adbeitete Daten\u00adarten:<\/strong> Kontakt\u00addaten (z.&nbsp;B. Post- und E\u2011Mail-Adressen oder Telefon\u00adnummern); Inhalts\u00addaten (z. B. textliche oder bildliche Nachrichten und Beitr\u00e4ge sowie die sie betref\u00adfenden Infor\u00adma\u00adtionen, wie z. B. Angaben zur Autoren\u00adschaft oder Zeitpunkt der Erstellung). Nutzungs\u00addaten (z. B. Seiten\u00adaufrufe und Verweil\u00addauer, Klick\u00adpfade, Nutzungs\u00adin\u00adten\u00adsit\u00e4t und \u2011frequenz, verwendete Ger\u00e4te\u00adtypen und Betriebs\u00adsysteme, Inter\u00adak\u00adtionen mit Inhalten und Funktionen).<\/li>\n\n\n\n<li><strong>Betroffene Personen:<\/strong> Nutzer (z.&nbsp;B. Websei\u00adten\u00adbe\u00adsucher, Nutzer von Online\u00addiensten).<\/li>\n\n\n\n<li><strong>Zwecke der Verar\u00adbeitung:<\/strong> Kommu\u00adni\u00adkation; Feedback (z.&nbsp;B. Sammeln von Feedback via Online-Formular). \u00d6ffent\u00adlich\u00adkeits\u00adarbeit.<\/li>\n\n\n\n<li><strong>Aufbe\u00adwahrung und L\u00f6schung:<\/strong> L\u00f6schung entspre\u00adchend Angaben im Abschnitt \u201cAllge\u00admeine Infor\u00adma\u00adtionen zur Daten\u00adspei\u00adcherung und L\u00f6schung\u201d.<\/li>\n\n\n\n<li><strong>Rechts\u00adgrund\u00adlagen:<\/strong> Berech\u00adtigte Inter\u00adessen (Art. 6 Abs. 1 S. 1 lit. f) DSGVO).<\/li>\n<\/ul>\n\n\n\n<p><strong>Weitere Hinweise zu Verar\u00adbei\u00adtungs\u00adpro\u00adzessen, Verfahren und Diensten:<\/strong><\/p>\n\n\n\n<ul class=\"wp-block-list\">\n<li><strong>Instagram: <\/strong>Soziales Netzwerk, erm\u00f6g\u00adlicht das Teilen von Fotos und Videos, das Kommen\u00adtieren und Favori\u00adsieren von Beitr\u00e4gen, Nachrich\u00adten\u00adversand, Abonnieren von Profilen und Seiten; <strong>Dienst\u00adan\u00adbieter:<\/strong> Meta Platforms Ireland Limited, Merrion Road, Dublin 4, D04 X2K5, Irland; <strong>Rechts\u00adgrund\u00adlagen:<\/strong> Berech\u00adtigte Inter\u00adessen (Art. 6 Abs. 1 S. 1 lit. f) DSGVO); <strong>Website:<\/strong> <a href=\"https:\/\/www.instagram.com\" target=\"_blank\" rel=\"noreferrer noopener\">https:\/\/www.instagram.com<\/a>; <strong>Daten\u00adschutz\u00ader\u00adkl\u00e4rung:<\/strong> <a href=\"https:\/\/privacycenter.instagram.com\/policy\/\" target=\"_blank\" rel=\"noreferrer noopener\">https:\/\/privacycenter.instagram.com\/policy\/<\/a>. <strong>Grundlage Dritt\u00adland\u00adtransfers:<\/strong> Data Privacy Framework (DPF).<\/li>\n\n\n\n<li><strong>Facebook-Seiten: <\/strong>Profile innerhalb des sozialen Netzwerks Facebook \u2014 Der Verant\u00adwort\u00adliche ist gemeinsam mit Meta Platforms Ireland Limited f\u00fcr die Erhebung und \u00dcbermittlung von Daten der Besucher unserer Facebook-Seite (\u201eFanpage\u201d) verant\u00adwortlich. Dazu geh\u00f6ren insbe\u00adsondere Infor\u00adma\u00adtionen \u00fcber das Nutzer\u00adver\u00adhalten (z.&nbsp;B. angesehene oder inter\u00adagierte Inhalte, durch\u00adge\u00adf\u00fchrte Handlungen) sowie Ger\u00e4te\u00adin\u00adfor\u00adma\u00adtionen (z.&nbsp;B. IP-Adresse, Betriebs\u00adsystem, Browsertyp, Sprach\u00adein\u00adstel\u00adlungen, Cookie-Daten). N\u00e4heres hierzu findet sich in der Facebook-Daten\u00adricht\u00adlinie: <a href=\"https:\/\/www.facebook.com\/privacy\/policy\/\" target=\"_blank\" rel=\"noreferrer noopener\">https:\/\/www.facebook.com\/privacy\/policy\/.<\/a> Facebook verwendet diese Daten auch, um uns \u00fcber den Dienst \u201eSeiten-Insights\u201d statis\u00adtische Auswer\u00adtungen bereit\u00adzu\u00adstellen, die Aufschluss dar\u00fcber geben, wie Personen mit unserer Seite und deren Inhalten inter\u00adagieren. Grundlage hierf\u00fcr ist eine Verein\u00adbarung mit Facebook (\u201eInfor\u00adma\u00adtionen zu Seiten-Insights\u201d: <a href=\"https:\/\/www.facebook.com\/legal\/terms\/page_controller_addendum\" target=\"_blank\" rel=\"noreferrer noopener\">https:\/\/www.facebook.com\/legal\/terms\/page_controller_addendum<\/a>), in der unter anderem Sicher\u00adheits\u00adma\u00df\u00adnahmen sowie die Wahrnehmung der Betrof\u00adfe\u00adnen\u00adrechte geregelt sind. Weitere Hinweise finden sich hier: <a href=\"https:\/\/www.facebook.com\/legal\/terms\/information_about_page_insights_data\" target=\"_blank\" rel=\"noreferrer noopener\">https:\/\/www.facebook.com\/legal\/terms\/information_about_page_insights_data.<\/a> Nutzer k\u00f6nnen Auskunfts- oder L\u00f6schungs\u00adan\u00adfragen daher direkt an Facebook richten. Die Rechte der Nutzer (insbe\u00adsondere Auskunft, L\u00f6schung, Wider\u00adspruch, Beschwerde bei einer Aufsichts\u00adbe\u00adh\u00f6rde) bleiben hiervon unber\u00fchrt. Die gemeinsame Verant\u00adwort\u00adlichkeit beschr\u00e4nkt sich ausschlie\u00dflich auf die Erhebung der Daten durch Meta Platforms Ireland Limited (EU). F\u00fcr die weitere Verar\u00adbeitung, einschlie\u00dflich einer m\u00f6glichen \u00dcbermittlung an Meta Platforms Inc. in den USA, ist allein Meta Platforms Ireland Limited verant\u00adwortlich; <strong>Dienst\u00adan\u00adbieter:<\/strong> Meta Platforms Ireland Limited, Merrion Road, Dublin 4, D04 X2K5, Irland; <strong>Rechts\u00adgrund\u00adlagen:<\/strong> Berech\u00adtigte Inter\u00adessen (Art. 6 Abs. 1 S. 1 lit. f) DSGVO); <strong>Website:<\/strong> <a href=\"https:\/\/www.facebook.com\" target=\"_blank\" rel=\"noreferrer noopener\">https:\/\/www.facebook.com<\/a>; <strong>Daten\u00adschutz\u00ader\u00adkl\u00e4rung:<\/strong> <a href=\"https:\/\/www.facebook.com\/privacy\/policy\/\" target=\"_blank\" rel=\"noreferrer noopener\">https:\/\/www.facebook.com\/privacy\/policy\/<\/a>. <strong>Grundlage Dritt\u00adland\u00adtransfers:<\/strong> Data Privacy Framework (DPF), Standard\u00adver\u00adtrags\u00adklauseln (<a href=\"https:\/\/www.facebook.com\/legal\/EU_data_transfer_addendum\" target=\"_blank\" rel=\"noreferrer noopener\">https:\/\/www.facebook.com\/legal\/EU_data_transfer_addendum<\/a>).<\/li>\n\n\n\n<li><strong>LinkedIn: <\/strong>Soziales Netzwerk \u2014 Wir sind gemeinsam mit LinkedIn Irland Unlimited Company f\u00fcr die Erhebung (jedoch nicht die weitere Verar\u00adbeitung) von Daten der Besucher verant\u00adwortlich, die zur Erstellung der \u201ePage-Insights\u201d (Statis\u00adtiken) unserer LinkedIn-Profile genutzt werden. Zu diesen Daten geh\u00f6ren Infor\u00adma\u00adtionen \u00fcber die Arten von Inhalten, die Nutzer sich ansehen oder mit denen sie inter\u00adagieren, sowie die von ihnen vorge\u00adnom\u00admenen Handlungen. Au\u00dferdem werden Details \u00fcber die genutzten Ger\u00e4te erfasst, wie z.&nbsp;B. IP-Adressen, Betriebs\u00adsystem, Browsertyp, Sprach\u00adein\u00adstel\u00adlungen und Cookie-Daten, sowie Angaben aus den Nutzer\u00adpro\u00adfilen, wie Berufs\u00adfunktion, Land, Branche, Hierar\u00adchie\u00adebene, Unter\u00adneh\u00admens\u00adgr\u00f6\u00dfe und Besch\u00e4f\u00adti\u00adgungs\u00adstatus. Daten\u00adschutz\u00adin\u00adfor\u00adma\u00adtionen zur Verar\u00adbeitung von Nutzer\u00addaten durch LinkedIn k\u00f6nnen den Daten\u00adschutz\u00adhin\u00adweisen von LinkedIn entnommen werden: <a href=\"https:\/\/www.linkedin.com\/legal\/privacy-policy\" target=\"_blank\" rel=\"noreferrer noopener\">https:\/\/www.linkedin.com\/legal\/privacy-policy.<\/a><br>Wir haben mit LinkedIn Irland eine spezielle Verein\u00adbarung geschlossen (\u201ePage Insights Joint Controller Addendum\u201d, <a href=\"https:\/\/legal.linkedin.com\/pages-joint-controller-addendum\" target=\"_blank\" rel=\"noreferrer noopener\">https:\/\/legal.linkedin.com\/pages-joint-controller-addendum<\/a>), in der insbe\u00adsondere geregelt wird, welche Sicher\u00adheits\u00adma\u00df\u00adnahmen LinkedIn beachten muss und in der LinkedIn sich bereit erkl\u00e4rt hat, die Rechte der Betrof\u00adfenen zu erf\u00fcllen (d. h. Nutzer k\u00f6nnen z.&nbsp;B. Auskunfts- oder L\u00f6schungs\u00adan\u00adfragen direkt an LinkedIn richten). Die Rechte der Nutzer (insbe\u00adsondere das Recht auf Auskunft, L\u00f6schung, Wider\u00adspruch und Beschwerde bei der zust\u00e4n\u00addigen Aufsichts\u00adbe\u00adh\u00f6rde) werden durch die Verein\u00adba\u00adrungen mit LinkedIn nicht einge\u00adschr\u00e4nkt. Die gemeinsame Verant\u00adwort\u00adlichkeit beschr\u00e4nkt sich auf die Erhebung und \u00dcbermittlung der Daten an LinkedIn Irland Unlimited Company, ein Unter\u00adnehmen mit Sitz in der EU. Die weitere Verar\u00adbeitung der Daten obliegt ausschlie\u00dflich LinkedIn Irland Unlimited Company, insbe\u00adsondere was die \u00dcbermittlung der Daten an die Mutter\u00adge\u00adsell\u00adschaft LinkedIn Corpo\u00adration in den USA betrifft; <strong>Dienst\u00adan\u00adbieter:<\/strong> LinkedIn Ireland Unlimited Company, Wilton Place, Dublin 2, Irland; <strong>Rechts\u00adgrund\u00adlagen:<\/strong> Berech\u00adtigte Inter\u00adessen (Art. 6 Abs. 1 S. 1 lit. f) DSGVO); <strong>Website:<\/strong> <a href=\"https:\/\/www.linkedin.com\" target=\"_blank\" rel=\"noreferrer noopener\">https:\/\/www.linkedin.com<\/a>; <strong>Daten\u00adschutz\u00ader\u00adkl\u00e4rung:<\/strong> <a href=\"https:\/\/www.linkedin.com\/legal\/privacy-policy\" target=\"_blank\" rel=\"noreferrer noopener\">https:\/\/www.linkedin.com\/legal\/privacy-policy<\/a>; <strong>Grundlage Dritt\u00adland\u00adtransfers:<\/strong> Data Privacy Framework (DPF), Standard\u00adver\u00adtrags\u00adklauseln (<a href=\"https:\/\/legal.linkedin.com\/dpa\" target=\"_blank\" rel=\"noreferrer noopener\">https:\/\/legal.linkedin.com\/dpa<\/a>). <strong>Wider\u00adspruchs\u00adm\u00f6g\u00adlichkeit (Opt-Out):<\/strong> <a href=\"https:\/\/www.linkedin.com\/psettings\/guest-controls\/retargeting-opt-out\" target=\"_blank\" rel=\"noreferrer noopener\">https:\/\/www.linkedin.com\/psettings\/guest-controls\/retargeting-opt-out<\/a>.<\/li>\n\n\n\n<li><strong>Pinterest: <\/strong>Soziales Netzwerk, erm\u00f6g\u00adlicht das Teilen von Fotos, Kommen\u00adtieren, Favori\u00adsieren und Kuratieren von Beitr\u00e4gen, Nachrich\u00adten\u00adversand, Abonnieren von Profilen; <strong>Dienst\u00adan\u00adbieter:<\/strong> Pinterest Europe Limited, 2nd Floor, Palmerston House, Fenian Street, Dublin 2, Irland; <strong>Rechts\u00adgrund\u00adlagen:<\/strong> Berech\u00adtigte Inter\u00adessen (Art. 6 Abs. 1 S. 1 lit. f) DSGVO); <strong>Website:<\/strong> <a href=\"https:\/\/www.pinterest.com\" target=\"_blank\" rel=\"noreferrer noopener\">https:\/\/www.pinterest.com<\/a>. <strong>Daten\u00adschutz\u00ader\u00adkl\u00e4rung:<\/strong> <a href=\"https:\/\/policy.pinterest.com\/de\/privacy-policy\" target=\"_blank\" rel=\"noreferrer noopener\">https:\/\/policy.pinterest.com\/de\/privacy-policy<\/a>.<\/li>\n\n\n\n<li><strong>X: <\/strong>Soziales Netzwerk; <strong>Dienst\u00adan\u00adbieter:<\/strong> X Internet Unlimited Company, One Cumberland Place, Fenian Street, Dublin 2 D02 AX07, Irland; <strong>Rechts\u00adgrund\u00adlagen:<\/strong> Berech\u00adtigte Inter\u00adessen (Art. 6 Abs. 1 S. 1 lit. f) DSGVO); <strong>Website:<\/strong> <a href=\"https:\/\/x.com\" target=\"_blank\" rel=\"noreferrer noopener\">https:\/\/x.com<\/a>. <strong>Daten\u00adschutz\u00ader\u00adkl\u00e4rung:<\/strong> <a href=\"https:\/\/x.com\/de\/privacy\" target=\"_blank\" rel=\"noreferrer noopener\">https:\/\/x.com\/de\/privacy<\/a>.<\/li>\n\n\n\n<li><strong>YouTube: <\/strong>Soziales Netzwerk und Video\u00adplattform; <strong>Dienst\u00adan\u00adbieter:<\/strong> Google Ireland Limited, Gordon House, Barrow Street, Dublin 4, Irland; <strong>Rechts\u00adgrund\u00adlagen:<\/strong> Berech\u00adtigte Inter\u00adessen (Art. 6 Abs. 1 S. 1 lit. f) DSGVO); <strong>Daten\u00adschutz\u00ader\u00adkl\u00e4rung:<\/strong> <a href=\"https:\/\/policies.google.com\/privacy\" target=\"_blank\" rel=\"noreferrer noopener\">https:\/\/policies.google.com\/privacy<\/a>; <strong>Grundlage Dritt\u00adland\u00adtransfers:<\/strong> Data Privacy Framework (DPF). <strong>Wider\u00adspruchs\u00adm\u00f6g\u00adlichkeit (Opt-Out):<\/strong> <a href=\"https:\/\/myadcenter.google.com\/personalizationoff\" target=\"_blank\" rel=\"noreferrer noopener\">https:\/\/myadcenter.google.com\/personalizationoff<\/a>.<\/li>\n\n\n\n<li><strong>Xing: <\/strong>Soziales Netzwerk; <strong>Dienst\u00adan\u00adbieter:<\/strong> New Work SE, Am Strandkai 1, 20457 Hamburg, Deutschland; <strong>Rechts\u00adgrund\u00adlagen:<\/strong> Berech\u00adtigte Inter\u00adessen (Art. 6 Abs. 1 S. 1 lit. f) DSGVO); <strong>Website:<\/strong> <a href=\"https:\/\/www.xing.com\/\" target=\"_blank\" rel=\"noreferrer noopener\">https:\/\/www.xing.com\/<\/a>. <strong>Daten\u00adschutz\u00ader\u00adkl\u00e4rung:<\/strong> <a href=\"https:\/\/privacy.xing.com\/de\/datenschutzerklaerung\" target=\"_blank\" rel=\"noreferrer noopener\">https:\/\/privacy.xing.com\/de\/datenschutzerklaerung<\/a>.<\/li>\n<\/ul>\n\n\n\n<h3 class=\"wp-block-heading\" id=\"m328\">Plug-ins und einge\u00adbettete Funktionen sowie Inhalte<\/h3>\n\n\n\n<p>Wir binden Funktions- und Inhalts\u00adele\u00admente in unser Online\u00adan\u00adgebot ein, die von den Servern ihrer jewei\u00adligen Anbieter (nachfolgend als \u201eDritt\u00adan\u00adbieter\u201d bezeichnet) bezogen werden. Dabei kann es sich zum Beispiel um Grafiken, Videos oder Stadt\u00adpl\u00e4ne handeln (nachfolgend einheitlich als \u201eInhalte\u201d bezeichnet).<\/p>\n\n\n\n<p>Die Einbindung setzt immer voraus, dass die Dritt\u00adan\u00adbieter dieser Inhalte die IP-Adresse der Nutzer verar\u00adbeiten, da sie ohne IP-Adresse die Inhalte nicht an deren Browser senden k\u00f6nnten. Die IP-Adresse ist damit f\u00fcr die Darstellung dieser Inhalte oder Funktionen erfor\u00adderlich. Wir bem\u00fchen uns, nur solche Inhalte zu verwenden, deren jeweilige Anbieter die IP-Adresse lediglich zur Auslie\u00adferung der Inhalte anzuwenden. Dritt\u00adan\u00adbieter k\u00f6nnen ferner sogenannte Pixel-Tags (unsichtbare Grafiken, auch als \u201eWeb Beacons\u201d bezeichnet) f\u00fcr statis\u00adtische oder Marke\u00adting\u00adzwecke einsetzen. Durch die \u201ePixel-Tags\u201d k\u00f6nnen Infor\u00adma\u00adtionen, wie etwa der Besucher\u00adverkehr auf den Seiten dieser Website, ausge\u00adwertet werden. Die pseud\u00adonymen Infor\u00adma\u00adtionen k\u00f6nnen dar\u00fcber hinaus in Cookies auf dem Ger\u00e4t der Nutzer gespei\u00adchert werden und unter anderem technische Ausk\u00fcnfte zum Browser und zum Betriebs\u00adsystem, zu verwei\u00adsenden Websites, zur Besuchszeit sowie weitere Angaben zur Nutzung unseres Online\u00adan\u00adgebots enthalten, aber auch mit solchen Infor\u00adma\u00adtionen aus anderen Quellen verbunden werden.<\/p>\n\n\n\n<p><strong>Hinweise zu Rechts\u00adgrund\u00adlagen:<\/strong> Sofern wir die Nutzer um ihre Einwil\u00adligung in den Einsatz der Dritt\u00adan\u00adbieter bitten, stellt die Rechts\u00adgrundlage der Daten\u00adver\u00adar\u00adbeitung die Erlaubnis dar. Ansonsten werden die Nutzer\u00addaten auf Grundlage unserer berech\u00adtigten Inter\u00adessen (d. h. Interesse an effizi\u00adenten, wirtschaft\u00adlichen und empf\u00e4n\u00adger\u00adfreund\u00adlichen Leistungen) verar\u00adbeitet. In diesem Zusam\u00admenhang m\u00f6chten wir Sie auch auf die Infor\u00adma\u00adtionen zur Verwendung von Cookies in dieser Daten\u00adschutz\u00ader\u00adkl\u00e4rung hinweisen.<\/p>\n\n\n\n<ul class=\"wp-block-list\">\n<li><strong>Verar\u00adbeitete Daten\u00adarten:<\/strong> Nutzungs\u00addaten (z. B. Seiten\u00adaufrufe und Verweil\u00addauer, Klick\u00adpfade, Nutzungs\u00adin\u00adten\u00adsit\u00e4t und \u2011frequenz, verwendete Ger\u00e4te\u00adtypen und Betriebs\u00adsysteme, Inter\u00adak\u00adtionen mit Inhalten und Funktionen); Meta\u2011, Kommu\u00adni\u00adka\u00adtions- und Verfah\u00adrens\u00addaten (z. B. IP-Adressen, Zeitan\u00adgaben, Identi\u00adfi\u00adka\u00adti\u00adons\u00adnummern, betei\u00adligte Personen); Event-Daten (Facebook) (\u201cEvent-Daten\u201d sind Infor\u00adma\u00adtionen, die beispiels\u00adweise \u00fcber Meta-Pixel (sei es \u00fcber Apps oder andere Kan\u00e4le) an den Anbieter Meta gesendet werden und sich auf Personen oder deren Aktionen beziehen. Zu diesen Daten z\u00e4hlen etwa Details zu Website-Besuchen, Inter\u00adak\u00adtionen mit Inhalten und Funktionen, App-Instal\u00adla\u00adtionen sowie Produkt\u00adk\u00e4ufe. Die Verar\u00adbeitung der Event-Daten erfolgt mit dem Ziel, Zielgruppen f\u00fcr Inhalte und Werbe\u00adbot\u00adschaften (Custom Audiences) zu erstellen. Es ist wichtig zu beachten, dass Event-Daten keine tats\u00e4ch\u00adlichen Inhalte wie verfasste Kommentare, keine Login-Infor\u00adma\u00adtionen und keine Kontakt\u00adin\u00adfor\u00adma\u00adtionen wie Namen, E\u2011Mail-Adressen oder Telefon\u00adnummern umfassen. \u201cEvent-Daten\u201d werden von Meta nach maximal zwei Jahren gel\u00f6scht, und die daraus gebil\u00addeten Zielgruppen verschwinden mit der L\u00f6schung unserer Meta-Nutzer-Konten.); Kontakt\u00addaten (z.&nbsp;B. Post- und E\u2011Mail-Adressen oder Telefon\u00adnummern). Inhalts\u00addaten (z. B. textliche oder bildliche Nachrichten und Beitr\u00e4ge sowie die sie betref\u00adfenden Infor\u00adma\u00adtionen, wie z. B. Angaben zur Autoren\u00adschaft oder Zeitpunkt der Erstellung).<\/li>\n\n\n\n<li><strong>Betroffene Personen:<\/strong> Nutzer (z.&nbsp;B. Websei\u00adten\u00adbe\u00adsucher, Nutzer von Online\u00addiensten).<\/li>\n\n\n\n<li><strong>Zwecke der Verar\u00adbeitung:<\/strong> Bereit\u00adstellung unseres Online\u00adan\u00adge\u00adbotes und Nutzer\u00adfreund\u00adlichkeit; Reich\u00adwei\u00adten\u00admessung (z.&nbsp;B. Zugriffs\u00adsta\u00adtis\u00adtiken, Erkennung wieder\u00adkeh\u00adrender Besucher); Tracking (z.&nbsp;B. inter\u00adessens-\/verhal\u00adtens\u00adbe\u00adzo\u00adgenes Profiling, Nutzung von Cookies); Zielgrup\u00adpen\u00adbildung; Marketing. Profile mit nutzer\u00adbe\u00adzo\u00adgenen Infor\u00adma\u00adtionen (Erstellen von Nutzer\u00adpro\u00adfilen).<\/li>\n\n\n\n<li><strong>Aufbe\u00adwahrung und L\u00f6schung:<\/strong> L\u00f6schung entspre\u00adchend Angaben im Abschnitt \u201cAllge\u00admeine Infor\u00adma\u00adtionen zur Daten\u00adspei\u00adcherung und L\u00f6schung\u201d. Speicherung von Cookies von bis zu 2 Jahren (Sofern nicht anders angegeben, k\u00f6nnen Cookies und \u00e4hnliche Speicher\u00adme\u00adthoden f\u00fcr einen Zeitraum von zwei Jahren auf den Ger\u00e4ten der Nutzer gespei\u00adchert werden.).<\/li>\n\n\n\n<li><strong>Rechts\u00adgrund\u00adlagen:<\/strong> Einwil\u00adligung (Art. 6 Abs. 1 S. 1 lit. a) DSGVO). Berech\u00adtigte Inter\u00adessen (Art. 6 Abs. 1 S. 1 lit. f) DSGVO).<\/li>\n<\/ul>\n\n\n\n<p><strong>Weitere Hinweise zu Verar\u00adbei\u00adtungs\u00adpro\u00adzessen, Verfahren und Diensten:<\/strong><\/p>\n\n\n\n<ul class=\"wp-block-list\">\n<li><strong>Einbindung von Dritts\u00adoftware, Skripten oder Frame\u00adworks (z.&nbsp;B. jQuery): <\/strong>Wir binden in unser Online\u00adan\u00adgebot Software ein, die wir von Servern anderer Anbieter abrufen (z.&nbsp;B. Funktions-Biblio\u00adtheken, die wir zwecks Darstellung oder Nutzer\u00adfreund\u00adlichkeit&nbsp;unseres Online\u00adan\u00adge\u00adbotes verwenden). Hierbei erheben die jewei\u00adligen Anbieter die IP-Adresse der Nutzer und k\u00f6nnen diese zu Zwecken der&nbsp;\u00dcbermittlung der Software an den Browser der Nutzer sowie zu Zwecken der Sicherheit, als auch zur Auswertung und Optimierung ihres Angebotes verar\u00adbeiten. \u2014 Wir binden in unser Online\u00adan\u00adgebot Software ein, die wir von Servern anderer Anbieter abrufen (z.&nbsp;B. Funktions-Biblio\u00adtheken, die wir zwecks Darstellung oder Nutzer\u00adfreund\u00adlichkeit&nbsp;unseres Online\u00adan\u00adge\u00adbotes verwenden). Hierbei erheben die jewei\u00adligen Anbieter die IP-Adresse der Nutzer und k\u00f6nnen diese zu Zwecken der&nbsp;\u00dcbermittlung der Software an den Browser der Nutzer sowie zu Zwecken der Sicherheit, als auch zur Auswertung und Optimierung ihres Angebotes verar\u00adbeiten; <strong>Rechts\u00adgrund\u00adlagen:<\/strong> Berech\u00adtigte Inter\u00adessen (Art. 6 Abs. 1 S. 1 lit. f) DSGVO).<\/li>\n\n\n\n<li><strong>Facebook-Plugins und \u2011Inhalte: <\/strong>Facebook Social Plugins und Inhalte \u2014 Hierzu k\u00f6nnen z.&nbsp;B. Inhalte wie Bilder, Videos oder Texte und Schalt\u00adfl\u00e4chen geh\u00f6ren, mit denen Nutzer Inhalte dieses Online\u00adan\u00adge\u00adbotes innerhalb von Facebook teilen k\u00f6nnen. Die Liste und das Aussehen der Facebook Social Plugins k\u00f6nnen hier einge\u00adsehen werden: <a href=\"https:\/\/developers.facebook.com\/docs\/plugins\/\" target=\"_blank\" rel=\"noreferrer noopener\">https:\/\/developers.facebook.com\/docs\/plugins\/<\/a> \u2014 Wir sind gemeinsam mitMeta Platforms Ireland Limited f\u00fcr die Erhebung oder den Erhalt im Rahmen einer \u00dcbermittlung (jedoch nicht die weitere Verar\u00adbeitung) von \u201cEvent-Daten\u201d, die Facebook mittels der Facebook-Social-Plugins (und Einbet\u00adtungs\u00adfunk\u00adtionen f\u00fcr Inhalte), die auf unserem Online\u00adan\u00adgebot ausge\u00adf\u00fchrt werden, erhebt oder im Rahmen einer \u00dcbermittlung zu folgenden Zwecken erh\u00e4lt, gemeinsam verant\u00adwortlich: a) Anzeige von Inhalten sowie Werbe\u00adinfor\u00adma\u00adtionen, die den mutma\u00df\u00adlichen Inter\u00adessen der Nutzer entsprechen; b) Zustellung kommer\u00adzi\u00adeller und trans\u00adak\u00adti\u00adons\u00adbe\u00adzo\u00adgener Nachrichten (z.&nbsp;B. Ansprache von Nutzern via Facebook-Messenger); c) Verbes\u00adserung der Anzei\u00adgen\u00adaus\u00adlie\u00adferung und Perso\u00adna\u00adli\u00adsierung von Funktionen und Inhalten (z.&nbsp;B. Verbes\u00adserung der Erkennung, welche Inhalte oder Werbe\u00adinfor\u00adma\u00adtionen mutma\u00dflich den Inter\u00adessen der Nutzer entsprechen). Wir haben mit Facebook eine spezielle Verein\u00adbarung abgeschlossen (\u201cZusatz f\u00fcr Verant\u00adwort\u00adliche\u201d, <a href=\"https:\/\/www.facebook.com\/legal\/controller_addendum\" target=\"_blank\" rel=\"noreferrer noopener\">https:\/\/www.facebook.com\/legal\/controller_addendum<\/a>), in der insbe\u00adsondere geregelt wird, welche Sicher\u00adheits\u00adma\u00df\u00adnahmen Facebook beachten muss (<a href=\"https:\/\/www.facebook.com\/legal\/terms\/data_security_terms\" target=\"_blank\" rel=\"noreferrer noopener\">https:\/\/www.facebook.com\/legal\/terms\/data_security_terms<\/a>) und in der Facebook sich bereit erkl\u00e4rt hat die Betrof\u00adfe\u00adnen\u00adrechte zu erf\u00fcllen (d.&nbsp;h. Nutzer k\u00f6nnen z.&nbsp;B. Ausk\u00fcnfte oder L\u00f6schungs\u00adan\u00adfragen direkt an Facebook richten). Hinweis: Wenn Facebook uns Messwerte, Analysen und Berichte bereit\u00adstellt (die aggre\u00adgiert sind, d.&nbsp;h. keine Angaben zu einzelnen Nutzern erhalten und f\u00fcr uns anonym sind), dann erfolgt diese Verar\u00adbeitung nicht im Rahmen der gemein\u00adsamen Verant\u00adwort\u00adlichkeit, sondern auf Grundlage eines Auftrags\u00adver\u00adar\u00adbei\u00adtungs\u00adver\u00adtrages (\u201cDaten\u00adver\u00adar\u00adbei\u00adtungs\u00adbe\u00addin\u00adgungen \u201c, <a href=\"https:\/\/www.facebook.com\/legal\/terms\/dataprocessing\" target=\"_blank\" rel=\"noreferrer noopener\">https:\/\/www.facebook.com\/legal\/terms\/dataprocessing<\/a>) , der \u201cDaten\u00adsi\u00adcher\u00adheits\u00adbe\u00addin\u00adgungen\u201d (<a href=\"https:\/\/www.facebook.com\/legal\/terms\/data_security_terms\" target=\"_blank\" rel=\"noreferrer noopener\">https:\/\/www.facebook.com\/legal\/terms\/data_security_terms<\/a>) sowie im Hinblick auf die Verar\u00adbeitung in den USA auf Grundlage von Standard\u00adver\u00adtrags\u00adklauseln (\u201cFacebook-EU-Daten\u00ad\u00fcber\u00admitt\u00adlungs\u00adzusatz, <a href=\"https:\/\/www.facebook.com\/legal\/EU_data_transfer_addendum\" target=\"_blank\" rel=\"noreferrer noopener\">https:\/\/www.facebook.com\/legal\/EU_data_transfer_addendum<\/a>). Die Rechte der Nutzer (insbe\u00adsondere auf Auskunft, L\u00f6schung, Wider\u00adspruch und Beschwerde bei zust\u00e4n\u00addiger Aufsichts\u00adbe\u00adh\u00f6rde), werden durch die Verein\u00adba\u00adrungen mit Facebook nicht einge\u00adschr\u00e4nkt; <strong>Dienst\u00adan\u00adbieter:<\/strong> Meta Platforms Ireland Limited, Merrion Road, Dublin 4, D04 X2K5, Irland; <strong>Rechts\u00adgrund\u00adlagen:<\/strong> Einwil\u00adligung (Art. 6 Abs. 1 S. 1 lit. a) DSGVO); <strong>Website:<\/strong> <a href=\"https:\/\/www.facebook.com\" target=\"_blank\" rel=\"noreferrer noopener\">https:\/\/www.facebook.com<\/a>; <strong>Daten\u00adschutz\u00ader\u00adkl\u00e4rung:<\/strong> <a href=\"https:\/\/www.facebook.com\/privacy\/policy\/\" target=\"_blank\" rel=\"noreferrer noopener\">https:\/\/www.facebook.com\/privacy\/policy\/<\/a>. <strong>Grundlage Dritt\u00adland\u00adtransfers:<\/strong> Data Privacy Framework (DPF).<\/li>\n\n\n\n<li><strong>OpenStreetMap: <\/strong>Wir binden die Landkarten des Dienstes \u201cOpenStreetMap\u201d ein, die auf Grundlage der Open Data Commons Open Database Lizenz (ODbL) durch die OpenStreetMap Foundation (OSMF) angeboten werden. Die Daten der Nutzer werden durch OpenStreetMap ausschlie\u00dflich zu Zwecken der Darstellung der Karten\u00adfunk\u00adtionen und zur Zwischen\u00adspei\u00adcherung der gew\u00e4hlten Einstel\u00adlungen verwendet. Zu diesen Daten k\u00f6nnen insbe\u00adsondere IP-Adressen und Stand\u00adort\u00addaten der Nutzer geh\u00f6ren, die jedoch nicht ohne deren Einwil\u00adligung (im Regelfall im Rahmen der Einstel\u00adlungen ihrer Endger\u00e4te oder Browser vollzogen) erhoben werden; <strong>Dienst\u00adan\u00adbieter:<\/strong> OpenStreetMap Foundation (OSMF); <strong>Rechts\u00adgrund\u00adlagen:<\/strong> Berech\u00adtigte Inter\u00adessen (Art. 6 Abs. 1 S. 1 lit. f) DSGVO); <strong>Website:<\/strong> <a href=\"https:\/\/www.openstreetmap.de\" target=\"_blank\" rel=\"noreferrer noopener\">https:\/\/www.openstreetmap.de<\/a>. <strong>Daten\u00adschutz\u00ader\u00adkl\u00e4rung:<\/strong> <a href=\"https:\/\/osmfoundation.org\/wiki\/Privacy_Policy\" target=\"_blank\" rel=\"noreferrer noopener\">https:\/\/osmfoundation.org\/wiki\/Privacy_Policy<\/a>.<\/li>\n\n\n\n<li><strong>YouTube-Videos: <\/strong>Video\u00adin\u00adhalte; <strong>Dienst\u00adan\u00adbieter:<\/strong> Google Ireland Limited, Gordon House, Barrow Street, Dublin 4, Irland; <strong>Rechts\u00adgrund\u00adlagen:<\/strong> Einwil\u00adligung (Art. 6 Abs. 1 S. 1 lit. a) DSGVO); <strong>Website:<\/strong> <a href=\"https:\/\/www.youtube.com\" target=\"_blank\" rel=\"noreferrer noopener\">https:\/\/www.youtube.com<\/a>; <strong>Daten\u00adschutz\u00ader\u00adkl\u00e4rung:<\/strong> <a href=\"https:\/\/policies.google.com\/privacy\" target=\"_blank\" rel=\"noreferrer noopener\">https:\/\/policies.google.com\/privacy<\/a>; <strong>Grundlage Dritt\u00adland\u00adtransfers:<\/strong> Data Privacy Framework (DPF). <strong>Wider\u00adspruchs\u00adm\u00f6g\u00adlichkeit (Opt-Out):<\/strong> Opt-Out-Plugin: <a href=\"https:\/\/tools.google.com\/dlpage\/gaoptout?hl=de\" target=\"_blank\" rel=\"noreferrer noopener\">https:\/\/tools.google.com\/dlpage\/gaoptout?hl=de<\/a>, Einstel\u00adlungen f\u00fcr die Darstellung von Werbe\u00adein\u00adblen\u00addungen: <a href=\"https:\/\/myadcenter.google.com\/personalizationoff\" target=\"_blank\" rel=\"noreferrer noopener\">https:\/\/myadcenter.google.com\/personalizationoff<\/a>.<\/li>\n\n\n\n<li><strong>Vimeo-Video\u00adplayer: <\/strong>Integration eines Video\u00adplayers; <strong>Dienst\u00adan\u00adbieter:<\/strong> Vimeo Inc., Attention: Legal Department, 555 West 18th Street New York, New York 10011, USA; <strong>Rechts\u00adgrund\u00adlagen:<\/strong> Berech\u00adtigte Inter\u00adessen (Art. 6 Abs. 1 S. 1 lit. f) DSGVO); <strong>Website:<\/strong> <a href=\"https:\/\/vimeo.com\" target=\"_blank\" rel=\"noreferrer noopener\">https:\/\/vimeo.com<\/a>; <strong>Daten\u00adschutz\u00ader\u00adkl\u00e4rung:<\/strong> <a href=\"https:\/\/vimeo.com\/privacy\" target=\"_blank\" rel=\"noreferrer noopener\">https:\/\/vimeo.com\/privacy<\/a>; <strong>Auftrags\u00adver\u00adar\u00adbei\u00adtungs\u00advertrag:<\/strong> <a href=\"https:\/\/vimeo.com\/enterpriseterms\/dpa\" target=\"_blank\" rel=\"noreferrer noopener\">https:\/\/vimeo.com\/enterpriseterms\/dpa<\/a>. <strong>Grundlage Dritt\u00adland\u00adtransfers:<\/strong> Standard\u00adver\u00adtrags\u00adklauseln (<a href=\"https:\/\/vimeo.com\/enterpriseterms\/dpa\" target=\"_blank\" rel=\"noreferrer noopener\">https:\/\/vimeo.com\/enterpriseterms\/dpa<\/a>).<\/li>\n<\/ul>\n\n\n\n<ul class=\"wp-block-list\">\n<li><a href=\"https:\/\/datenschutz-generator.de\/\" target=\"_blank\" rel=\"noreferrer noopener\">Erstellt mit kosten\u00adlosem Datenschutz-Generator.de von Dr. Thomas Schwenke<\/a><\/li>\n<\/ul>\n\n\n\n<p><\/p>\n","protected":false},"excerpt":{"rendered":"<p>Daten\u00adschutz\u00ader\u00adkl\u00e4rung Pr\u00e4ambel Mit der folgenden Daten\u00adschutz\u00ader\u00adkl\u00e4rung m\u00f6chten wir Sie dar\u00fcber aufkl\u00e4ren, welche Arten Ihrer perso\u00adnen\u00adbe\u00adzo\u00adgenen Daten (nachfolgend auch kurz als \u201cDaten\u201d bezeichnet) wir zu welchen Zwecken und in welchem Umfang verar\u00adbeiten. Die Daten\u00adschutz\u00ader\u00adkl\u00e4rung gilt f\u00fcr alle von uns durch\u00adge\u00adf\u00fchrten Verar\u00adbei\u00adtungen perso\u00adnen\u00adbe\u00adzo\u00adgener Daten, sowohl im Rahmen der Erbringung unserer Leistungen als auch insbe\u00adsondere auf unseren Webseiten, [\u2026]<\/p>\n","protected":false},"author":1,"featured_media":569,"parent":0,"menu_order":0,"comment_status":"closed","ping_status":"closed","template":"","meta":{"wp_typography_post_enhancements_disabled":false,"footnotes":""},"categories":[],"tags":[],"ai_version":[],"class_list":["post-977","page","type-page","status-publish","has-post-thumbnail","hentry"],"blocksy_meta":[],"yoast_head":"<!-- This site is optimized with the Yoast SEO plugin v27.5 - https:\/\/yoast.com\/product\/yoast-seo-wordpress\/ -->\n<title>Datenschutz<\/title>\n<meta name=\"robots\" content=\"index, follow, max-snippet:-1, max-image-preview:large, max-video-preview:-1\" \/>\n<link rel=\"canonical\" href=\"https:\/\/informatoo.com\/en\/datenschutz\/\" \/>\n<meta property=\"og:locale\" content=\"en_US\" \/>\n<meta property=\"og:locale:alternate\" content=\"de_DE\" \/>\n<meta property=\"og:type\" content=\"article\" \/>\n<meta property=\"og:title\" content=\"Datenschutz\" \/>\n<meta property=\"og:description\" content=\"Daten\u00adschutz\u00ader\u00adkl\u00e4rung Pr\u00e4ambel Mit der folgenden Daten\u00adschutz\u00ader\u00adkl\u00e4rung m\u00f6chten wir Sie dar\u00fcber aufkl\u00e4ren, welche Arten Ihrer perso\u00adnen\u00adbe\u00adzo\u00adgenen Daten (nachfolgend auch kurz als \u201cDaten\u201d bezeichnet) wir zu welchen Zwecken und in welchem Umfang verar\u00adbeiten. Die Daten\u00adschutz\u00ader\u00adkl\u00e4rung gilt f\u00fcr alle von uns durch\u00adge\u00adf\u00fchrten Verar\u00adbei\u00adtungen perso\u00adnen\u00adbe\u00adzo\u00adgener Daten, sowohl im Rahmen der Erbringung unserer Leistungen als auch insbe\u00adsondere auf unseren Webseiten, [&hellip;]\" \/>\n<meta property=\"og:url\" content=\"https:\/\/informatoo.com\/en\/datenschutz\/\" \/>\n<meta property=\"og:site_name\" content=\"informatoo.com\" \/>\n<meta property=\"article:modified_time\" content=\"2025-10-30T09:15:12+00:00\" \/>\n<meta property=\"og:image\" content=\"https:\/\/informatoo.com\/wp-content\/uploads\/2021\/07\/hero-image-services@2x.jpg\" \/>\n\t<meta property=\"og:image:width\" content=\"1476\" \/>\n\t<meta property=\"og:image:height\" content=\"580\" \/>\n\t<meta property=\"og:image:type\" content=\"image\/jpeg\" \/>\n<meta name=\"twitter:card\" content=\"summary_large_image\" \/>\n<meta name=\"twitter:label1\" content=\"Est. reading time\" \/>\n\t<meta name=\"twitter:data1\" content=\"63 minutes\" \/>\n<script type=\"application\/ld+json\" class=\"yoast-schema-graph\">{\"@context\":\"https:\\\/\\\/schema.org\",\"@graph\":[{\"@type\":\"WebPage\",\"@id\":\"https:\\\/\\\/informatoo.com\\\/datenschutz\\\/\",\"url\":\"https:\\\/\\\/informatoo.com\\\/datenschutz\\\/\",\"name\":\"Datenschutz\",\"isPartOf\":{\"@id\":\"https:\\\/\\\/informatoo.com\\\/#website\"},\"primaryImageOfPage\":{\"@id\":\"https:\\\/\\\/informatoo.com\\\/datenschutz\\\/#primaryimage\"},\"image\":{\"@id\":\"https:\\\/\\\/informatoo.com\\\/datenschutz\\\/#primaryimage\"},\"thumbnailUrl\":\"https:\\\/\\\/informatoo.com\\\/wp-content\\\/uploads\\\/2021\\\/07\\\/hero-image-services@2x.jpg\",\"datePublished\":\"2024-10-29T14:40:54+00:00\",\"dateModified\":\"2025-10-30T09:15:12+00:00\",\"breadcrumb\":{\"@id\":\"https:\\\/\\\/informatoo.com\\\/datenschutz\\\/#breadcrumb\"},\"inLanguage\":\"en-US\",\"potentialAction\":[{\"@type\":\"ReadAction\",\"target\":[\"https:\\\/\\\/informatoo.com\\\/datenschutz\\\/\"]}]},{\"@type\":\"ImageObject\",\"inLanguage\":\"en-US\",\"@id\":\"https:\\\/\\\/informatoo.com\\\/datenschutz\\\/#primaryimage\",\"url\":\"https:\\\/\\\/informatoo.com\\\/wp-content\\\/uploads\\\/2021\\\/07\\\/hero-image-services@2x.jpg\",\"contentUrl\":\"https:\\\/\\\/informatoo.com\\\/wp-content\\\/uploads\\\/2021\\\/07\\\/hero-image-services@2x.jpg\",\"width\":1476,\"height\":580,\"caption\":\"Blog Team\"},{\"@type\":\"BreadcrumbList\",\"@id\":\"https:\\\/\\\/informatoo.com\\\/datenschutz\\\/#breadcrumb\",\"itemListElement\":[{\"@type\":\"ListItem\",\"position\":1,\"name\":\"Startseite\",\"item\":\"https:\\\/\\\/informatoo.com\\\/\"},{\"@type\":\"ListItem\",\"position\":2,\"name\":\"Datenschutz\"}]},{\"@type\":\"WebSite\",\"@id\":\"https:\\\/\\\/informatoo.com\\\/#website\",\"url\":\"https:\\\/\\\/informatoo.com\\\/\",\"name\":\"informatoo.com\",\"description\":\"\",\"publisher\":{\"@id\":\"https:\\\/\\\/informatoo.com\\\/#organization\"},\"potentialAction\":[{\"@type\":\"SearchAction\",\"target\":{\"@type\":\"EntryPoint\",\"urlTemplate\":\"https:\\\/\\\/informatoo.com\\\/?s={search_term_string}\"},\"query-input\":{\"@type\":\"PropertyValueSpecification\",\"valueRequired\":true,\"valueName\":\"search_term_string\"}}],\"inLanguage\":\"en-US\"},{\"@type\":\"Organization\",\"@id\":\"https:\\\/\\\/informatoo.com\\\/#organization\",\"name\":\"informatoo.com\",\"url\":\"https:\\\/\\\/informatoo.com\\\/\",\"logo\":{\"@type\":\"ImageObject\",\"inLanguage\":\"en-US\",\"@id\":\"https:\\\/\\\/informatoo.com\\\/#\\\/schema\\\/logo\\\/image\\\/\",\"url\":\"https:\\\/\\\/informatoo.com\\\/wp-content\\\/uploads\\\/2024\\\/10\\\/logo.png\",\"contentUrl\":\"https:\\\/\\\/informatoo.com\\\/wp-content\\\/uploads\\\/2024\\\/10\\\/logo.png\",\"width\":32,\"height\":59,\"caption\":\"informatoo.com\"},\"image\":{\"@id\":\"https:\\\/\\\/informatoo.com\\\/#\\\/schema\\\/logo\\\/image\\\/\"}}]}<\/script>\n<!-- \/ Yoast SEO plugin. -->","yoast_head_json":{"title":"Datenschutz","robots":{"index":"index","follow":"follow","max-snippet":"max-snippet:-1","max-image-preview":"max-image-preview:large","max-video-preview":"max-video-preview:-1"},"canonical":"https:\/\/informatoo.com\/en\/datenschutz\/","og_locale":"en_US","og_type":"article","og_title":"[:de]Datenschutz[:] - informatoo.com","og_description":"Daten\u00adschutz\u00ader\u00adkl\u00e4rung Pr\u00e4ambel Mit der folgenden Daten\u00adschutz\u00ader\u00adkl\u00e4rung m\u00f6chten wir Sie dar\u00fcber aufkl\u00e4ren, welche Arten Ihrer perso\u00adnen\u00adbe\u00adzo\u00adgenen Daten (nachfolgend auch kurz als \u201cDaten\u201d bezeichnet) wir zu welchen Zwecken und in welchem Umfang verar\u00adbeiten. Die Daten\u00adschutz\u00ader\u00adkl\u00e4rung gilt f\u00fcr alle von uns durch\u00adge\u00adf\u00fchrten Verar\u00adbei\u00adtungen perso\u00adnen\u00adbe\u00adzo\u00adgener Daten, sowohl im Rahmen der Erbringung unserer Leistungen als auch insbe\u00adsondere auf unseren Webseiten, [&hellip;]","og_url":"https:\/\/informatoo.com\/en\/datenschutz\/","og_site_name":"informatoo.com","article_modified_time":"2025-10-30T09:15:12+00:00","og_image":[{"width":1476,"height":580,"url":"https:\/\/informatoo.com\/wp-content\/uploads\/2021\/07\/hero-image-services@2x.jpg","type":"image\/jpeg"}],"twitter_card":"summary_large_image","twitter_misc":{"Est. reading time":"63 minutes"},"schema":{"@context":"https:\/\/schema.org","@graph":[{"@type":"WebPage","@id":"https:\/\/informatoo.com\/datenschutz\/","url":"https:\/\/informatoo.com\/datenschutz\/","name":"Datenschutz","isPartOf":{"@id":"https:\/\/informatoo.com\/#website"},"primaryImageOfPage":{"@id":"https:\/\/informatoo.com\/datenschutz\/#primaryimage"},"image":{"@id":"https:\/\/informatoo.com\/datenschutz\/#primaryimage"},"thumbnailUrl":"https:\/\/informatoo.com\/wp-content\/uploads\/2021\/07\/hero-image-services@2x.jpg","datePublished":"2024-10-29T14:40:54+00:00","dateModified":"2025-10-30T09:15:12+00:00","breadcrumb":{"@id":"https:\/\/informatoo.com\/datenschutz\/#breadcrumb"},"inLanguage":"en-US","potentialAction":[{"@type":"ReadAction","target":["https:\/\/informatoo.com\/datenschutz\/"]}]},{"@type":"ImageObject","inLanguage":"en-US","@id":"https:\/\/informatoo.com\/datenschutz\/#primaryimage","url":"https:\/\/informatoo.com\/wp-content\/uploads\/2021\/07\/hero-image-services@2x.jpg","contentUrl":"https:\/\/informatoo.com\/wp-content\/uploads\/2021\/07\/hero-image-services@2x.jpg","width":1476,"height":580,"caption":"Blog Team"},{"@type":"BreadcrumbList","@id":"https:\/\/informatoo.com\/datenschutz\/#breadcrumb","itemListElement":[{"@type":"ListItem","position":1,"name":"Startseite","item":"https:\/\/informatoo.com\/"},{"@type":"ListItem","position":2,"name":"Datenschutz"}]},{"@type":"WebSite","@id":"https:\/\/informatoo.com\/#website","url":"https:\/\/informatoo.com\/","name":"informatoo.com","description":"","publisher":{"@id":"https:\/\/informatoo.com\/#organization"},"potentialAction":[{"@type":"SearchAction","target":{"@type":"EntryPoint","urlTemplate":"https:\/\/informatoo.com\/?s={search_term_string}"},"query-input":{"@type":"PropertyValueSpecification","valueRequired":true,"valueName":"search_term_string"}}],"inLanguage":"en-US"},{"@type":"Organization","@id":"https:\/\/informatoo.com\/#organization","name":"informatoo.com","url":"https:\/\/informatoo.com\/","logo":{"@type":"ImageObject","inLanguage":"en-US","@id":"https:\/\/informatoo.com\/#\/schema\/logo\/image\/","url":"https:\/\/informatoo.com\/wp-content\/uploads\/2024\/10\/logo.png","contentUrl":"https:\/\/informatoo.com\/wp-content\/uploads\/2024\/10\/logo.png","width":32,"height":59,"caption":"informatoo.com"},"image":{"@id":"https:\/\/informatoo.com\/#\/schema\/logo\/image\/"}}]}},"_links":{"self":[{"href":"https:\/\/informatoo.com\/en\/wp-json\/wp\/v2\/pages\/977","targetHints":{"allow":["GET"]}}],"collection":[{"href":"https:\/\/informatoo.com\/en\/wp-json\/wp\/v2\/pages"}],"about":[{"href":"https:\/\/informatoo.com\/en\/wp-json\/wp\/v2\/types\/page"}],"author":[{"embeddable":true,"href":"https:\/\/informatoo.com\/en\/wp-json\/wp\/v2\/users\/1"}],"replies":[{"embeddable":true,"href":"https:\/\/informatoo.com\/en\/wp-json\/wp\/v2\/comments?post=977"}],"version-history":[{"count":9,"href":"https:\/\/informatoo.com\/en\/wp-json\/wp\/v2\/pages\/977\/revisions"}],"predecessor-version":[{"id":5257,"href":"https:\/\/informatoo.com\/en\/wp-json\/wp\/v2\/pages\/977\/revisions\/5257"}],"wp:featuredmedia":[{"embeddable":true,"href":"https:\/\/informatoo.com\/en\/wp-json\/wp\/v2\/media\/569"}],"wp:attachment":[{"href":"https:\/\/informatoo.com\/en\/wp-json\/wp\/v2\/media?parent=977"}],"wp:term":[{"taxonomy":"category","embeddable":true,"href":"https:\/\/informatoo.com\/en\/wp-json\/wp\/v2\/categories?post=977"},{"taxonomy":"post_tag","embeddable":true,"href":"https:\/\/informatoo.com\/en\/wp-json\/wp\/v2\/tags?post=977"},{"taxonomy":"ai_version","embeddable":true,"href":"https:\/\/informatoo.com\/en\/wp-json\/wp\/v2\/ai_version?post=977"}],"curies":[{"name":"wp","href":"https:\/\/api.w.org\/{rel}","templated":true}]}}