{"id":4911,"date":"2025-09-10T11:29:05","date_gmt":"2025-09-10T09:29:05","guid":{"rendered":"https:\/\/informatoo.com\/?post_type=info&#038;p=4911"},"modified":"2025-09-19T10:28:16","modified_gmt":"2025-09-19T08:28:16","slug":"bezahlbar-wohnen-solidarisch-arbeiten","status":"publish","type":"info","link":"https:\/\/informatoo.com\/en\/info\/bezahlbar-wohnen-solidarisch-arbeiten\/","title":{"rendered":"Bezahlbar Wohnen \u2014 Solida\u00adrisch Arbeiten"},"content":{"rendered":"\n<h2 class=\"wp-block-heading\">Bezahlbar Wohnen \u2013 Solida\u00adrisch Arbeiten<\/h2>\n\n\n\n<div class=\"wp-block-columns is-layout-flex wp-container-core-columns-is-layout-28f84493 wp-block-columns-is-layout-flex\">\n<div class=\"wp-block-column is-layout-flow wp-block-column-is-layout-flow\" style=\"flex-basis:40%\">\n<p>Wir entwi\u00adckeln im Solidara.net eine neue genos\u00adsen\u00adschaft\u00adliche Form des Wohnens und Arbeitens, die Kosten senkt, Freiheit schafft und Gemein\u00adschaft st\u00e4rkt. Statt starrer Mietwoh\u00adnungen entstehen in unserer Inves\u00adto\u00adren\u00adge\u00admein\u00adschaft auf gemein\u00adschaftlich finan\u00adzierten Grund\u00adst\u00fccken modulare Wohnein\u00adheiten, die indivi\u00adduell kombi\u00adnierbar sind.<\/p>\n<\/div>\n\n\n\n<div class=\"wp-block-column is-layout-flow wp-block-column-is-layout-flow\" style=\"flex-basis:20px\"><\/div>\n\n\n\n<div class=\"wp-block-column is-layout-flow wp-block-column-is-layout-flow\">\n<blockquote class=\"wp-block-quote is-layout-flow wp-block-quote-is-layout-flow\">\n<p>Jedes Mitglied unserer Genos\u00adsen\u00adschaft kann sich so seinen Wohn- und Arbeitsraum flexibel zusam\u00admen\u00adstellen \u2013 z.B. von der Einraum\u00adwohnung (Schlaf\u00adzimmer und Bad) als Tiny-Reihen\u00adhaus\u00adscheibe und rein privaten R\u00fcckzugsort \u00fcber ein zeitweise zubuch\u00adbares, m\u00f6bliertes Wohnzimmer mit Einbau\u00adk\u00fcche bis hin zu gemein\u00adschaftlich genutzen Arbeits\u00adr\u00e4umen oder Kinder\u00adspiel\u00adzimmern. Wohnen wird so preis\u00adg\u00fcns\u00adtiger, vielsei\u00adtiger, im Alter flexibel verkleinerbar, im Genera\u00adtio\u00adnendorf einfacher tauschbar und nachhal\u00adtiger.<\/p>\n<\/blockquote>\n<\/div>\n\n\n\n<div class=\"wp-block-column is-layout-flow wp-block-column-is-layout-flow\" style=\"flex-basis:20px\"><\/div>\n<\/div>\n\n\n\n<h3 class=\"wp-block-heading\">Neue Dorfge\u00admein\u00adschaft<\/h3>\n\n\n\n<p>Die Genos\u00adsen\u00adschaft orien\u00adtiert sich an bew\u00e4hrten Konzepten wie dem vom <a href=\"https:\/\/gartenring.org\/konzept\" target=\"_blank\" rel=\"noreferrer noopener\">Gartenring<\/a> in Deutschland, den <a href=\"https:\/\/www.ndr.de\/ratgeber\/reise\/wendland\/Rundlingsdoerfer-im-Wendland-erkunden,rundlingsdoerfer123.html\" target=\"_blank\" rel=\"noreferrer noopener\">Rundlings\u00add\u00f6rfern im Wendland<\/a>, den <a href=\"https:\/\/de.wikipedia.org\/wiki\/Moschav\" target=\"_blank\" rel=\"noreferrer noopener\">Moshavim<\/a> in Israel und der <a href=\"https:\/\/www.alamy.de\/fotos-bilder\/brondby-gartenstadt.html?sortBy=relevant\" target=\"_blank\" rel=\"noreferrer noopener\">Brondby-Garten\u00adstadt<\/a> in D\u00e4nemark.<\/p>\n\n\n\n<div class=\"wp-block-stackable-video-popup stk-block-video-popup stk-block stk-8e4e3b7\" data-video=\"https:\/\/www.youtube.com\/watch?v=P5BlzNpl9iw\" data-block-id=\"8e4e3b7\"><div class=\"stk-block-video-popup__overlay stk-row stk-inner-blocks stk-block-content stk-hover-parent\" aria-label=\"Play Video\" tabindex=\"0\" role=\"button\">\n<div class=\"wp-block-stackable-icon stk-block-icon has-text-align-center stk-block stk-070068f\" data-block-id=\"070068f\"><style>.stk-070068f .stk--svg-wrapper .stk--inner-svg svg:last-child{height:100px !important;width:100px !important;}.stk-070068f .stk--svg-wrapper .stk--inner-svg svg:last-child, .stk-070068f .stk--svg-wrapper .stk--inner-svg svg:last-child :is(g, path, rect, polygon, ellipse){fill:var(--theme-palette-color-1, #ff6310) !important;}<\/style><span class=\"stk--svg-wrapper\"><div class=\"stk--inner-svg\"><svg style=\"height:0;width:0\"><defs><linearGradient id=\"linear-gradient-070068f\" x1=\"0\" x2=\"100%\" y1=\"0\" y2=\"0\"><stop offset=\"0%\" style=\"stop-opacity:1;stop-color:var(--linear-gradient-070068-f-color-1)\" \/><stop offset=\"100%\" style=\"stop-opacity:1;stop-color:var(--linear-gradient-070068-f-color-2)\" \/><\/linearGradient><\/defs><\/svg><svg viewBox=\"0 0 512 512\" aria-hidden=\"true\" width=\"32\" height=\"32\"><path d=\"M464 256A208 208 0 1 0 48 256a208 208 0 1 0 416 0zM0 256a256 256 0 1 1 512 0A256 256 0 1 1 0 256zM188.3 147.1c7.6-4.2 16.8-4.1 24.3 .5l144 88c7.1 4.4 11.5 12.1 11.5 20.5s-4.4 16.1-11.5 20.5l-144 88c-7.4 4.5-16.7 4.7-24.3 .5s-12.3-12.2-12.3-20.9V168c0-8.7 4.7-16.7 12.3-20.9z\" \/><\/svg><\/div><\/span><\/div>\n\n\n\n<div class=\"wp-block-stackable-image stk-block-image has-text-align-center stk-block stk-5736ca4\" data-block-id=\"5736ca4\"><style>.stk-5736ca4 .stk-img-wrapper{width:70% !important;}<\/style><figure><span class=\"stk-img-wrapper stk-image--shape-stretch\"><img loading=\"lazy\" decoding=\"async\" class=\"stk-img wp-image-4883\" src=\"http:\/\/informatoo.com\/wp-content\/uploads\/2025\/09\/pexels-victor-s-349386206-14173845-scaled.jpg\" width=\"2560\" height=\"1920\" alt=\"Brondby Gartenstadt\" srcset=\"https:\/\/informatoo.com\/wp-content\/uploads\/2025\/09\/pexels-victor-s-349386206-14173845-scaled.jpg 2560w, https:\/\/informatoo.com\/wp-content\/uploads\/2025\/09\/pexels-victor-s-349386206-14173845-300x225.jpg 300w, https:\/\/informatoo.com\/wp-content\/uploads\/2025\/09\/pexels-victor-s-349386206-14173845-1024x768.jpg 1024w, https:\/\/informatoo.com\/wp-content\/uploads\/2025\/09\/pexels-victor-s-349386206-14173845-768x576.jpg 768w, https:\/\/informatoo.com\/wp-content\/uploads\/2025\/09\/pexels-victor-s-349386206-14173845-1536x1152.jpg 1536w, https:\/\/informatoo.com\/wp-content\/uploads\/2025\/09\/pexels-victor-s-349386206-14173845-2048x1536.jpg 2048w\" sizes=\"auto, (max-width: 2560px) 100vw, 2560px\"><\/span><\/figure><\/div>\n<\/div><\/div>\n\n\n\n<p class=\"has-text-align-center\"><sup><strong>YouTube Video<\/strong>: Galileo Reportage \u00fcber die Brondby-Garten\u00adstadt<\/sup><\/p>\n\n\n\n<div class=\"wp-block-columns is-layout-flex wp-container-core-columns-is-layout-28f84493 wp-block-columns-is-layout-flex\">\n<div class=\"wp-block-column is-layout-constrained wp-block-column-is-layout-constrained\">\n<p>Diese Ideen wurden im Laufe der letzten 8 Jahre von <a href=\"https:\/\/kontaktoo.eu\/kontakt\/werner-jesteburg\/\" target=\"_blank\" rel=\"noreferrer noopener\">Werner Noske<\/a> als Initiator des Solidara.net zusam\u00admen\u00adge\u00adtragen und weiter\u00adent\u00adwi\u00adckelt, um bezahl\u00adbares Wohnen und solida\u00adri\u00adsches Arbeiten in regio\u00adnalen und \u00fcberre\u00adgio\u00adnalen Business-Netzwerken sowie privaten Wohn- und Arbeits\u00adge\u00admein\u00adschaften in Europa zu erm\u00f6g\u00adlichen.<\/p>\n<\/div>\n\n\n\n<div class=\"wp-block-column is-layout-flow wp-block-column-is-layout-flow\" style=\"flex-basis:20px\"><\/div>\n\n\n\n<div class=\"wp-block-column is-layout-flow wp-block-column-is-layout-flow\">\n<blockquote class=\"wp-block-quote is-layout-flow wp-block-quote-is-layout-flow\">\n<p>Mit einer wachsenden Zahl von Mitstreitern schaffen wir im Solidara.net gemeinsam ein weltweites Netzwerk und bringen immer mehr gute Ideen ein. Dadurch wird die Genos\u00adsen\u00adschaft gleicher\u00adma\u00dfen f\u00fcr Inves\u00adtoren innerhalb und au\u00dferhalb der EU als auch f\u00fcr Menschen inter\u00adessant, die nach einem alter\u00adna\u00adtivem Leben suchen.<\/p>\n<\/blockquote>\n<\/div>\n<\/div>\n\n\n\n<h3 class=\"wp-block-heading\">Solida\u00adri\u00adsches Wirtschaften als Schl\u00fcssel<\/h3>\n\n\n\n<div class=\"wp-block-columns is-layout-flex wp-container-core-columns-is-layout-28f84493 wp-block-columns-is-layout-flex\">\n<div class=\"wp-block-column is-layout-flow wp-block-column-is-layout-flow\" style=\"flex-basis:40%\">\n<p><a href=\"https:\/\/de.wikipedia.org\/wiki\/Carsharing\" target=\"_blank\" rel=\"noreferrer noopener\">Carsharing<\/a>, eine gemein\u00adschaft\u00adliche <a href=\"https:\/\/de.wikipedia.org\/wiki\/Solidarische_Landwirtschaft\" target=\"_blank\" rel=\"noreferrer noopener\">SoLaWi<\/a>, eine <a href=\"https:\/\/de.wikipedia.org\/wiki\/Lebensmittelkooperative\" target=\"_blank\" rel=\"noreferrer noopener\">Lebens\u00admit\u00adtel\u00adko\u00adope\u00adrative<\/a> oder hausin\u00adterne Dienste \u2013 von Reinigung bis Pflege \u2013 k\u00f6nnen z.B. von einzelnen Mitgliedern \u00fcbernommen und als Einkom\u00admens\u00adquelle genutzt werden.<\/p>\n\n\n\n<p><a href=\"https:\/\/de.wikipedia.org\/wiki\/Solidarische_%C3%96konomie\" target=\"_blank\" rel=\"noreferrer noopener\">Solida\u00adri\u00adsches Wirtschaften<\/a> erweitert die M\u00f6glich\u00adkeiten, Kosten zu senken: <\/p>\n<\/div>\n\n\n\n<div class=\"wp-block-column is-layout-flow wp-block-column-is-layout-flow\" style=\"flex-basis:20px\"><\/div>\n\n\n\n<div class=\"wp-block-column is-layout-flow wp-block-column-is-layout-flow\">\n<blockquote class=\"wp-block-quote is-layout-flow wp-block-quote-is-layout-flow\">\n<p>Ger\u00e4te wie Wasch\u00adma\u00adschinen, Geschirr\u00adsp\u00fcler oder Garten\u00adger\u00e4te k\u00f6nnen gemein\u00adschaftlich angeschafft und genutzt, aber zentral sauber und in Ordnung gehalten werden. <\/p>\n\n\n\n<p>Alle Leistungen k\u00f6nnen so organi\u00adsiert werden, dass ein faires Gleich\u00adge\u00adwicht entsteht: Die Nutzer \u00fcbernehmen bezahlbare Beitr\u00e4ge, w\u00e4hrend die Dienst\u00adleister eine angemessene Verg\u00fctung erhalten.<\/p>\n<\/blockquote>\n<\/div>\n<\/div>\n\n\n\n<h3 class=\"wp-block-heading\">Mehr Lebens\u00adqua\u00adlit\u00e4t f\u00fcr Normal\u00adver\u00addiener<\/h3>\n\n\n\n<p>Auch Dinge, die sonst als Luxus gelten, werden so als Gemein\u00adschaft erschwinglich: ein Swimmingpool im Garten oder ein <strong>Quincho<\/strong> \u2014 eine \u00fcberdachte Terrasse mit Grill\u00adk\u00fcche, wie sie in S\u00fcdamerika f\u00fcr das gemeinsame <a href=\"https:\/\/www.chefkoch.de\/rs\/s0\/assado\/Rezepte.html\" target=\"_blank\" rel=\"noreferrer noopener\">Assado<\/a> beliebt ist \u2013 stehen der Gemein\u00adschaft zur Verf\u00fcgung. M\u00f6glich wird das durch gemein\u00adschaft\u00adliche Inves\u00adti\u00adtionen, die allen zugute kommen.<\/p>\n\n\n\n<p>So verbindet die Solidara Wohnungs\u00adbau\u00adge\u00adnos\u00adsen\u00adschaft bezahl\u00adbares Wohnen optional mit einem solida\u00adri\u00adschen Lebens- und Arbeits\u00admodell, das Freiheit, Sicherheit und Lebens\u00adqua\u00adlit\u00e4t f\u00fcr alle schafft.<\/p>\n\n\n\n<h2 class=\"wp-block-heading\">Vorteile unseres innova\u00adtiven Konzepts<\/h2>\n\n\n\n<h4 class=\"wp-block-heading\">Indivi\u00adduell &amp; flexibel<\/h4>\n\n\n\n<ul class=\"wp-block-list\">\n<li>R\u00e4ume lassen sich privat oder gemein\u00adschaftlich nutzen<\/li>\n\n\n\n<li>zeitweise tauschen oder \u00fcber die Genos\u00adsen\u00adschaft vermieten<\/li>\n\n\n\n<li>ideal f\u00fcr Menschen mit wechselnden Wohnbe\u00add\u00fcrf\u00adnissen oder saiso\u00adnalem Aufenthalt<\/li>\n<\/ul>\n\n\n\n<h4 class=\"wp-block-heading\">Bezahlbar &amp; f\u00f6rder\u00adf\u00e4hig<\/h4>\n\n\n\n<ul class=\"wp-block-list\">\n<li>Jedes Modul kann \u00fcber verschiedene F\u00f6rder\u00adpro\u00adgramme finan\u00adziert werden (z. B. KfW in Deutschland, EU-F\u00f6rder\u00admittel in Bulgarien, lokale Programme in der T\u00fcrkei)<\/li>\n\n\n\n<li>Inves\u00adtoren k\u00f6nnen einzelne Module als Alters\u00advor\u00adsorge nutzen<\/li>\n<\/ul>\n\n\n\n<h4 class=\"wp-block-heading\">Gemein\u00adschaft &amp; Solida\u00adrit\u00e4t<\/h4>\n\n\n\n<ul class=\"wp-block-list\">\n<li>Neben privatem Wohnen entstehen <a href=\"https:\/\/de.wikipedia.org\/wiki\/Coworking\" target=\"_blank\" rel=\"noreferrer noopener\">Coworking-Spaces<\/a>, Gemein\u00adschafts\u00adk\u00fcchen, Gastro\u00adno\u00admie\u00adan\u00adgebote und Freizeit\u00adfl\u00e4chen, die das Zusam\u00admen\u00adleben st\u00e4rken. <\/li>\n\n\n\n<li>Gemeinsame Nutzung reduziert Kosten<\/li>\n\n\n\n<li>Die Versorgung mit gesunden Lebens\u00admitteln erfolgt \u00fcber regionale Bauern und <a href=\"https:\/\/de.wikipedia.org\/wiki\/Solidarische_Landwirtschaft\" target=\"_blank\" rel=\"noreferrer noopener\">Solida\u00adrische Landwirt\u00adschaft<\/a>.<\/li>\n<\/ul>\n\n\n\n<h4 class=\"wp-block-heading\">\u00d6kolo\u00adgisch &amp; innovativ<\/h4>\n\n\n\n<ul class=\"wp-block-list\">\n<li>Reihen\u00adhaus\u00adscheiben in <a href=\"https:\/\/de.wikipedia.org\/wiki\/Brettsperrholz\" target=\"_blank\" rel=\"noreferrer noopener\">CLT-Bauweise<\/a> mit Solar\u00add\u00e4\u00adchern, <\/li>\n\n\n\n<li>gemein\u00adschaft\u00adliches <a href=\"https:\/\/de.wikipedia.org\/wiki\/Blockheizkraftwerk\" target=\"_blank\" rel=\"noreferrer noopener\">Block\u00adheiz\u00adkraftwerk <\/a>und ressour\u00adcen\u00adscho\u00adnende Ausstattung <\/li>\n\n\n\n<li>Ziel: gr\u00f6\u00dft\u00adm\u00f6g\u00adliche Autarkie in Energie, W\u00e4rme und Wasser, klima\u00adfreund\u00adliches Wohnen.<\/li>\n<\/ul>\n\n\n\n<h3 class=\"wp-block-heading\">Themen\u00adkreise als Werte im Solidara.net<\/h3>\n\n\n\n<ul class=\"wp-block-list\">\n<li><strong>Nachhal\u00adtiges Bauen:<\/strong> \u00f6kolo\u00adgische Baustoffe, energie\u00adef\u00adfi\u00adziente Bauweisen, modulare Struk\u00adturen.<\/li>\n\n\n\n<li><strong>Selbst\u00adver\u00adsorgung &amp; Ern\u00e4hrung:<\/strong> solida\u00adrische Landwirt\u00adschaft, regionale Koope\u00adra\u00adtionen, gemein\u00adschaft\u00adliche Gastro\u00adnomie, Streben nach weitge\u00adhender Autarkie.<\/li>\n\n\n\n<li><strong>Solida\u00adrische \u00d6konomie:<\/strong> faire Kosten\u00adver\u00adteilung, gemein\u00adschaft\u00adliche Finan\u00adzierung \u00fcber Anteile, F\u00f6rder\u00admittel und Crowd\u00adfunding.<\/li>\n\n\n\n<li><strong>Nachbar\u00adschafts\u00adhilfe &amp; Gemein\u00adschaft:<\/strong> genera\u00adtio\u00adnen\u00ad\u00fcber\u00adgrei\u00adfendes Wohnen, gemeinsame Freizeit- und Arbeits\u00adr\u00e4ume, soziale Sicherheit.<\/li>\n\n\n\n<li><strong>Kultu\u00adrelles Mitein\u00adander:<\/strong> gemein\u00adschaft\u00adliche Aktivi\u00adt\u00e4ten, Austausch und Integration unter\u00adschied\u00adlicher Lebens\u00admo\u00addelle.<\/li>\n<\/ul>\n\n\n\n<h2 class=\"wp-block-heading\">Mitmachen<\/h2>\n\n\n\n<p>Du findest unsere Vision spannend und m\u00f6chtest dabei sein? Dann schreibe uns an <a href=\"mailto:\/\/bezahlbar-wohnen@kontaktoo.com\" target=\"_blank\" rel=\"noreferrer noopener\"><strong>bezahlbar-wohnen@kontaktoo.com<\/strong><\/a> und wir nehmen dich in unseren KI-gesteu\u00aderten Infover\u00adteiler auf. So bleibst du immer auf dem Laufenden \u00fcber geplante Wohnpro\u00adjekte, Betei\u00adli\u00adgungs\u00adm\u00f6g\u00adlich\u00adkeiten und Veran\u00adstal\u00adtungen rund um die <strong>Solidara Wohnungs\u00adbau\u00adge\u00adnos\u00adsen\u00adschaft<\/strong>.<\/p>\n\n\n\n<div class=\"wp-block-columns is-layout-flex wp-container-core-columns-is-layout-28f84493 wp-block-columns-is-layout-flex\">\n<div class=\"wp-block-column is-layout-flow wp-block-column-is-layout-flow\"><div data-post-id=\"4433\" class=\"insert-page insert-page-4433 \">\n<blockquote class=\"wp-block-quote is-layout-flow wp-block-quote-is-layout-flow\">\n<h6 class=\"wp-block-heading\"><strong>Hinweis zur Inhalts\u00ader\u00adstellung:<\/strong><\/h6>\n\n\n\n<p>Dieser Beitrag wurde vom oben genannten Autor erstellt und dabei <strong>ggf. teilweise unter Einsatz von K\u00fcnst\u00adlicher Intel\u00adligenz<\/strong> (KI) generiert. Inhalte k\u00f6nnen bei Bedarf <strong>manuell \u00fcberar\u00adbeitet<\/strong> worden sein \u2013 insbe\u00adsondere bei <strong>Aktua\u00adli\u00adsie\u00adrungen aufgrund von Leser\u00adkom\u00admen\u00adtaren oder neuen Entwick\u00adlungen<\/strong>. Wir bem\u00fchen uns um gr\u00f6\u00dft\u00adm\u00f6g\u00adliche Genau\u00adigkeit und freuen uns \u00fcber konstruk\u00adtives Feedback.<\/p>\n<\/blockquote>\n<\/div>\n<\/div>\n\n\n\n<div class=\"wp-block-column is-layout-flow wp-block-column-is-layout-flow\"><div data-post-id=\"4447\" class=\"insert-page insert-page-4447 \">\n<blockquote class=\"wp-block-quote is-layout-flow wp-block-quote-is-layout-flow\">\n<h6 class=\"wp-block-heading\"><strong>Hinweis zur Bildher\u00adkunft:<\/strong><\/h6>\n\n\n\n<p>Das in diesem Beitrag im Kopf gezeigte Bild wurde <strong>ganz oder teilweise mit Hilfe von K\u00fcnst\u00adlicher Intel\u00adligenz (KI)<\/strong> erstellt (z.\u202fB. durch Systeme wie DALL\u00b7E, Midjourney oder \u00e4hnliche). Die Motive sind <strong>nicht fotogra\u00adfisch dokumen\u00adtierte Reali\u00adt\u00e4ten<\/strong>, sondern wurden <strong>synthe\u00adtisch generiert<\/strong>. Eine manuelle Nachbe\u00adar\u00adbeitung oder kurato\u00adrische Auswahl kann erfolgt sein.<\/p>\n<\/blockquote>\n\n\n\n<p><\/p>\n<\/div>\n<\/div>\n<\/div>\n\n\n\n<p><\/p>\n","protected":false},"excerpt":{"rendered":"<p>Bezahlbar Wohnen \u2013 Solida\u00adrisch Arbeiten Wir entwi\u00adckeln im Solidara.net eine neue genos\u00adsen\u00adschaft\u00adliche Form des Wohnens und Arbeitens, die Kosten senkt, Freiheit schafft und Gemein\u00adschaft st\u00e4rkt. Statt starrer Mietwoh\u00adnungen entstehen in unserer Inves\u00adto\u00adren\u00adge\u00admein\u00adschaft auf gemein\u00adschaftlich finan\u00adzierten Grund\u00adst\u00fccken modulare Wohnein\u00adheiten, die indivi\u00adduell kombi\u00adnierbar sind. Jedes Mitglied unserer Genos\u00adsen\u00adschaft kann sich so seinen Wohn- und Arbeitsraum flexibel zusam\u00admen\u00adstellen [\u2026]<\/p>\n","protected":false},"author":1,"featured_media":4851,"menu_order":0,"template":"","format":"standard","meta":{"wp_typography_post_enhancements_disabled":false,"footnotes":""},"region":[],"tag_de":[],"thema":[],"ai_version":[],"class_list":["post-4911","info","type-info","status-publish","format-standard","has-post-thumbnail","hentry"],"blocksy_meta":[],"yoast_head":"<!-- This site is optimized with the Yoast SEO plugin v27.4 - https:\/\/yoast.com\/product\/yoast-seo-wordpress\/ -->\n<title>Bezahlbar Wohnen - Solidarisch Arbeiten - informatoo.com<\/title>\n<meta name=\"robots\" content=\"index, follow, max-snippet:-1, max-image-preview:large, max-video-preview:-1\" \/>\n<link rel=\"canonical\" href=\"https:\/\/informatoo.com\/en\/info\/bezahlbar-wohnen-solidarisch-arbeiten\/\" \/>\n<meta property=\"og:locale\" content=\"en_US\" \/>\n<meta property=\"og:locale:alternate\" content=\"de_DE\" \/>\n<meta property=\"og:type\" content=\"article\" \/>\n<meta property=\"og:title\" content=\"Bezahlbar Wohnen - Solidarisch Arbeiten - informatoo.com\" \/>\n<meta property=\"og:description\" content=\"Bezahlbar Wohnen \u2013 Solida\u00adrisch Arbeiten Wir entwi\u00adckeln im Solidara.net eine neue genos\u00adsen\u00adschaft\u00adliche Form des Wohnens und Arbeitens, die Kosten senkt, Freiheit schafft und Gemein\u00adschaft st\u00e4rkt. Statt starrer Mietwoh\u00adnungen entstehen in unserer Inves\u00adto\u00adren\u00adge\u00admein\u00adschaft auf gemein\u00adschaftlich finan\u00adzierten Grund\u00adst\u00fccken modulare Wohnein\u00adheiten, die indivi\u00adduell kombi\u00adnierbar sind. Jedes Mitglied unserer Genos\u00adsen\u00adschaft kann sich so seinen Wohn- und Arbeitsraum flexibel zusam\u00admen\u00adstellen [&hellip;]\" \/>\n<meta property=\"og:url\" content=\"https:\/\/informatoo.com\/en\/info\/bezahlbar-wohnen-solidarisch-arbeiten\/\" \/>\n<meta property=\"og:site_name\" content=\"informatoo.com\" \/>\n<meta property=\"article:modified_time\" content=\"2025-09-19T08:28:16+00:00\" \/>\n<meta property=\"og:image\" content=\"https:\/\/informatoo.com\/wp-content\/uploads\/2025\/09\/bezahlbar-wohnen-1-1024x585.png\" \/>\n\t<meta property=\"og:image:width\" content=\"1024\" \/>\n\t<meta property=\"og:image:height\" content=\"585\" \/>\n\t<meta property=\"og:image:type\" content=\"image\/png\" \/>\n<meta name=\"twitter:card\" content=\"summary_large_image\" \/>\n<meta name=\"twitter:label1\" content=\"Est. reading time\" \/>\n\t<meta name=\"twitter:data1\" content=\"3 minutes\" \/>\n<script type=\"application\/ld+json\" class=\"yoast-schema-graph\">{\"@context\":\"https:\\\/\\\/schema.org\",\"@graph\":[{\"@type\":\"WebPage\",\"@id\":\"https:\\\/\\\/informatoo.com\\\/info\\\/bezahlbar-wohnen-solidarisch-arbeiten\\\/\",\"url\":\"https:\\\/\\\/informatoo.com\\\/info\\\/bezahlbar-wohnen-solidarisch-arbeiten\\\/\",\"name\":\"Bezahlbar Wohnen - Solidarisch Arbeiten - informatoo.com\",\"isPartOf\":{\"@id\":\"https:\\\/\\\/informatoo.com\\\/#website\"},\"primaryImageOfPage\":{\"@id\":\"https:\\\/\\\/informatoo.com\\\/info\\\/bezahlbar-wohnen-solidarisch-arbeiten\\\/#primaryimage\"},\"image\":{\"@id\":\"https:\\\/\\\/informatoo.com\\\/info\\\/bezahlbar-wohnen-solidarisch-arbeiten\\\/#primaryimage\"},\"thumbnailUrl\":\"https:\\\/\\\/informatoo.com\\\/wp-content\\\/uploads\\\/2025\\\/09\\\/bezahlbar-wohnen-1.png\",\"datePublished\":\"2025-09-10T09:29:05+00:00\",\"dateModified\":\"2025-09-19T08:28:16+00:00\",\"breadcrumb\":{\"@id\":\"https:\\\/\\\/informatoo.com\\\/info\\\/bezahlbar-wohnen-solidarisch-arbeiten\\\/#breadcrumb\"},\"inLanguage\":\"en-US\",\"potentialAction\":[{\"@type\":\"ReadAction\",\"target\":[\"https:\\\/\\\/informatoo.com\\\/info\\\/bezahlbar-wohnen-solidarisch-arbeiten\\\/\"]}]},{\"@type\":\"ImageObject\",\"inLanguage\":\"en-US\",\"@id\":\"https:\\\/\\\/informatoo.com\\\/info\\\/bezahlbar-wohnen-solidarisch-arbeiten\\\/#primaryimage\",\"url\":\"https:\\\/\\\/informatoo.com\\\/wp-content\\\/uploads\\\/2025\\\/09\\\/bezahlbar-wohnen-1.png\",\"contentUrl\":\"https:\\\/\\\/informatoo.com\\\/wp-content\\\/uploads\\\/2025\\\/09\\\/bezahlbar-wohnen-1.png\",\"width\":1792,\"height\":1024,\"caption\":\"Solidarisch Wirtschaften\"},{\"@type\":\"BreadcrumbList\",\"@id\":\"https:\\\/\\\/informatoo.com\\\/info\\\/bezahlbar-wohnen-solidarisch-arbeiten\\\/#breadcrumb\",\"itemListElement\":[{\"@type\":\"ListItem\",\"position\":1,\"name\":\"Startseite\",\"item\":\"https:\\\/\\\/informatoo.com\\\/\"},{\"@type\":\"ListItem\",\"position\":2,\"name\":\"Beitr\u00e4ge (de-de)\",\"item\":\"https:\\\/\\\/informatoo.com\\\/info\\\/\"},{\"@type\":\"ListItem\",\"position\":3,\"name\":\"Bezahlbar Wohnen \u2014 Solida\u00adrisch Arbeiten\"}]},{\"@type\":\"WebSite\",\"@id\":\"https:\\\/\\\/informatoo.com\\\/#website\",\"url\":\"https:\\\/\\\/informatoo.com\\\/\",\"name\":\"informatoo.com\",\"description\":\"\",\"publisher\":{\"@id\":\"https:\\\/\\\/informatoo.com\\\/#organization\"},\"potentialAction\":[{\"@type\":\"SearchAction\",\"target\":{\"@type\":\"EntryPoint\",\"urlTemplate\":\"https:\\\/\\\/informatoo.com\\\/?s={search_term_string}\"},\"query-input\":{\"@type\":\"PropertyValueSpecification\",\"valueRequired\":true,\"valueName\":\"search_term_string\"}}],\"inLanguage\":\"en-US\"},{\"@type\":\"Organization\",\"@id\":\"https:\\\/\\\/informatoo.com\\\/#organization\",\"name\":\"informatoo.com\",\"url\":\"https:\\\/\\\/informatoo.com\\\/\",\"logo\":{\"@type\":\"ImageObject\",\"inLanguage\":\"en-US\",\"@id\":\"https:\\\/\\\/informatoo.com\\\/#\\\/schema\\\/logo\\\/image\\\/\",\"url\":\"https:\\\/\\\/informatoo.com\\\/wp-content\\\/uploads\\\/2024\\\/10\\\/logo.png\",\"contentUrl\":\"https:\\\/\\\/informatoo.com\\\/wp-content\\\/uploads\\\/2024\\\/10\\\/logo.png\",\"width\":32,\"height\":59,\"caption\":\"informatoo.com\"},\"image\":{\"@id\":\"https:\\\/\\\/informatoo.com\\\/#\\\/schema\\\/logo\\\/image\\\/\"}}]}<\/script>\n<!-- \/ Yoast SEO plugin. -->","yoast_head_json":{"title":"Bezahlbar Wohnen - Solidarisch Arbeiten - informatoo.com","robots":{"index":"index","follow":"follow","max-snippet":"max-snippet:-1","max-image-preview":"max-image-preview:large","max-video-preview":"max-video-preview:-1"},"canonical":"https:\/\/informatoo.com\/en\/info\/bezahlbar-wohnen-solidarisch-arbeiten\/","og_locale":"en_US","og_type":"article","og_title":"Bezahlbar Wohnen - Solidarisch Arbeiten - informatoo.com","og_description":"Bezahlbar Wohnen \u2013 Solida\u00adrisch Arbeiten Wir entwi\u00adckeln im Solidara.net eine neue genos\u00adsen\u00adschaft\u00adliche Form des Wohnens und Arbeitens, die Kosten senkt, Freiheit schafft und Gemein\u00adschaft st\u00e4rkt. Statt starrer Mietwoh\u00adnungen entstehen in unserer Inves\u00adto\u00adren\u00adge\u00admein\u00adschaft auf gemein\u00adschaftlich finan\u00adzierten Grund\u00adst\u00fccken modulare Wohnein\u00adheiten, die indivi\u00adduell kombi\u00adnierbar sind. Jedes Mitglied unserer Genos\u00adsen\u00adschaft kann sich so seinen Wohn- und Arbeitsraum flexibel zusam\u00admen\u00adstellen [&hellip;]","og_url":"https:\/\/informatoo.com\/en\/info\/bezahlbar-wohnen-solidarisch-arbeiten\/","og_site_name":"informatoo.com","article_modified_time":"2025-09-19T08:28:16+00:00","og_image":[{"width":1024,"height":585,"url":"https:\/\/informatoo.com\/wp-content\/uploads\/2025\/09\/bezahlbar-wohnen-1-1024x585.png","type":"image\/png"}],"twitter_card":"summary_large_image","twitter_misc":{"Est. reading time":"3 minutes"},"schema":{"@context":"https:\/\/schema.org","@graph":[{"@type":"WebPage","@id":"https:\/\/informatoo.com\/info\/bezahlbar-wohnen-solidarisch-arbeiten\/","url":"https:\/\/informatoo.com\/info\/bezahlbar-wohnen-solidarisch-arbeiten\/","name":"Bezahlbar Wohnen - Solidarisch Arbeiten - informatoo.com","isPartOf":{"@id":"https:\/\/informatoo.com\/#website"},"primaryImageOfPage":{"@id":"https:\/\/informatoo.com\/info\/bezahlbar-wohnen-solidarisch-arbeiten\/#primaryimage"},"image":{"@id":"https:\/\/informatoo.com\/info\/bezahlbar-wohnen-solidarisch-arbeiten\/#primaryimage"},"thumbnailUrl":"https:\/\/informatoo.com\/wp-content\/uploads\/2025\/09\/bezahlbar-wohnen-1.png","datePublished":"2025-09-10T09:29:05+00:00","dateModified":"2025-09-19T08:28:16+00:00","breadcrumb":{"@id":"https:\/\/informatoo.com\/info\/bezahlbar-wohnen-solidarisch-arbeiten\/#breadcrumb"},"inLanguage":"en-US","potentialAction":[{"@type":"ReadAction","target":["https:\/\/informatoo.com\/info\/bezahlbar-wohnen-solidarisch-arbeiten\/"]}]},{"@type":"ImageObject","inLanguage":"en-US","@id":"https:\/\/informatoo.com\/info\/bezahlbar-wohnen-solidarisch-arbeiten\/#primaryimage","url":"https:\/\/informatoo.com\/wp-content\/uploads\/2025\/09\/bezahlbar-wohnen-1.png","contentUrl":"https:\/\/informatoo.com\/wp-content\/uploads\/2025\/09\/bezahlbar-wohnen-1.png","width":1792,"height":1024,"caption":"Solidarisch Wirtschaften"},{"@type":"BreadcrumbList","@id":"https:\/\/informatoo.com\/info\/bezahlbar-wohnen-solidarisch-arbeiten\/#breadcrumb","itemListElement":[{"@type":"ListItem","position":1,"name":"Startseite","item":"https:\/\/informatoo.com\/"},{"@type":"ListItem","position":2,"name":"Beitr\u00e4ge (de-de)","item":"https:\/\/informatoo.com\/info\/"},{"@type":"ListItem","position":3,"name":"Bezahlbar Wohnen \u2014 Solida\u00adrisch Arbeiten"}]},{"@type":"WebSite","@id":"https:\/\/informatoo.com\/#website","url":"https:\/\/informatoo.com\/","name":"informatoo.com","description":"","publisher":{"@id":"https:\/\/informatoo.com\/#organization"},"potentialAction":[{"@type":"SearchAction","target":{"@type":"EntryPoint","urlTemplate":"https:\/\/informatoo.com\/?s={search_term_string}"},"query-input":{"@type":"PropertyValueSpecification","valueRequired":true,"valueName":"search_term_string"}}],"inLanguage":"en-US"},{"@type":"Organization","@id":"https:\/\/informatoo.com\/#organization","name":"informatoo.com","url":"https:\/\/informatoo.com\/","logo":{"@type":"ImageObject","inLanguage":"en-US","@id":"https:\/\/informatoo.com\/#\/schema\/logo\/image\/","url":"https:\/\/informatoo.com\/wp-content\/uploads\/2024\/10\/logo.png","contentUrl":"https:\/\/informatoo.com\/wp-content\/uploads\/2024\/10\/logo.png","width":32,"height":59,"caption":"informatoo.com"},"image":{"@id":"https:\/\/informatoo.com\/#\/schema\/logo\/image\/"}}]}},"_links":{"self":[{"href":"https:\/\/informatoo.com\/en\/wp-json\/wp\/v2\/info\/4911","targetHints":{"allow":["GET"]}}],"collection":[{"href":"https:\/\/informatoo.com\/en\/wp-json\/wp\/v2\/info"}],"about":[{"href":"https:\/\/informatoo.com\/en\/wp-json\/wp\/v2\/types\/info"}],"author":[{"embeddable":true,"href":"https:\/\/informatoo.com\/en\/wp-json\/wp\/v2\/users\/1"}],"version-history":[{"count":10,"href":"https:\/\/informatoo.com\/en\/wp-json\/wp\/v2\/info\/4911\/revisions"}],"predecessor-version":[{"id":5026,"href":"https:\/\/informatoo.com\/en\/wp-json\/wp\/v2\/info\/4911\/revisions\/5026"}],"wp:featuredmedia":[{"embeddable":true,"href":"https:\/\/informatoo.com\/en\/wp-json\/wp\/v2\/media\/4851"}],"wp:attachment":[{"href":"https:\/\/informatoo.com\/en\/wp-json\/wp\/v2\/media?parent=4911"}],"wp:term":[{"taxonomy":"region","embeddable":true,"href":"https:\/\/informatoo.com\/en\/wp-json\/wp\/v2\/region?post=4911"},{"taxonomy":"tag_de","embeddable":true,"href":"https:\/\/informatoo.com\/en\/wp-json\/wp\/v2\/tag_de?post=4911"},{"taxonomy":"thema","embeddable":true,"href":"https:\/\/informatoo.com\/en\/wp-json\/wp\/v2\/thema?post=4911"},{"taxonomy":"ai_version","embeddable":true,"href":"https:\/\/informatoo.com\/en\/wp-json\/wp\/v2\/ai_version?post=4911"}],"curies":[{"name":"wp","href":"https:\/\/api.w.org\/{rel}","templated":true}]}}